{"id":16248,"date":"2025-06-24T01:27:40","date_gmt":"2025-06-23T23:27:40","guid":{"rendered":"https:\/\/www.visitcentroamerica.com\/sala-prensa\/?page_id=16248"},"modified":"2025-06-25T03:23:41","modified_gmt":"2025-06-25T01:23:41","slug":"descargas","status":"publish","type":"page","link":"https:\/\/www.visitcentroamerica.com\/sala-prensa\/descargas\/","title":{"rendered":"Zona de descargas"},"content":{"rendered":"<div class=\"wpb-content-wrapper\"><div id=\"tdi_1\" class=\"tdc-zone\"><div class=\"tdc_zone tdi_2  wpb_row td-pb-row\"  >\n<style scoped>\n\/* custom css - generated by TagDiv Composer *\/\n\n\/* custom css - generated by TagDiv Composer *\/\n.tdi_2{\r\n                    min-height: 0;\r\n                }\n<\/style><div id=\"tdi_3\" class=\"tdc-row stretch_row\"><div class=\"vc_row tdi_4  wpb_row td-pb-row tdc-element-style\" >\n<style scoped>\n\/* custom css - generated by TagDiv Composer *\/\n\n\/* custom css - generated by TagDiv Composer *\/\n.tdi_4,\r\n                .tdi_4 .tdc-columns{\r\n                    min-height: 0;\r\n                }.tdi_4 > .td-element-style:after{\r\n                    content: '' !important;\r\n                    width: 100% !important;\r\n                    height: 100% !important;\r\n                    position: absolute !important;\r\n                    top: 0 !important;\r\n                    left: 0 !important;\r\n                    z-index: 0 !important;\r\n                    display: block !important;\r\n                    background-color: #f7f9fb !important;\r\n                }.tdi_4,\r\n\t\t\t\t.tdi_4 .tdc-columns{\r\n\t\t\t\t    display: block;\r\n\t\t\t\t}.tdi_4 .tdc-columns{\r\n\t\t\t\t    width: 100%;\r\n\t\t\t\t}.tdi_4:before,\r\n\t\t\t\t.tdi_4:after{\r\n\t\t\t\t    display: table;\r\n\t\t\t\t}\n\n\/* phone *\/\n@media (max-width: 767px){\n#tdi_3{\r\n\t\t\t\t    max-width: % !important;\r\n\t\t\t\t}\n}\n\/* inline tdc_css att - generated by TagDiv Composer *\/\n\n.tdi_4{\nmargin-bottom:30px !important;\npadding-top:40px !important;\npadding-bottom:15px !important;\n}\n\n.tdi_4 .td_block_wrap{ text-align:left }\n\n<\/style>\n<div class=\"tdi_3_rand_style td-element-style\" ><\/div><div class=\"vc_column tdi_6  wpb_column vc_column_container tdc-column td-pb-span12\">\n<style scoped>\n\/* custom css - generated by TagDiv Composer *\/\n\n\/* custom css - generated by TagDiv Composer *\/\n.tdi_6{\r\n                    vertical-align: baseline;\r\n                }.tdi_6 > .wpb_wrapper,\r\n\t\t\t\t.tdi_6 > .wpb_wrapper > .tdc-elements{\r\n\t\t\t\t    display: block;\r\n\t\t\t\t}.tdi_6 > .wpb_wrapper > .tdc-elements{\r\n\t\t\t\t    width: 100%;\r\n\t\t\t\t}.tdi_6 > .wpb_wrapper > .vc_row_inner{\r\n\t\t\t\t    width: auto;\r\n\t\t\t\t}.tdi_6 > .wpb_wrapper{\r\n\t\t\t\t    width: auto;\r\n\t\t\t\t    height: auto;\r\n\t\t\t\t}\n<\/style><div class=\"wpb_wrapper\" ><div class=\"td_block_wrap tdb_breadcrumbs tdi_7 td-pb-border-top td_block_template_1 tdb-breadcrumbs \"  data-td-block-uid=\"tdi_7\" >\n<style>\n\/* custom css - generated by TagDiv Composer *\/\n.tdb-breadcrumbs{\r\n                  margin-bottom: 11px;\r\n                  font-family: var(--td_default_google_font_1, 'Open Sans', 'Open Sans Regular', sans-serif);\r\n                  font-size: 12px;\r\n                  color: #747474;\r\n                  line-height: 18px;\r\n                }.tdb-breadcrumbs a{\r\n                  color: #747474;\r\n                }.tdb-breadcrumbs a:hover{\r\n                  color: #000;\r\n                }.tdb-breadcrumbs .tdb-bread-sep{\r\n                  line-height: 1;\r\n                  vertical-align: middle;\r\n                }.tdb-breadcrumbs .tdb-bread-sep-svg svg{\r\n                  height: auto;\r\n                }.tdb-breadcrumbs .tdb-bread-sep-svg svg,\r\n                .tdb-breadcrumbs .tdb-bread-sep-svg svg *{\r\n                  fill: #c3c3c3;\r\n                }.single-tdb_templates.author-template .tdb_breadcrumbs{\r\n                  margin-bottom: 2px;\r\n                }.tdb_category_breadcrumbs{\r\n                  margin: 21px 0 9px;\r\n                }.search-results .tdb_breadcrumbs{\r\n                  margin-bottom: 2px;\r\n                }.tdi_7 .tdb-bread-sep{\r\n                    font-size: 8px;\r\n                \r\n                    margin: 0 5px;\r\n                }.td-theme-wrap .tdi_7{\r\n\t\t\t\t\ttext-align: left;\r\n\t\t\t\t}\n<\/style><div class=\"tdb-block-inner td-fix-index\"><span><a title=\"\" class=\"tdb-entry-crumb\" href=\"https:\/\/www.visitcentroamerica.com\/sala-prensa\/\">Inicio<\/a><\/span><i class=\"tdb-bread-sep tdb-bred-no-url-last td-icon-right\"><\/i><span class=\"tdb-bred-no-url-last\">Sample Page<\/span><\/div><\/div><script type=\"application\/ld+json\">\r\n                        {\r\n                            \"@context\": \"https:\/\/schema.org\",\r\n                            \"@type\": \"BreadcrumbList\",\r\n                            \"itemListElement\": [{\r\n                            \"@type\": \"ListItem\",\r\n                            \"position\": 1,\r\n                                \"item\": {\r\n                                \"@type\": \"WebSite\",\r\n                                \"@id\": \"https:\/\/www.visitcentroamerica.com\/sala-prensa\/\",\r\n                                \"name\": \"Inicio\"                                               \r\n                            }\r\n                        },{\r\n                            \"@type\": \"ListItem\",\r\n                            \"position\": 2,\r\n                                \"item\": {\r\n                                \"@type\": \"WebPage\",\r\n                                \"@id\": \"\",\r\n                                \"name\": \"Sample Page\"\r\n                            }\r\n                        }    ]\r\n                        }\r\n                       <\/script><div class=\"td_block_wrap tdb_title tdi_8 tdb-page-title td-pb-border-top td_block_template_1\"  data-td-block-uid=\"tdi_8\" >\n<style>\n\/* custom css - generated by TagDiv Composer *\/\n.tdb_title{\r\n                  margin-bottom: 19px;\r\n                }.tdb_title.tdb-content-horiz-center{\r\n                  text-align: center;\r\n                }.tdb_title.tdb-content-horiz-center .tdb-title-line{\r\n                  margin: 0 auto;\r\n                }.tdb_title.tdb-content-horiz-right{\r\n                  text-align: right;\r\n                }.tdb_title.tdb-content-horiz-right .tdb-title-line{\r\n                  margin-left: auto;\r\n                  margin-right: 0;\r\n                }.tdb-title-text{\r\n                  display: inline-block;\r\n                  position: relative;\r\n                  margin: 0;\r\n                  word-wrap: break-word;\r\n                  font-size: 30px;\r\n                  line-height: 38px;\r\n                  font-weight: 700;\r\n                }.tdb-first-letter{\r\n                  position: absolute;\r\n                  -webkit-user-select: none;\r\n                  user-select: none;\r\n                  pointer-events: none;\r\n                  text-transform: uppercase;\r\n                  color: rgba(0, 0, 0, 0.08);\r\n                  font-size: 6em;\r\n                  font-weight: 300;\r\n                  top: 50%;\r\n                  -webkit-transform: translateY(-50%);\r\n                  transform: translateY(-50%);\r\n                  left: -0.36em;\r\n                  z-index: -1;\r\n                  -webkit-text-fill-color: initial;\r\n                }.tdb-title-line{\r\n                  display: none;\r\n                  position: relative;\r\n                }.tdb-title-line:after{\r\n                  content: '';\r\n                  width: 100%;\r\n                  position: absolute;\r\n                  background-color: var(--td_theme_color, #4db2ec);\r\n                  top: 0;\r\n                  left: 0;\r\n                  margin: auto;\r\n                }.tdi_8 .tdb-title-line:after{\r\n\t\t\t\t\theight: 2px;\r\n\t\t\t\t\r\n\t\t\t\t\tbottom: 40%;\r\n\t\t\t\t}.tdi_8 .tdb-title-line{\r\n\t\t\t\t\theight: 50px;\r\n\t\t\t\t}.td-theme-wrap .tdi_8{\r\n\t\t\t\t\ttext-align: left;\r\n\t\t\t\t}.tdi_8 .tdb-first-letter{\r\n\t\t\t\t\tleft: -0.36em;\r\n\t\t\t\t\tright: auto;\r\n\t\t\t\t}\n<\/style><div class=\"tdb-block-inner td-fix-index\"><h1 class=\"tdb-title-text\">Sample Page Title<\/h1><div><\/div><div class=\"tdb-title-line\"><\/div><\/div><\/div><\/div><\/div><\/div><\/div><div id=\"tdi_9\" class=\"tdc-row\"><div class=\"vc_row tdi_10  wpb_row td-pb-row\" >\n<style scoped>\n\/* custom css - generated by TagDiv Composer *\/\n\n\/* custom css - generated by TagDiv Composer *\/\n.tdi_10,\r\n                .tdi_10 .tdc-columns{\r\n                    min-height: 0;\r\n                }.tdi_10,\r\n\t\t\t\t.tdi_10 .tdc-columns{\r\n\t\t\t\t    display: block;\r\n\t\t\t\t}.tdi_10 .tdc-columns{\r\n\t\t\t\t    width: 100%;\r\n\t\t\t\t}.tdi_10:before,\r\n\t\t\t\t.tdi_10:after{\r\n\t\t\t\t    display: table;\r\n\t\t\t\t}\n\n\/* phone *\/\n@media (max-width: 767px){\n#tdi_9{\r\n\t\t\t\t    flex-grow: 1;\r\n\t\t\t\t}\n}\n\/* inline tdc_css att - generated by TagDiv Composer *\/\n\n.tdi_10{\nmargin-bottom:60px !important;\n}\n\n.tdi_10 .td_block_wrap{ text-align:left }\n\n<\/style><div class=\"vc_column tdi_12  wpb_column vc_column_container tdc-column td-pb-span12\">\n<style scoped>\n\/* custom css - generated by TagDiv Composer *\/\n\n\/* custom css - generated by TagDiv Composer *\/\n.tdi_12{\r\n                    vertical-align: baseline;\r\n                }.tdi_12 > .wpb_wrapper,\r\n\t\t\t\t.tdi_12 > .wpb_wrapper > .tdc-elements{\r\n\t\t\t\t    display: block;\r\n\t\t\t\t}.tdi_12 > .wpb_wrapper > .tdc-elements{\r\n\t\t\t\t    width: 100%;\r\n\t\t\t\t}.tdi_12 > .wpb_wrapper > .vc_row_inner{\r\n\t\t\t\t    width: auto;\r\n\t\t\t\t}.tdi_12 > .wpb_wrapper{\r\n\t\t\t\t    width: auto;\r\n\t\t\t\t    height: auto;\r\n\t\t\t\t}\n<\/style><div class=\"wpb_wrapper\" ><h2 class=\"td_block_wrap tdm_block_column_title_simplified_2 tdi_13 td-pb-border-top td_block_template_1\"  data-td-block-uid=\"tdi_13\" >\n<style>\n\n\/* inline tdc_css att - generated by TagDiv Composer *\/\n\n.tdi_13{\nmargin-bottom:30px !important;\n}\n\n<\/style>\n<style>\n\/* custom css - generated by TagDiv Composer *\/\n.tdm_block_column_title_simplified_2{\r\n                    display: flex;\r\n\t\t\t\t\tflex-direction: column;\r\n\t\t\t\t\tmargin: 0;\r\n\t\t\t\t\ttransform: translateZ(0);\r\n\t\t\t\t\tfont-size: 28px;\r\n                    line-height: 1.3;\r\n                    font-weight: 400;\r\n                    color: #111;\r\n\t\t\t\t}.tdm_block_column_title_simplified_2 > .td-element-style{\r\n\t\t\t\t\tz-index: -1;\r\n\t\t\t\t}.tdm_block_column_title_simplified_2 .tdm-title-s-text{\r\n                    text-align: left;\r\n\t\t\t\t}.tdi_13{\r\n\t\t\t\t\tfont-weight:700 !important;\r\n\t\t\t\t}.tdi_13:after{\r\n\t\t\t\t    content: '';\r\n\t\t\t\t\torder: 2;\r\n\t\t\t\t\tposition: relative;\r\n\t\t\t\t\tdisplay: block;\r\n\t\t\t\t\tmargin: 14px auto 0 0;\r\n\t\t\t\t\twidth: 100%;\r\n\t\t\t\t\theight: 1px;\r\n\t\t\t\t\tbackground-color: var(--td_theme_color, #4db2ec);\r\n\t\t\t\t\ttransition: all 0.2s ease;\r\n\t\t\t\t\r\n\t\t\t\t\tmargin-top: 10px; margin-bottom: 0;\r\n\t\t\t\t}\n<\/style><span class=\"tdm-title-s-text\">Cat\u00e1logos Multidestino<\/span><\/h2><div class=\"vc_row_inner tdi_15  vc_row vc_inner wpb_row td-pb-row\" >\n<style scoped>\n\/* custom css - generated by TagDiv Composer *\/\n\n\/* custom css - generated by TagDiv Composer *\/\n.tdi_15{\r\n                    position: relative !important;\r\n                    top: 0;\r\n                    transform: none;\r\n                    -webkit-transform: none;\r\n                }.tdi_15,\r\n\t\t\t\t.tdi_15 .tdc-inner-columns{\r\n\t\t\t\t    display: block;\r\n\t\t\t\t}.tdi_15 .tdc-inner-columns{\r\n\t\t\t\t    width: 100%;\r\n\t\t\t\t}\n<\/style><div class=\"vc_column_inner tdi_17  wpb_column vc_column_container tdc-inner-column td-pb-span4\">\n<style scoped>\n\/* custom css - generated by TagDiv Composer *\/\n\n\/* custom css - generated by TagDiv Composer *\/\n.tdi_17{\r\n                    vertical-align: baseline;\r\n                }.tdi_17 .vc_column-inner > .wpb_wrapper,\r\n\t\t\t\t.tdi_17 .vc_column-inner > .wpb_wrapper .tdc-elements{\r\n\t\t\t\t    display: block;\r\n\t\t\t\t}.tdi_17 .vc_column-inner > .wpb_wrapper .tdc-elements{\r\n\t\t\t\t    width: 100%;\r\n\t\t\t\t}\n<\/style><div class=\"vc_column-inner\"><div class=\"wpb_wrapper\" ><a class=\"td_block_wrap tdm_block_inline_image_simplified tdi_18 td-animation-stack td-pb-border-top td_block_template_1\"  data-td-block-uid=\"tdi_18\" href=\"https:\/\/www.visitcentroamerica.com\/sala-prensa\/wp-content\/uploads\/2022\/06\/Catalogo%20Ofertas%20Multidestino%20-%20CATA%202022.pdf\" target=\"_blank\" rel=\"nofollow\">\n<style>\n\n\/* inline tdc_css att - generated by TagDiv Composer *\/\n\n.tdi_18{\nmargin-bottom:15px !important;\n}\n\n<\/style>\n<style>\n\/* custom css - generated by TagDiv Composer *\/\n.tdm_block_inline_image_simplified{\r\n                    display: inline-flex;\r\n                    flex-direction: column;\r\n                    align-items: flex-start;\r\n                    position: relative;\r\n                    margin-bottom: 0;\r\n                }.tdm_block_inline_image_simplified > .td-element-style{\r\n                    z-index: -1;\r\n                }.tdm_block_inline_image_simplified .tdm-ii-wrap{\r\n                    position: relative;\r\n                    max-width: 100%;\r\n                }.tdm_block_inline_image_simplified .tdm-ii-wrap:before,\r\n                .tdm_block_inline_image_simplified .tdm-ii-wrap:after{\r\n                    position: absolute;\r\n                    top: 0;\r\n                    left: 0;\r\n                    width: 100%;\r\n                    height: 100%;\r\n                    transition: opacity 1s ease;\r\n                    z-index: 1;\r\n                }.tdm_block_inline_image_simplified img{\r\n                    display: block;\r\n                    width: 100%;\r\n                    border: 0 solid #000;\r\n                    transition: all 1s ease;\r\n                }.tdi_18 img{\r\n\t\t\t\t    border-width: 2px;\r\n\t\t\t\t\r\n\t\t\t\t    border-color: #ffffff;\r\n\t\t\t\t\r\n\t\t\t\t    box-shadow:  0px 3px 10px 2px rgba(0,0,0,0.2);\r\n\t\t\t\t}\n<\/style><div class=\"tdm-ii-wrap \"><img loading=\"lazy\" decoding=\"async\" class=\"td-lazy-img\" src=\"https:\/\/www.visitcentroamerica.com\/sala-prensa\/wp-content\/uploads\/2022\/06\/Catalogo-ofertas-multidestino-2022.jpg\" data-type=\"image_tag\" data-img-url=\"https:\/\/www.visitcentroamerica.com\/sala-prensa\/wp-content\/uploads\/2022\/06\/Catalogo-ofertas-multidestino-2022.jpg\" alt=\"Cat\u00e1logo ofertas multidestino 2022\" width=\"370\" height=\"250\" \/><\/div><\/a><div class=\"td_block_wrap td_block_text_with_title tdi_19 tagdiv-type td-pb-border-top td_block_template_1\"  data-td-block-uid=\"tdi_19\" >\n<style>\n\/* custom css - generated by TagDiv Composer *\/\n.td_block_text_with_title{\r\n                  margin-bottom: 44px;\r\n                  -webkit-transform: translateZ(0);\r\n                  transform: translateZ(0);\r\n                }.td_block_text_with_title p:last-child{\r\n                  margin-bottom: 0;\r\n                }\n<\/style><div class=\"td-block-title-wrap\"><\/div><div class=\"td_mod_wrap td-fix-index\"><p>Cat\u00e1logo de Ofertas Multidestino de Centroam\u00e9rica 2022<\/p>\n<\/div><\/div><\/div><\/div><\/div><div class=\"vc_column_inner tdi_21  wpb_column vc_column_container tdc-inner-column td-pb-span4\">\n<style scoped>\n\/* custom css - generated by TagDiv Composer *\/\n\n\/* custom css - generated by TagDiv Composer *\/\n.tdi_21{\r\n                    vertical-align: baseline;\r\n                }.tdi_21 .vc_column-inner > .wpb_wrapper,\r\n\t\t\t\t.tdi_21 .vc_column-inner > .wpb_wrapper .tdc-elements{\r\n\t\t\t\t    display: block;\r\n\t\t\t\t}.tdi_21 .vc_column-inner > .wpb_wrapper .tdc-elements{\r\n\t\t\t\t    width: 100%;\r\n\t\t\t\t}\n<\/style><div class=\"vc_column-inner\"><div class=\"wpb_wrapper\" ><a class=\"td_block_wrap tdm_block_inline_image_simplified tdi_22 td-animation-stack td-pb-border-top td_block_template_1\"  data-td-block-uid=\"tdi_22\" href=\"https:\/\/www.visitcentroamerica.com\/sala-prensa\/wp-content\/uploads\/2020\/06\/catalogo-multidestino-es.pdf\" target=\"_blank\" rel=\"nofollow\">\n<style>\n\n\/* inline tdc_css att - generated by TagDiv Composer *\/\n\n.tdi_22{\nmargin-bottom:15px !important;\n}\n\n<\/style>\n<style>\n\/* custom css - generated by TagDiv Composer *\/\n.tdi_22 img{\r\n\t\t\t\t    border-width: 2px;\r\n\t\t\t\t\r\n\t\t\t\t    border-color: #ffffff;\r\n\t\t\t\t\r\n\t\t\t\t    box-shadow:  0px 3px 10px 2px rgba(0,0,0,0.19);\r\n\t\t\t\t}\n<\/style><div class=\"tdm-ii-wrap \"><img loading=\"lazy\" decoding=\"async\" class=\"td-lazy-img\" src=\"https:\/\/www.visitcentroamerica.com\/sala-prensa\/wp-content\/uploads\/2020\/06\/catalogo-multidestino-cata.jpg\" data-type=\"image_tag\" data-img-url=\"https:\/\/www.visitcentroamerica.com\/sala-prensa\/wp-content\/uploads\/2020\/06\/catalogo-multidestino-cata.jpg\" alt=\"CATA - Oferta tur\u00edstica - Centroam\u00e9rica\" width=\"370\" height=\"250\" \/><\/div><\/a><div class=\"td_block_wrap td_block_text_with_title tdi_23 tagdiv-type td-pb-border-top td_block_template_1\"  data-td-block-uid=\"tdi_23\" ><div class=\"td-block-title-wrap\"><\/div><div class=\"td_mod_wrap td-fix-index\"><p>Cat\u00e1logo de Ofertas Multidestino de Centroam\u00e9rica 2019<\/p>\n<\/div><\/div><\/div><\/div><\/div><div class=\"vc_column_inner tdi_25  wpb_column vc_column_container tdc-inner-column tdc-restr-display-none td-pb-span4\">\n<style scoped>\n\/* custom css - generated by TagDiv Composer *\/\n\n\/* custom css - generated by TagDiv Composer *\/\n.tdi_25{\r\n                    vertical-align: baseline;\r\n                }.tdi_25 .vc_column-inner > .wpb_wrapper,\r\n\t\t\t\t.tdi_25 .vc_column-inner > .wpb_wrapper .tdc-elements{\r\n\t\t\t\t    display: block;\r\n\t\t\t\t}.tdi_25 .vc_column-inner > .wpb_wrapper .tdc-elements{\r\n\t\t\t\t    width: 100%;\r\n\t\t\t\t}\n<\/style><div class=\"vc_column-inner\"><div class=\"wpb_wrapper\" ><\/div><\/div><\/div><\/div><\/div><\/div><\/div><\/div><div id=\"tdi_26\" class=\"tdc-row\"><div class=\"vc_row tdi_27  wpb_row td-pb-row\" >\n<style scoped>\n\/* custom css - generated by TagDiv Composer *\/\n\n\/* custom css - generated by TagDiv Composer *\/\n.tdi_27,\r\n                .tdi_27 .tdc-columns{\r\n                    min-height: 0;\r\n                }.tdi_27,\r\n\t\t\t\t.tdi_27 .tdc-columns{\r\n\t\t\t\t    display: block;\r\n\t\t\t\t}.tdi_27 .tdc-columns{\r\n\t\t\t\t    width: 100%;\r\n\t\t\t\t}.tdi_27:before,\r\n\t\t\t\t.tdi_27:after{\r\n\t\t\t\t    display: table;\r\n\t\t\t\t}\n\n\/* phone *\/\n@media (max-width: 767px){\n#tdi_26{\r\n\t\t\t\t    flex-grow: 1;\r\n\t\t\t\t}\n}\n\/* inline tdc_css att - generated by TagDiv Composer *\/\n\n.tdi_27{\nmargin-bottom:60px !important;\n}\n\n.tdi_27 .td_block_wrap{ text-align:left }\n\n<\/style><div class=\"vc_column tdi_29  wpb_column vc_column_container tdc-column td-pb-span12\">\n<style scoped>\n\/* custom css - generated by TagDiv Composer *\/\n\n\/* custom css - generated by TagDiv Composer *\/\n.tdi_29{\r\n                    vertical-align: baseline;\r\n                }.tdi_29 > .wpb_wrapper,\r\n\t\t\t\t.tdi_29 > .wpb_wrapper > .tdc-elements{\r\n\t\t\t\t    display: block;\r\n\t\t\t\t}.tdi_29 > .wpb_wrapper > .tdc-elements{\r\n\t\t\t\t    width: 100%;\r\n\t\t\t\t}.tdi_29 > .wpb_wrapper > .vc_row_inner{\r\n\t\t\t\t    width: auto;\r\n\t\t\t\t}.tdi_29 > .wpb_wrapper{\r\n\t\t\t\t    width: auto;\r\n\t\t\t\t    height: auto;\r\n\t\t\t\t}\n<\/style><div class=\"wpb_wrapper\" ><h2 class=\"td_block_wrap tdm_block_column_title_simplified_2 tdi_30 td-pb-border-top td_block_template_1\"  data-td-block-uid=\"tdi_30\" >\n<style>\n\n\/* inline tdc_css att - generated by TagDiv Composer *\/\n\n.tdi_30{\nmargin-bottom:30px !important;\n}\n\n<\/style>\n<style>\n\/* custom css - generated by TagDiv Composer *\/\n.tdi_30{\r\n\t\t\t\t\tfont-weight:700 !important;\r\n\t\t\t\t}.tdi_30:after{\r\n\t\t\t\t    content: '';\r\n\t\t\t\t\torder: 2;\r\n\t\t\t\t\tposition: relative;\r\n\t\t\t\t\tdisplay: block;\r\n\t\t\t\t\tmargin: 14px auto 0 0;\r\n\t\t\t\t\twidth: 100%;\r\n\t\t\t\t\theight: 1px;\r\n\t\t\t\t\tbackground-color: var(--td_theme_color, #4db2ec);\r\n\t\t\t\t\ttransition: all 0.2s ease;\r\n\t\t\t\t\r\n\t\t\t\t\tmargin-top: 10px; margin-bottom: 0;\r\n\t\t\t\t}\n<\/style><span class=\"tdm-title-s-text\">CATA Institucional<\/span><\/h2><div class=\"vc_row_inner tdi_32  vc_row vc_inner wpb_row td-pb-row\" >\n<style scoped>\n\/* custom css - generated by TagDiv Composer *\/\n\n\/* custom css - generated by TagDiv Composer *\/\n.tdi_32{\r\n                    position: relative !important;\r\n                    top: 0;\r\n                    transform: none;\r\n                    -webkit-transform: none;\r\n                }.tdi_32,\r\n\t\t\t\t.tdi_32 .tdc-inner-columns{\r\n\t\t\t\t    display: block;\r\n\t\t\t\t}.tdi_32 .tdc-inner-columns{\r\n\t\t\t\t    width: 100%;\r\n\t\t\t\t}\n<\/style><div class=\"vc_column_inner tdi_34  wpb_column vc_column_container tdc-inner-column td-pb-span4\">\n<style scoped>\n\/* custom css - generated by TagDiv Composer *\/\n\n\/* custom css - generated by TagDiv Composer *\/\n.tdi_34{\r\n                    vertical-align: baseline;\r\n                }.tdi_34 .vc_column-inner > .wpb_wrapper,\r\n\t\t\t\t.tdi_34 .vc_column-inner > .wpb_wrapper .tdc-elements{\r\n\t\t\t\t    display: block;\r\n\t\t\t\t}.tdi_34 .vc_column-inner > .wpb_wrapper .tdc-elements{\r\n\t\t\t\t    width: 100%;\r\n\t\t\t\t}\n<\/style><div class=\"vc_column-inner\"><div class=\"wpb_wrapper\" ><a class=\"td_block_wrap tdm_block_inline_image_simplified tdi_35 td-animation-stack td-pb-border-top td_block_template_1\"  data-td-block-uid=\"tdi_35\" href=\"https:\/\/www.visitcentroamerica.com\/sala-prensa\/wp-content\/uploads\/manual-identidad-corporativa-manual-uso-marca-centroamerica.pdf\" target=\"_blank\" rel=\"nofollow\">\n<style>\n\n\/* inline tdc_css att - generated by TagDiv Composer *\/\n\n.tdi_35{\nmargin-bottom:15px !important;\n}\n\n<\/style>\n<style>\n\/* custom css - generated by TagDiv Composer *\/\n.tdi_35 img{\r\n\t\t\t\t    border-width: 2px;\r\n\t\t\t\t\r\n\t\t\t\t    border-color: #ffffff;\r\n\t\t\t\t\r\n\t\t\t\t    box-shadow:  0px 3px 10px 2px rgba(0,0,0,0.2);\r\n\t\t\t\t}\n<\/style><div class=\"tdm-ii-wrap \"><img loading=\"lazy\" decoding=\"async\" class=\"td-lazy-img\" src=\"https:\/\/www.visitcentroamerica.com\/sala-prensa\/wp-content\/uploads\/2020\/06\/manual-marca-centroamerica.jpg\" data-type=\"image_tag\" data-img-url=\"https:\/\/www.visitcentroamerica.com\/sala-prensa\/wp-content\/uploads\/2020\/06\/manual-marca-centroamerica.jpg\" alt=\"Manual de Marca Centroam\u00e9rica\" width=\"370\" height=\"250\" \/><\/div><\/a><div class=\"td_block_wrap td_block_text_with_title tdi_36 tagdiv-type td-pb-border-top td_block_template_1\"  data-td-block-uid=\"tdi_36\" ><div class=\"td-block-title-wrap\"><\/div><div class=\"td_mod_wrap td-fix-index\"><p>Manual de Uso de la Marca Centroam\u00e9rica<\/p>\n<\/div><\/div><\/div><\/div><\/div><div class=\"vc_column_inner tdi_38  wpb_column vc_column_container tdc-inner-column td-pb-span4\">\n<style scoped>\n\/* custom css - generated by TagDiv Composer *\/\n\n\/* custom css - generated by TagDiv Composer *\/\n.tdi_38{\r\n                    vertical-align: baseline;\r\n                }.tdi_38 .vc_column-inner > .wpb_wrapper,\r\n\t\t\t\t.tdi_38 .vc_column-inner > .wpb_wrapper .tdc-elements{\r\n\t\t\t\t    display: block;\r\n\t\t\t\t}.tdi_38 .vc_column-inner > .wpb_wrapper .tdc-elements{\r\n\t\t\t\t    width: 100%;\r\n\t\t\t\t}\n<\/style><div class=\"vc_column-inner\"><div class=\"wpb_wrapper\" ><a class=\"td_block_wrap tdm_block_inline_image_simplified tdi_39 td-animation-stack td-pb-border-top td_block_template_1\"  data-td-block-uid=\"tdi_39\" href=\"https:\/\/www.visitcentroamerica.com\/sala-prensa\/wp-content\/uploads\/2020\/06\/Estatutos-de-CATA.pdf\" target=\"_blank\" rel=\"nofollow\">\n<style>\n\n\/* inline tdc_css att - generated by TagDiv Composer *\/\n\n.tdi_39{\nmargin-bottom:15px !important;\n}\n\n<\/style>\n<style>\n\/* custom css - generated by TagDiv Composer *\/\n.tdi_39 img{\r\n\t\t\t\t    border-width: 2px;\r\n\t\t\t\t\r\n\t\t\t\t    border-color: #ffffff;\r\n\t\t\t\t\r\n\t\t\t\t    box-shadow:  0px 3px 10px 2px rgba(0,0,0,0.19);\r\n\t\t\t\t}\n<\/style><div class=\"tdm-ii-wrap \"><img loading=\"lazy\" decoding=\"async\" class=\"td-lazy-img\" src=\"https:\/\/www.visitcentroamerica.com\/sala-prensa\/wp-content\/uploads\/2020\/06\/estatutos-cata.jpg\" data-type=\"image_tag\" data-img-url=\"https:\/\/www.visitcentroamerica.com\/sala-prensa\/wp-content\/uploads\/2020\/06\/estatutos-cata.jpg\" alt=\"Estatutos CATA\" width=\"370\" height=\"250\" \/><\/div><\/a><div class=\"td_block_wrap td_block_text_with_title tdi_40 tagdiv-type td-pb-border-top td_block_template_1\"  data-td-block-uid=\"tdi_40\" ><div class=\"td-block-title-wrap\"><\/div><div class=\"td_mod_wrap td-fix-index\"><p>Estatutos de la Agencia de Promoci\u00f3n Tur\u00edstica de Centroam\u00e9rica (CATA)<\/p>\n<\/div><\/div><\/div><\/div><\/div><div class=\"vc_column_inner tdi_42  wpb_column vc_column_container tdc-inner-column td-pb-span4\">\n<style scoped>\n\/* custom css - generated by TagDiv Composer *\/\n\n\/* custom css - generated by TagDiv Composer *\/\n.tdi_42{\r\n                    vertical-align: baseline;\r\n                }.tdi_42 .vc_column-inner > .wpb_wrapper,\r\n\t\t\t\t.tdi_42 .vc_column-inner > .wpb_wrapper .tdc-elements{\r\n\t\t\t\t    display: block;\r\n\t\t\t\t}.tdi_42 .vc_column-inner > .wpb_wrapper .tdc-elements{\r\n\t\t\t\t    width: 100%;\r\n\t\t\t\t}\n<\/style><div class=\"vc_column-inner\"><div class=\"wpb_wrapper\" ><a class=\"td_block_wrap tdm_block_inline_image_simplified tdi_43 td-animation-stack td-pb-border-top td_block_template_1\"  data-td-block-uid=\"tdi_43\" href=\"https:\/\/www.visitcentroamerica.com\/sala-prensa\/wp-content\/uploads\/2020\/06\/informe-labores-CATA-2015.pdf\" target=\"_blank\" rel=\"nofollow\">\n<style>\n\n\/* inline tdc_css att - generated by TagDiv Composer *\/\n\n.tdi_43{\nmargin-bottom:15px !important;\n}\n\n<\/style>\n<style>\n\/* custom css - generated by TagDiv Composer *\/\n.tdi_43 img{\r\n\t\t\t\t    border-width: 2px;\r\n\t\t\t\t\r\n\t\t\t\t    border-color: #ffffff;\r\n\t\t\t\t\r\n\t\t\t\t    box-shadow:  0px 3px 10px 2px rgba(0,0,0,0.19);\r\n\t\t\t\t}\n<\/style><div class=\"tdm-ii-wrap \"><img loading=\"lazy\" decoding=\"async\" class=\"td-lazy-img\" src=\"https:\/\/www.visitcentroamerica.com\/sala-prensa\/wp-content\/uploads\/2020\/06\/informe-cata-2015.jpg\" data-type=\"image_tag\" data-img-url=\"https:\/\/www.visitcentroamerica.com\/sala-prensa\/wp-content\/uploads\/2020\/06\/informe-cata-2015.jpg\" alt=\"CATA - Memoria labores - Centroam\u00e9rica\" width=\"370\" height=\"250\" \/><\/div><\/a><div class=\"td_block_wrap td_block_text_with_title tdi_44 tagdiv-type td-pb-border-top td_block_template_1\"  data-td-block-uid=\"tdi_44\" ><div class=\"td-block-title-wrap\"><\/div><div class=\"td_mod_wrap td-fix-index\"><p>Informe de Labores de CATA 2015<\/p>\n<\/div><\/div><\/div><\/div><\/div><\/div><div class=\"vc_row_inner tdi_46  vc_row vc_inner wpb_row td-pb-row\" >\n<style scoped>\n\/* custom css - generated by TagDiv Composer *\/\n\n\/* custom css - generated by TagDiv Composer *\/\n.tdi_46{\r\n                    position: relative !important;\r\n                    top: 0;\r\n                    transform: none;\r\n                    -webkit-transform: none;\r\n                }.tdi_46,\r\n\t\t\t\t.tdi_46 .tdc-inner-columns{\r\n\t\t\t\t    display: block;\r\n\t\t\t\t}.tdi_46 .tdc-inner-columns{\r\n\t\t\t\t    width: 100%;\r\n\t\t\t\t}\n<\/style><div class=\"vc_column_inner tdi_48  wpb_column vc_column_container tdc-inner-column td-pb-span4\">\n<style scoped>\n\/* custom css - generated by TagDiv Composer *\/\n\n\/* custom css - generated by TagDiv Composer *\/\n.tdi_48{\r\n                    vertical-align: baseline;\r\n                }.tdi_48 .vc_column-inner > .wpb_wrapper,\r\n\t\t\t\t.tdi_48 .vc_column-inner > .wpb_wrapper .tdc-elements{\r\n\t\t\t\t    display: block;\r\n\t\t\t\t}.tdi_48 .vc_column-inner > .wpb_wrapper .tdc-elements{\r\n\t\t\t\t    width: 100%;\r\n\t\t\t\t}\n<\/style><div class=\"vc_column-inner\"><div class=\"wpb_wrapper\" ><a class=\"td_block_wrap tdm_block_inline_image_simplified tdi_49 td-animation-stack td-pb-border-top td_block_template_1\"  data-td-block-uid=\"tdi_49\" href=\"https:\/\/www.visitcentroamerica.com\/sala-prensa\/wp-content\/uploads\/2020\/06\/Memoria-Labores-2016.pdf\" target=\"_blank\" rel=\"nofollow\">\n<style>\n\n\/* inline tdc_css att - generated by TagDiv Composer *\/\n\n.tdi_49{\nmargin-bottom:15px !important;\n}\n\n<\/style>\n<style>\n\/* custom css - generated by TagDiv Composer *\/\n.tdi_49 img{\r\n\t\t\t\t    border-width: 2px;\r\n\t\t\t\t\r\n\t\t\t\t    border-color: #ffffff;\r\n\t\t\t\t\r\n\t\t\t\t    box-shadow:  0px 3px 10px 2px rgba(0,0,0,0.2);\r\n\t\t\t\t}\n<\/style><div class=\"tdm-ii-wrap \"><img loading=\"lazy\" decoding=\"async\" class=\"td-lazy-img\" src=\"https:\/\/www.visitcentroamerica.com\/sala-prensa\/wp-content\/uploads\/2020\/06\/memoria-labores-2016.jpg\" data-type=\"image_tag\" data-img-url=\"https:\/\/www.visitcentroamerica.com\/sala-prensa\/wp-content\/uploads\/2020\/06\/memoria-labores-2016.jpg\" alt=\"CATA - Memoria labores - Centroam\u00e9rica\" width=\"370\" height=\"250\" \/><\/div><\/a><div class=\"td_block_wrap td_block_text_with_title tdi_50 tagdiv-type td-pb-border-top td_block_template_1\"  data-td-block-uid=\"tdi_50\" ><div class=\"td-block-title-wrap\"><\/div><div class=\"td_mod_wrap td-fix-index\"><p>Memoria de Labores CATA 2016<\/p>\n<\/div><\/div><\/div><\/div><\/div><div class=\"vc_column_inner tdi_52  wpb_column vc_column_container tdc-inner-column td-pb-span4\">\n<style scoped>\n\/* custom css - generated by TagDiv Composer *\/\n\n\/* custom css - generated by TagDiv Composer *\/\n.tdi_52{\r\n                    vertical-align: baseline;\r\n                }.tdi_52 .vc_column-inner > .wpb_wrapper,\r\n\t\t\t\t.tdi_52 .vc_column-inner > .wpb_wrapper .tdc-elements{\r\n\t\t\t\t    display: block;\r\n\t\t\t\t}.tdi_52 .vc_column-inner > .wpb_wrapper .tdc-elements{\r\n\t\t\t\t    width: 100%;\r\n\t\t\t\t}\n<\/style><div class=\"vc_column-inner\"><div class=\"wpb_wrapper\" ><a class=\"td_block_wrap tdm_block_inline_image_simplified tdi_53 td-animation-stack td-pb-border-top td_block_template_1\"  data-td-block-uid=\"tdi_53\" href=\"https:\/\/www.visitcentroamerica.com\/sala-prensa\/wp-content\/uploads\/2020\/06\/Memoria-Labores-2017-CATA.pdf\" target=\"_blank\" rel=\"nofollow\">\n<style>\n\n\/* inline tdc_css att - generated by TagDiv Composer *\/\n\n.tdi_53{\nmargin-bottom:15px !important;\n}\n\n<\/style>\n<style>\n\/* custom css - generated by TagDiv Composer *\/\n.tdi_53 img{\r\n\t\t\t\t    border-width: 2px;\r\n\t\t\t\t\r\n\t\t\t\t    border-color: #ffffff;\r\n\t\t\t\t\r\n\t\t\t\t    box-shadow:  0px 3px 10px 2px rgba(0,0,0,0.19);\r\n\t\t\t\t}\n<\/style><div class=\"tdm-ii-wrap \"><img loading=\"lazy\" decoding=\"async\" class=\"td-lazy-img\" src=\"https:\/\/www.visitcentroamerica.com\/sala-prensa\/wp-content\/uploads\/2020\/06\/memoria-labores-2017.jpg\" data-type=\"image_tag\" data-img-url=\"https:\/\/www.visitcentroamerica.com\/sala-prensa\/wp-content\/uploads\/2020\/06\/memoria-labores-2017.jpg\" alt=\"CATA - Memoria labores - Centroam\u00e9rica\" width=\"370\" height=\"250\" \/><\/div><\/a><div class=\"td_block_wrap td_block_text_with_title tdi_54 tagdiv-type td-pb-border-top td_block_template_1\"  data-td-block-uid=\"tdi_54\" ><div class=\"td-block-title-wrap\"><\/div><div class=\"td_mod_wrap td-fix-index\"><p>Memoria de Labores CATA 2017<\/p>\n<\/div><\/div><\/div><\/div><\/div><div class=\"vc_column_inner tdi_56  wpb_column vc_column_container tdc-inner-column td-pb-span4\">\n<style scoped>\n\/* custom css - generated by TagDiv Composer *\/\n\n\/* custom css - generated by TagDiv Composer *\/\n.tdi_56{\r\n                    vertical-align: baseline;\r\n                }.tdi_56 .vc_column-inner > .wpb_wrapper,\r\n\t\t\t\t.tdi_56 .vc_column-inner > .wpb_wrapper .tdc-elements{\r\n\t\t\t\t    display: block;\r\n\t\t\t\t}.tdi_56 .vc_column-inner > .wpb_wrapper .tdc-elements{\r\n\t\t\t\t    width: 100%;\r\n\t\t\t\t}\n<\/style><div class=\"vc_column-inner\"><div class=\"wpb_wrapper\" ><a class=\"td_block_wrap tdm_block_inline_image_simplified tdi_57 td-animation-stack td-pb-border-top td_block_template_1\"  data-td-block-uid=\"tdi_57\" href=\"https:\/\/www.visitcentroamerica.com\/sala-prensa\/wp-content\/uploads\/2020\/06\/CATA-News-Edicion-7-email.pdf\" target=\"_blank\" rel=\"nofollow\">\n<style>\n\n\/* inline tdc_css att - generated by TagDiv Composer *\/\n\n.tdi_57{\nmargin-bottom:15px !important;\n}\n\n<\/style>\n<style>\n\/* custom css - generated by TagDiv Composer *\/\n.tdi_57 img{\r\n\t\t\t\t    border-width: 2px;\r\n\t\t\t\t\r\n\t\t\t\t    border-color: #ffffff;\r\n\t\t\t\t\r\n\t\t\t\t    box-shadow:  0px 3px 10px 2px rgba(0,0,0,0.19);\r\n\t\t\t\t}\n<\/style><div class=\"tdm-ii-wrap \"><img loading=\"lazy\" decoding=\"async\" class=\"td-lazy-img\" src=\"https:\/\/www.visitcentroamerica.com\/sala-prensa\/wp-content\/uploads\/2020\/06\/cata-innovation-talk.jpg\" data-type=\"image_tag\" data-img-url=\"https:\/\/www.visitcentroamerica.com\/sala-prensa\/wp-content\/uploads\/2020\/06\/cata-innovation-talk.jpg\" alt=\"CATA - Innovaci\u00f3n - Turismo - Centroam\u00e9rica\" width=\"370\" height=\"250\" \/><\/div><\/a><div class=\"td_block_wrap td_block_text_with_title tdi_58 tagdiv-type td-pb-border-top td_block_template_1\"  data-td-block-uid=\"tdi_58\" ><div class=\"td-block-title-wrap\"><\/div><div class=\"td_mod_wrap td-fix-index\"><p>CATA NEWS \u2022 Edici\u00f3n 7 \u2022 2019<\/p>\n<\/div><\/div><\/div><\/div><\/div><\/div><div class=\"vc_row_inner tdi_60  vc_row vc_inner wpb_row td-pb-row\" >\n<style scoped>\n\/* custom css - generated by TagDiv Composer *\/\n\n\/* custom css - generated by TagDiv Composer *\/\n.tdi_60{\r\n                    position: relative !important;\r\n                    top: 0;\r\n                    transform: none;\r\n                    -webkit-transform: none;\r\n                }.tdi_60,\r\n\t\t\t\t.tdi_60 .tdc-inner-columns{\r\n\t\t\t\t    display: block;\r\n\t\t\t\t}.tdi_60 .tdc-inner-columns{\r\n\t\t\t\t    width: 100%;\r\n\t\t\t\t}\n<\/style><div class=\"vc_column_inner tdi_62  wpb_column vc_column_container tdc-inner-column td-pb-span4\">\n<style scoped>\n\/* custom css - generated by TagDiv Composer *\/\n\n\/* custom css - generated by TagDiv Composer *\/\n.tdi_62{\r\n                    vertical-align: baseline;\r\n                }.tdi_62 .vc_column-inner > .wpb_wrapper,\r\n\t\t\t\t.tdi_62 .vc_column-inner > .wpb_wrapper .tdc-elements{\r\n\t\t\t\t    display: block;\r\n\t\t\t\t}.tdi_62 .vc_column-inner > .wpb_wrapper .tdc-elements{\r\n\t\t\t\t    width: 100%;\r\n\t\t\t\t}\n<\/style><div class=\"vc_column-inner\"><div class=\"wpb_wrapper\" ><a class=\"td_block_wrap tdm_block_inline_image_simplified tdi_63 td-animation-stack td-pb-border-top td_block_template_1\"  data-td-block-uid=\"tdi_63\" href=\"https:\/\/www.visitcentroamerica.com\/sala-prensa\/wp-content\/uploads\/2022\/10\/Manual-de-Participacion-en-Ferias-Turisticas-Internacionales.pdf\" target=\"_blank\" rel=\"nofollow\">\n<style>\n\n\/* inline tdc_css att - generated by TagDiv Composer *\/\n\n.tdi_63{\nmargin-bottom:15px !important;\n}\n\n<\/style>\n<style>\n\/* custom css - generated by TagDiv Composer *\/\n.tdi_63 img{\r\n\t\t\t\t    border-width: 2px;\r\n\t\t\t\t\r\n\t\t\t\t    border-color: #ffffff;\r\n\t\t\t\t\r\n\t\t\t\t    box-shadow:  0px 3px 10px 2px rgba(0,0,0,0.2);\r\n\t\t\t\t}\n<\/style><div class=\"tdm-ii-wrap \"><img loading=\"lazy\" decoding=\"async\" class=\"td-lazy-img\" src=\"https:\/\/www.visitcentroamerica.com\/sala-prensa\/wp-content\/uploads\/2022\/10\/participacion-ferias-internacionales-cata-centroamerica.jpg\" data-type=\"image_tag\" data-img-url=\"https:\/\/www.visitcentroamerica.com\/sala-prensa\/wp-content\/uploads\/2022\/10\/participacion-ferias-internacionales-cata-centroamerica.jpg\" alt=\"Manual de participaci\u00f3n en Ferias Tur\u00edsticas Internacionales\" width=\"350\" height=\"270\" \/><\/div><\/a><div class=\"td_block_wrap td_block_text_with_title tdi_64 tagdiv-type td-pb-border-top td_block_template_1\"  data-td-block-uid=\"tdi_64\" ><div class=\"td-block-title-wrap\"><\/div><div class=\"td_mod_wrap td-fix-index\"><p>Manual de Participaci\u00f3n en Ferias Tur\u00edsticas Internacionales<\/p>\n<\/div><\/div><\/div><\/div><\/div><div class=\"vc_column_inner tdi_66  wpb_column vc_column_container tdc-inner-column td-pb-span4\">\n<style scoped>\n\/* custom css - generated by TagDiv Composer *\/\n\n\/* custom css - generated by TagDiv Composer *\/\n.tdi_66{\r\n                    vertical-align: baseline;\r\n                }.tdi_66 .vc_column-inner > .wpb_wrapper,\r\n\t\t\t\t.tdi_66 .vc_column-inner > .wpb_wrapper .tdc-elements{\r\n\t\t\t\t    display: block;\r\n\t\t\t\t}.tdi_66 .vc_column-inner > .wpb_wrapper .tdc-elements{\r\n\t\t\t\t    width: 100%;\r\n\t\t\t\t}\n<\/style><div class=\"vc_column-inner\"><div class=\"wpb_wrapper\" ><\/div><\/div><\/div><div class=\"vc_column_inner tdi_68  wpb_column vc_column_container tdc-inner-column td-pb-span4\">\n<style scoped>\n\/* custom css - generated by TagDiv Composer *\/\n\n\/* custom css - generated by TagDiv Composer *\/\n.tdi_68{\r\n                    vertical-align: baseline;\r\n                }.tdi_68 .vc_column-inner > .wpb_wrapper,\r\n\t\t\t\t.tdi_68 .vc_column-inner > .wpb_wrapper .tdc-elements{\r\n\t\t\t\t    display: block;\r\n\t\t\t\t}.tdi_68 .vc_column-inner > .wpb_wrapper .tdc-elements{\r\n\t\t\t\t    width: 100%;\r\n\t\t\t\t}\n<\/style><div class=\"vc_column-inner\"><div class=\"wpb_wrapper\" ><\/div><\/div><\/div><\/div><\/div><\/div><\/div><\/div><div id=\"tdi_69\" class=\"tdc-row\"><div class=\"vc_row tdi_70  wpb_row td-pb-row\" >\n<style scoped>\n\/* custom css - generated by TagDiv Composer *\/\n\n\/* custom css - generated by TagDiv Composer *\/\n.tdi_70,\r\n                .tdi_70 .tdc-columns{\r\n                    min-height: 0;\r\n                }.tdi_70,\r\n\t\t\t\t.tdi_70 .tdc-columns{\r\n\t\t\t\t    display: block;\r\n\t\t\t\t}.tdi_70 .tdc-columns{\r\n\t\t\t\t    width: 100%;\r\n\t\t\t\t}.tdi_70:before,\r\n\t\t\t\t.tdi_70:after{\r\n\t\t\t\t    display: table;\r\n\t\t\t\t}\n\n\/* phone *\/\n@media (max-width: 767px){\n#tdi_69{\r\n\t\t\t\t    flex-grow: 1;\r\n\t\t\t\t}\n}\n\/* inline tdc_css att - generated by TagDiv Composer *\/\n\n.tdi_70{\nmargin-bottom:60px !important;\n}\n\n.tdi_70 .td_block_wrap{ text-align:left }\n\n<\/style><div class=\"vc_column tdi_72  wpb_column vc_column_container tdc-column td-pb-span12\">\n<style scoped>\n\/* custom css - generated by TagDiv Composer *\/\n\n\/* custom css - generated by TagDiv Composer *\/\n.tdi_72{\r\n                    vertical-align: baseline;\r\n                }.tdi_72 > .wpb_wrapper,\r\n\t\t\t\t.tdi_72 > .wpb_wrapper > .tdc-elements{\r\n\t\t\t\t    display: block;\r\n\t\t\t\t}.tdi_72 > .wpb_wrapper > .tdc-elements{\r\n\t\t\t\t    width: 100%;\r\n\t\t\t\t}.tdi_72 > .wpb_wrapper > .vc_row_inner{\r\n\t\t\t\t    width: auto;\r\n\t\t\t\t}.tdi_72 > .wpb_wrapper{\r\n\t\t\t\t    width: auto;\r\n\t\t\t\t    height: auto;\r\n\t\t\t\t}\n<\/style><div class=\"wpb_wrapper\" ><h2 class=\"td_block_wrap tdm_block_column_title_simplified_2 tdi_73 td-pb-border-top td_block_template_1\"  data-td-block-uid=\"tdi_73\" >\n<style>\n\n\/* inline tdc_css att - generated by TagDiv Composer *\/\n\n.tdi_73{\nmargin-bottom:30px !important;\n}\n\n<\/style>\n<style>\n\/* custom css - generated by TagDiv Composer *\/\n.tdi_73{\r\n\t\t\t\t\tfont-weight:700 !important;\r\n\t\t\t\t}.tdi_73:after{\r\n\t\t\t\t    content: '';\r\n\t\t\t\t\torder: 2;\r\n\t\t\t\t\tposition: relative;\r\n\t\t\t\t\tdisplay: block;\r\n\t\t\t\t\tmargin: 14px auto 0 0;\r\n\t\t\t\t\twidth: 100%;\r\n\t\t\t\t\theight: 1px;\r\n\t\t\t\t\tbackground-color: var(--td_theme_color, #4db2ec);\r\n\t\t\t\t\ttransition: all 0.2s ease;\r\n\t\t\t\t\r\n\t\t\t\t\tmargin-top: 10px; margin-bottom: 0;\r\n\t\t\t\t}\n<\/style><span class=\"tdm-title-s-text\">Informes Externos<\/span><\/h2><div class=\"td_block_wrap td_block_text_with_title tdi_74 tagdiv-type td-pb-border-top td_block_template_1\"  data-td-block-uid=\"tdi_74\" ><div class=\"td-block-title-wrap\"><\/div><div class=\"td_mod_wrap td-fix-index\"><p>Mejores prospectos tur\u00edsticos y demanda potencial intrarregional en Centroam\u00e9rica. El Salvador, Guatemala y Nicaragua.<\/p>\n<\/div><\/div><div class=\"vc_row_inner tdi_76  vc_row vc_inner wpb_row td-pb-row\" >\n<style scoped>\n\/* custom css - generated by TagDiv Composer *\/\n\n\/* custom css - generated by TagDiv Composer *\/\n.tdi_76{\r\n                    position: relative !important;\r\n                    top: 0;\r\n                    transform: none;\r\n                    -webkit-transform: none;\r\n                }.tdi_76,\r\n\t\t\t\t.tdi_76 .tdc-inner-columns{\r\n\t\t\t\t    display: block;\r\n\t\t\t\t}.tdi_76 .tdc-inner-columns{\r\n\t\t\t\t    width: 100%;\r\n\t\t\t\t}\n<\/style><div class=\"vc_column_inner tdi_78  wpb_column vc_column_container tdc-inner-column td-pb-span4\">\n<style scoped>\n\/* custom css - generated by TagDiv Composer *\/\n\n\/* custom css - generated by TagDiv Composer *\/\n.tdi_78{\r\n                    vertical-align: baseline;\r\n                }.tdi_78 .vc_column-inner > .wpb_wrapper,\r\n\t\t\t\t.tdi_78 .vc_column-inner > .wpb_wrapper .tdc-elements{\r\n\t\t\t\t    display: block;\r\n\t\t\t\t}.tdi_78 .vc_column-inner > .wpb_wrapper .tdc-elements{\r\n\t\t\t\t    width: 100%;\r\n\t\t\t\t}\n<\/style><div class=\"vc_column-inner\"><div class=\"wpb_wrapper\" ><a class=\"td_block_wrap tdm_block_inline_image_simplified tdi_79 td-animation-stack td-pb-border-top td_block_template_1\"  data-td-block-uid=\"tdi_79\" href=\"https:\/\/www.visitcentroamerica.com\/sala-prensa\/wp-content\/uploads\/2020\/06\/CATA-Resultados-Estudio-Best-Prospects.pdf\" target=\"_blank\" rel=\"nofollow\">\n<style>\n\n\/* inline tdc_css att - generated by TagDiv Composer *\/\n\n.tdi_79{\nmargin-bottom:15px !important;\n}\n\n<\/style>\n<style>\n\/* custom css - generated by TagDiv Composer *\/\n.tdi_79 img{\r\n\t\t\t\t    border-width: 2px;\r\n\t\t\t\t\r\n\t\t\t\t    border-color: #ffffff;\r\n\t\t\t\t\r\n\t\t\t\t    box-shadow:  0px 3px 10px 2px rgba(0,0,0,0.2);\r\n\t\t\t\t}\n<\/style><div class=\"tdm-ii-wrap \"><img loading=\"lazy\" decoding=\"async\" class=\"td-lazy-img\" src=\"https:\/\/www.visitcentroamerica.com\/sala-prensa\/wp-content\/uploads\/2020\/06\/mejores-prospectos-turisticos-demanda-potencial-intrarregional-centroamerica.jpg\" data-type=\"image_tag\" data-img-url=\"https:\/\/www.visitcentroamerica.com\/sala-prensa\/wp-content\/uploads\/2020\/06\/mejores-prospectos-turisticos-demanda-potencial-intrarregional-centroamerica.jpg\" title=\"Mejores prospectos tur\u00edsticos &#8211; Centroam\u00e9rica\" alt=\"Mejores prospectos tur\u00edsticos - Centroam\u00e9rica\" width=\"370\" height=\"250\" \/><\/div><\/a><div class=\"td_block_wrap td_block_text_with_title tdi_80 tagdiv-type td-pb-border-top td_block_template_1\"  data-td-block-uid=\"tdi_80\" ><div class=\"td-block-title-wrap\"><\/div><div class=\"td_mod_wrap td-fix-index\"><p>Mejores prospectos tur\u00edsticos y demanda potencial intrarregional en Centroam\u00e9rica. El Salvador, Guatemala y Nicaragua.<\/p>\n<\/div><\/div><\/div><\/div><\/div><div class=\"vc_column_inner tdi_82  wpb_column vc_column_container tdc-inner-column td-pb-span4\">\n<style scoped>\n\/* custom css - generated by TagDiv Composer *\/\n\n\/* custom css - generated by TagDiv Composer *\/\n.tdi_82{\r\n                    vertical-align: baseline;\r\n                }.tdi_82 .vc_column-inner > .wpb_wrapper,\r\n\t\t\t\t.tdi_82 .vc_column-inner > .wpb_wrapper .tdc-elements{\r\n\t\t\t\t    display: block;\r\n\t\t\t\t}.tdi_82 .vc_column-inner > .wpb_wrapper .tdc-elements{\r\n\t\t\t\t    width: 100%;\r\n\t\t\t\t}\n<\/style><div class=\"vc_column-inner\"><div class=\"wpb_wrapper\" ><a class=\"td_block_wrap tdm_block_inline_image_simplified tdi_83 td-animation-stack td-pb-border-top td_block_template_1\"  data-td-block-uid=\"tdi_83\" href=\"https:\/\/www.visitcentroamerica.com\/sala-prensa\/wp-content\/uploads\/2020\/06\/CATA-Mejores-Prospectos-Turisticos-Italia-Francia-Holanda.pdf\" target=\"_blank\" rel=\"nofollow\">\n<style>\n\n\/* inline tdc_css att - generated by TagDiv Composer *\/\n\n.tdi_83{\nmargin-bottom:15px !important;\n}\n\n<\/style>\n<style>\n\/* custom css - generated by TagDiv Composer *\/\n.tdi_83 img{\r\n\t\t\t\t    border-width: 2px;\r\n\t\t\t\t\r\n\t\t\t\t    border-color: #ffffff;\r\n\t\t\t\t\r\n\t\t\t\t    box-shadow:  0px 3px 10px 2px rgba(0,0,0,0.19);\r\n\t\t\t\t}\n<\/style><div class=\"tdm-ii-wrap \"><img loading=\"lazy\" decoding=\"async\" class=\"td-lazy-img\" src=\"https:\/\/www.visitcentroamerica.com\/sala-prensa\/wp-content\/uploads\/2020\/06\/mejores-prospectos-turisticos-italia-francia-holanda.jpg\" data-type=\"image_tag\" data-img-url=\"https:\/\/www.visitcentroamerica.com\/sala-prensa\/wp-content\/uploads\/2020\/06\/mejores-prospectos-turisticos-italia-francia-holanda.jpg\" alt=\"Mejores prospectos tur\u00edsticos - Europa\" width=\"370\" height=\"250\" \/><\/div><\/a><div class=\"td_block_wrap td_block_text_with_title tdi_84 tagdiv-type td-pb-border-top td_block_template_1\"  data-td-block-uid=\"tdi_84\" ><div class=\"td-block-title-wrap\"><\/div><div class=\"td_mod_wrap td-fix-index\"><p>Mejores prospectos tur\u00edsticos y demanda potencial. Italia, Francia y Holanda.<\/p>\n<\/div><\/div><\/div><\/div><\/div><div class=\"vc_column_inner tdi_86  wpb_column vc_column_container tdc-inner-column td-pb-span4\">\n<style scoped>\n\/* custom css - generated by TagDiv Composer *\/\n\n\/* custom css - generated by TagDiv Composer *\/\n.tdi_86{\r\n                    vertical-align: baseline;\r\n                }.tdi_86 .vc_column-inner > .wpb_wrapper,\r\n\t\t\t\t.tdi_86 .vc_column-inner > .wpb_wrapper .tdc-elements{\r\n\t\t\t\t    display: block;\r\n\t\t\t\t}.tdi_86 .vc_column-inner > .wpb_wrapper .tdc-elements{\r\n\t\t\t\t    width: 100%;\r\n\t\t\t\t}\n<\/style><div class=\"vc_column-inner\"><div class=\"wpb_wrapper\" ><a class=\"td_block_wrap tdm_block_inline_image_simplified tdi_87 td-animation-stack td-pb-border-top td_block_template_1\"  data-td-block-uid=\"tdi_87\" href=\"https:\/\/www.visitcentroamerica.com\/sala-prensa\/wp-content\/uploads\/2020\/06\/CATA-Mejores-Prospectos-Europeos.pdf\" target=\"_blank\" rel=\"nofollow\">\n<style>\n\n\/* inline tdc_css att - generated by TagDiv Composer *\/\n\n.tdi_87{\nmargin-bottom:15px !important;\n}\n\n<\/style>\n<style>\n\/* custom css - generated by TagDiv Composer *\/\n.tdi_87 img{\r\n\t\t\t\t    border-width: 2px;\r\n\t\t\t\t\r\n\t\t\t\t    border-color: #ffffff;\r\n\t\t\t\t\r\n\t\t\t\t    box-shadow:  0px 3px 10px 2px rgba(0,0,0,0.19);\r\n\t\t\t\t}\n<\/style><div class=\"tdm-ii-wrap \"><img loading=\"lazy\" decoding=\"async\" class=\"td-lazy-img\" src=\"https:\/\/www.visitcentroamerica.com\/sala-prensa\/wp-content\/uploads\/2020\/06\/mejores-prospectos-turisticos-alemania-espana.jpg\" data-type=\"image_tag\" data-img-url=\"https:\/\/www.visitcentroamerica.com\/sala-prensa\/wp-content\/uploads\/2020\/06\/mejores-prospectos-turisticos-alemania-espana.jpg\" alt=\"Mejores prospectos tur\u00edsticos - Europa\" width=\"370\" height=\"250\" \/><\/div><\/a><div class=\"td_block_wrap td_block_text_with_title tdi_88 tagdiv-type td-pb-border-top td_block_template_1\"  data-td-block-uid=\"tdi_88\" ><div class=\"td-block-title-wrap\"><\/div><div class=\"td_mod_wrap td-fix-index\"><p>Mejores prospectos tur\u00edsticos y demanda potencial. Alemania, Espa\u00f1a, Reino Unido, Italia, Francia y Holanda.<\/p>\n<\/div><\/div><\/div><\/div><\/div><\/div><div class=\"vc_row_inner tdi_90  vc_row vc_inner wpb_row td-pb-row\" >\n<style scoped>\n\/* custom css - generated by TagDiv Composer *\/\n\n\/* custom css - generated by TagDiv Composer *\/\n.tdi_90{\r\n                    position: relative !important;\r\n                    top: 0;\r\n                    transform: none;\r\n                    -webkit-transform: none;\r\n                }.tdi_90,\r\n\t\t\t\t.tdi_90 .tdc-inner-columns{\r\n\t\t\t\t    display: block;\r\n\t\t\t\t}.tdi_90 .tdc-inner-columns{\r\n\t\t\t\t    width: 100%;\r\n\t\t\t\t}\n<\/style><div class=\"vc_column_inner tdi_92  wpb_column vc_column_container tdc-inner-column td-pb-span4\">\n<style scoped>\n\/* custom css - generated by TagDiv Composer *\/\n\n\/* custom css - generated by TagDiv Composer *\/\n.tdi_92{\r\n                    vertical-align: baseline;\r\n                }.tdi_92 .vc_column-inner > .wpb_wrapper,\r\n\t\t\t\t.tdi_92 .vc_column-inner > .wpb_wrapper .tdc-elements{\r\n\t\t\t\t    display: block;\r\n\t\t\t\t}.tdi_92 .vc_column-inner > .wpb_wrapper .tdc-elements{\r\n\t\t\t\t    width: 100%;\r\n\t\t\t\t}\n<\/style><div class=\"vc_column-inner\"><div class=\"wpb_wrapper\" ><a class=\"td_block_wrap tdm_block_inline_image_simplified tdi_93 td-animation-stack td-pb-border-top td_block_template_1\"  data-td-block-uid=\"tdi_93\" href=\"https:\/\/www.visitcentroamerica.com\/sala-prensa\/wp-content\/uploads\/2020\/06\/CATA-Resumen-Final-ALE-ES-UK.pdf\" target=\"_blank\" rel=\"nofollow\">\n<style>\n\n\/* inline tdc_css att - generated by TagDiv Composer *\/\n\n.tdi_93{\nmargin-bottom:15px !important;\n}\n\n<\/style>\n<style>\n\/* custom css - generated by TagDiv Composer *\/\n.tdi_93 img{\r\n\t\t\t\t    border-width: 2px;\r\n\t\t\t\t\r\n\t\t\t\t    border-color: #ffffff;\r\n\t\t\t\t\r\n\t\t\t\t    box-shadow:  0px 3px 10px 2px rgba(0,0,0,0.2);\r\n\t\t\t\t}\n<\/style><div class=\"tdm-ii-wrap \"><img loading=\"lazy\" decoding=\"async\" class=\"td-lazy-img\" src=\"https:\/\/www.visitcentroamerica.com\/sala-prensa\/wp-content\/uploads\/2020\/06\/CATA-Resumen-Final-ALE-ES-UK.jpg\" data-type=\"image_tag\" data-img-url=\"https:\/\/www.visitcentroamerica.com\/sala-prensa\/wp-content\/uploads\/2020\/06\/CATA-Resumen-Final-ALE-ES-UK.jpg\" alt=\"CATA - Centroam\u00e9rica - Mejores prospectos tur\u00edsticos y demanda potencial\" width=\"370\" height=\"250\" \/><\/div><\/a><div class=\"td_block_wrap td_block_text_with_title tdi_94 tagdiv-type td-pb-border-top td_block_template_1\"  data-td-block-uid=\"tdi_94\" ><div class=\"td-block-title-wrap\"><\/div><div class=\"td_mod_wrap td-fix-index\"><p>Mejores prospectos tur\u00edsticos y demanda potencial. Alemania, Espa\u00f1a y Reino Unido.<\/p>\n<\/div><\/div><\/div><\/div><\/div><div class=\"vc_column_inner tdi_96  wpb_column vc_column_container tdc-inner-column td-pb-span4\">\n<style scoped>\n\/* custom css - generated by TagDiv Composer *\/\n\n\/* custom css - generated by TagDiv Composer *\/\n.tdi_96{\r\n                    vertical-align: baseline;\r\n                }.tdi_96 .vc_column-inner > .wpb_wrapper,\r\n\t\t\t\t.tdi_96 .vc_column-inner > .wpb_wrapper .tdc-elements{\r\n\t\t\t\t    display: block;\r\n\t\t\t\t}.tdi_96 .vc_column-inner > .wpb_wrapper .tdc-elements{\r\n\t\t\t\t    width: 100%;\r\n\t\t\t\t}\n<\/style><div class=\"vc_column-inner\"><div class=\"wpb_wrapper\" ><\/div><\/div><\/div><div class=\"vc_column_inner tdi_98  wpb_column vc_column_container tdc-inner-column td-pb-span4\">\n<style scoped>\n\/* custom css - generated by TagDiv Composer *\/\n\n\/* custom css - generated by TagDiv Composer *\/\n.tdi_98{\r\n                    vertical-align: baseline;\r\n                }.tdi_98 .vc_column-inner > .wpb_wrapper,\r\n\t\t\t\t.tdi_98 .vc_column-inner > .wpb_wrapper .tdc-elements{\r\n\t\t\t\t    display: block;\r\n\t\t\t\t}.tdi_98 .vc_column-inner > .wpb_wrapper .tdc-elements{\r\n\t\t\t\t    width: 100%;\r\n\t\t\t\t}\n<\/style><div class=\"vc_column-inner\"><div class=\"wpb_wrapper\" ><\/div><\/div><\/div><\/div><\/div><\/div><\/div><\/div><\/div><\/div><\/div>","protected":false},"excerpt":{"rendered":"InicioSample Page Sample Page Title Cat\u00e1logos Multidestino Cat\u00e1logo de Ofertas Multidestino de Centroam\u00e9rica 2022 Cat\u00e1logo de Ofertas Multidestino de Centroam\u00e9rica 2019 CATA Institucional Manual de Uso de la Marca Centroam\u00e9rica Estatutos de la Agencia de Promoci\u00f3n Tur\u00edstica de Centroam\u00e9rica (CATA) Informe de Labores de CATA 2015 Memoria de Labores CATA 2016 Memoria de Labores CATA [...]","protected":false},"author":4,"featured_media":0,"parent":0,"menu_order":0,"comment_status":"closed","ping_status":"closed","template":"","meta":{"footnotes":""},"class_list":["post-16248","page","type-page","status-publish"],"yoast_head":"<!-- This site is optimized with the Yoast SEO plugin v27.3 - https:\/\/yoast.com\/product\/yoast-seo-wordpress\/ -->\n<title>Zona de descargas - Sala de prensa<\/title>\n<meta name=\"robots\" content=\"index, follow, max-snippet:-1, max-image-preview:large, max-video-preview:-1\" \/>\n<link rel=\"canonical\" href=\"https:\/\/www.visitcentroamerica.com\/sala-prensa\/descargas\/\" \/>\n<meta property=\"og:locale\" content=\"es_ES\" \/>\n<meta property=\"og:type\" content=\"article\" \/>\n<meta property=\"og:title\" content=\"Zona de descargas - Sala de prensa\" \/>\n<meta property=\"og:url\" content=\"https:\/\/www.visitcentroamerica.com\/sala-prensa\/descargas\/\" \/>\n<meta property=\"og:site_name\" content=\"Sala de prensa\" \/>\n<meta property=\"article:modified_time\" content=\"2025-06-25T01:23:41+00:00\" \/>\n<meta name=\"twitter:card\" content=\"summary_large_image\" \/>\n<meta name=\"twitter:label1\" content=\"Tiempo de lectura\" \/>\n\t<meta name=\"twitter:data1\" content=\"2 minutos\" \/>\n<script type=\"application\/ld+json\" class=\"yoast-schema-graph\">{\"@context\":\"https:\\\/\\\/schema.org\",\"@graph\":[{\"@type\":\"WebPage\",\"@id\":\"https:\\\/\\\/www.visitcentroamerica.com\\\/sala-prensa\\\/descargas\\\/\",\"url\":\"https:\\\/\\\/www.visitcentroamerica.com\\\/sala-prensa\\\/descargas\\\/\",\"name\":\"Zona de descargas - Sala de prensa\",\"isPartOf\":{\"@id\":\"https:\\\/\\\/www.visitcentroamerica.com\\\/sala-prensa\\\/#website\"},\"datePublished\":\"2025-06-23T23:27:40+00:00\",\"dateModified\":\"2025-06-25T01:23:41+00:00\",\"breadcrumb\":{\"@id\":\"https:\\\/\\\/www.visitcentroamerica.com\\\/sala-prensa\\\/descargas\\\/#breadcrumb\"},\"inLanguage\":\"es\",\"potentialAction\":[{\"@type\":\"ReadAction\",\"target\":[\"https:\\\/\\\/www.visitcentroamerica.com\\\/sala-prensa\\\/descargas\\\/\"]}]},{\"@type\":\"BreadcrumbList\",\"@id\":\"https:\\\/\\\/www.visitcentroamerica.com\\\/sala-prensa\\\/descargas\\\/#breadcrumb\",\"itemListElement\":[{\"@type\":\"ListItem\",\"position\":1,\"name\":\"Portada\",\"item\":\"https:\\\/\\\/www.visitcentroamerica.com\\\/sala-prensa\\\/\"},{\"@type\":\"ListItem\",\"position\":2,\"name\":\"Zona de descargas\"}]},{\"@type\":\"WebSite\",\"@id\":\"https:\\\/\\\/www.visitcentroamerica.com\\\/sala-prensa\\\/#website\",\"url\":\"https:\\\/\\\/www.visitcentroamerica.com\\\/sala-prensa\\\/\",\"name\":\"Sala de prensa\",\"description\":\"\",\"potentialAction\":[{\"@type\":\"SearchAction\",\"target\":{\"@type\":\"EntryPoint\",\"urlTemplate\":\"https:\\\/\\\/www.visitcentroamerica.com\\\/sala-prensa\\\/?s={search_term_string}\"},\"query-input\":{\"@type\":\"PropertyValueSpecification\",\"valueRequired\":true,\"valueName\":\"search_term_string\"}}],\"inLanguage\":\"es\"}]}<\/script>\n<!-- \/ Yoast SEO plugin. -->","yoast_head_json":{"title":"Zona de descargas - Sala de prensa","robots":{"index":"index","follow":"follow","max-snippet":"max-snippet:-1","max-image-preview":"max-image-preview:large","max-video-preview":"max-video-preview:-1"},"canonical":"https:\/\/www.visitcentroamerica.com\/sala-prensa\/descargas\/","og_locale":"es_ES","og_type":"article","og_title":"Zona de descargas - Sala de prensa","og_url":"https:\/\/www.visitcentroamerica.com\/sala-prensa\/descargas\/","og_site_name":"Sala de prensa","article_modified_time":"2025-06-25T01:23:41+00:00","twitter_card":"summary_large_image","twitter_misc":{"Tiempo de lectura":"2 minutos"},"schema":{"@context":"https:\/\/schema.org","@graph":[{"@type":"WebPage","@id":"https:\/\/www.visitcentroamerica.com\/sala-prensa\/descargas\/","url":"https:\/\/www.visitcentroamerica.com\/sala-prensa\/descargas\/","name":"Zona de descargas - Sala de prensa","isPartOf":{"@id":"https:\/\/www.visitcentroamerica.com\/sala-prensa\/#website"},"datePublished":"2025-06-23T23:27:40+00:00","dateModified":"2025-06-25T01:23:41+00:00","breadcrumb":{"@id":"https:\/\/www.visitcentroamerica.com\/sala-prensa\/descargas\/#breadcrumb"},"inLanguage":"es","potentialAction":[{"@type":"ReadAction","target":["https:\/\/www.visitcentroamerica.com\/sala-prensa\/descargas\/"]}]},{"@type":"BreadcrumbList","@id":"https:\/\/www.visitcentroamerica.com\/sala-prensa\/descargas\/#breadcrumb","itemListElement":[{"@type":"ListItem","position":1,"name":"Portada","item":"https:\/\/www.visitcentroamerica.com\/sala-prensa\/"},{"@type":"ListItem","position":2,"name":"Zona de descargas"}]},{"@type":"WebSite","@id":"https:\/\/www.visitcentroamerica.com\/sala-prensa\/#website","url":"https:\/\/www.visitcentroamerica.com\/sala-prensa\/","name":"Sala de prensa","description":"","potentialAction":[{"@type":"SearchAction","target":{"@type":"EntryPoint","urlTemplate":"https:\/\/www.visitcentroamerica.com\/sala-prensa\/?s={search_term_string}"},"query-input":{"@type":"PropertyValueSpecification","valueRequired":true,"valueName":"search_term_string"}}],"inLanguage":"es"}]}},"_links":{"self":[{"href":"https:\/\/www.visitcentroamerica.com\/sala-prensa\/wp-json\/wp\/v2\/pages\/16248","targetHints":{"allow":["GET"]}}],"collection":[{"href":"https:\/\/www.visitcentroamerica.com\/sala-prensa\/wp-json\/wp\/v2\/pages"}],"about":[{"href":"https:\/\/www.visitcentroamerica.com\/sala-prensa\/wp-json\/wp\/v2\/types\/page"}],"author":[{"embeddable":true,"href":"https:\/\/www.visitcentroamerica.com\/sala-prensa\/wp-json\/wp\/v2\/users\/4"}],"replies":[{"embeddable":true,"href":"https:\/\/www.visitcentroamerica.com\/sala-prensa\/wp-json\/wp\/v2\/comments?post=16248"}],"version-history":[{"count":11,"href":"https:\/\/www.visitcentroamerica.com\/sala-prensa\/wp-json\/wp\/v2\/pages\/16248\/revisions"}],"predecessor-version":[{"id":16355,"href":"https:\/\/www.visitcentroamerica.com\/sala-prensa\/wp-json\/wp\/v2\/pages\/16248\/revisions\/16355"}],"wp:attachment":[{"href":"https:\/\/www.visitcentroamerica.com\/sala-prensa\/wp-json\/wp\/v2\/media?parent=16248"}],"curies":[{"name":"wp","href":"https:\/\/api.w.org\/{rel}","templated":true}]}}