{"id":12055,"date":"2021-05-31T07:32:49","date_gmt":"2021-05-31T07:32:49","guid":{"rendered":"https:\/\/www.visitcentroamerica.com\/sala-prensa\/wp-content\/uploads\/2021\/05\/belice-fronteras.jpg"},"modified":"2021-05-31T07:32:49","modified_gmt":"2021-05-31T07:32:49","slug":"belice-fronteras","status":"inherit","type":"attachment","link":"https:\/\/www.visitcentroamerica.com\/sala-prensa\/actualidad\/belice\/belice-reabrira-sus-fronteras-terrestres-y-maritimas-a-turistas-el-proximo-31-de-mayo\/attachment\/belice-fronteras\/","title":{"rendered":"belice-fronteras"},"author":5,"featured_media":0,"comment_status":"open","ping_status":"closed","template":"","meta":[],"class_list":["post-12055","attachment","type-attachment","status-inherit"],"yoast_head":"<!-- This site is optimized with the Yoast SEO plugin v27.3 - https:\/\/yoast.com\/product\/yoast-seo-wordpress\/ -->\n<title>belice-fronteras - Sala de prensa<\/title>\n<meta name=\"robots\" content=\"index, follow, max-snippet:-1, max-image-preview:large, max-video-preview:-1\" \/>\n<link rel=\"canonical\" href=\"https:\/\/www.visitcentroamerica.com\/sala-prensa\/actualidad\/belice\/belice-reabrira-sus-fronteras-terrestres-y-maritimas-a-turistas-el-proximo-31-de-mayo\/attachment\/belice-fronteras\/\" \/>\n<meta property=\"og:locale\" content=\"es_ES\" \/>\n<meta property=\"og:type\" content=\"article\" \/>\n<meta property=\"og:title\" content=\"belice-fronteras - Sala de prensa\" \/>\n<meta property=\"og:url\" content=\"https:\/\/www.visitcentroamerica.com\/sala-prensa\/actualidad\/belice\/belice-reabrira-sus-fronteras-terrestres-y-maritimas-a-turistas-el-proximo-31-de-mayo\/attachment\/belice-fronteras\/\" \/>\n<meta property=\"og:site_name\" content=\"Sala de prensa\" \/>\n<meta property=\"og:image\" content=\"https:\/\/www.visitcentroamerica.com\/sala-prensa\/wp-content\/uploads\/2021\/05\/belice-fronteras.jpg\" \/>\n\t<meta property=\"og:image:width\" content=\"1200\" \/>\n\t<meta property=\"og:image:height\" content=\"600\" \/>\n\t<meta property=\"og:image:type\" content=\"image\/jpeg\" \/>\n<meta name=\"twitter:card\" content=\"summary_large_image\" \/>\n<script type=\"application\/ld+json\" class=\"yoast-schema-graph\">{\"@context\":\"https:\\\/\\\/schema.org\",\"@graph\":[{\"@type\":\"WebPage\",\"@id\":\"https:\\\/\\\/www.visitcentroamerica.com\\\/sala-prensa\\\/actualidad\\\/belice\\\/belice-reabrira-sus-fronteras-terrestres-y-maritimas-a-turistas-el-proximo-31-de-mayo\\\/attachment\\\/belice-fronteras\\\/\",\"url\":\"https:\\\/\\\/www.visitcentroamerica.com\\\/sala-prensa\\\/actualidad\\\/belice\\\/belice-reabrira-sus-fronteras-terrestres-y-maritimas-a-turistas-el-proximo-31-de-mayo\\\/attachment\\\/belice-fronteras\\\/\",\"name\":\"belice-fronteras - Sala de prensa\",\"isPartOf\":{\"@id\":\"https:\\\/\\\/www.visitcentroamerica.com\\\/sala-prensa\\\/#website\"},\"datePublished\":\"2021-05-31T07:32:49+00:00\",\"breadcrumb\":{\"@id\":\"https:\\\/\\\/www.visitcentroamerica.com\\\/sala-prensa\\\/actualidad\\\/belice\\\/belice-reabrira-sus-fronteras-terrestres-y-maritimas-a-turistas-el-proximo-31-de-mayo\\\/attachment\\\/belice-fronteras\\\/#breadcrumb\"},\"inLanguage\":\"es\",\"potentialAction\":[{\"@type\":\"ReadAction\",\"target\":[\"https:\\\/\\\/www.visitcentroamerica.com\\\/sala-prensa\\\/actualidad\\\/belice\\\/belice-reabrira-sus-fronteras-terrestres-y-maritimas-a-turistas-el-proximo-31-de-mayo\\\/attachment\\\/belice-fronteras\\\/\"]}]},{\"@type\":\"BreadcrumbList\",\"@id\":\"https:\\\/\\\/www.visitcentroamerica.com\\\/sala-prensa\\\/actualidad\\\/belice\\\/belice-reabrira-sus-fronteras-terrestres-y-maritimas-a-turistas-el-proximo-31-de-mayo\\\/attachment\\\/belice-fronteras\\\/#breadcrumb\",\"itemListElement\":[{\"@type\":\"ListItem\",\"position\":1,\"name\":\"Portada\",\"item\":\"https:\\\/\\\/www.visitcentroamerica.com\\\/sala-prensa\\\/\"},{\"@type\":\"ListItem\",\"position\":2,\"name\":\"Belice reabrir\u00e1 sus fronteras terrestres y mar\u00edtimas a turistas el pr\u00f3ximo 31 de mayo\",\"item\":\"https:\\\/\\\/www.visitcentroamerica.com\\\/sala-prensa\\\/actualidad\\\/belice\\\/belice-reabrira-sus-fronteras-terrestres-y-maritimas-a-turistas-el-proximo-31-de-mayo\\\/\"},{\"@type\":\"ListItem\",\"position\":3,\"name\":\"belice-fronteras\"}]},{\"@type\":\"WebSite\",\"@id\":\"https:\\\/\\\/www.visitcentroamerica.com\\\/sala-prensa\\\/#website\",\"url\":\"https:\\\/\\\/www.visitcentroamerica.com\\\/sala-prensa\\\/\",\"name\":\"Sala de prensa\",\"description\":\"\",\"potentialAction\":[{\"@type\":\"SearchAction\",\"target\":{\"@type\":\"EntryPoint\",\"urlTemplate\":\"https:\\\/\\\/www.visitcentroamerica.com\\\/sala-prensa\\\/?s={search_term_string}\"},\"query-input\":{\"@type\":\"PropertyValueSpecification\",\"valueRequired\":true,\"valueName\":\"search_term_string\"}}],\"inLanguage\":\"es\"}]}<\/script>\n<!-- \/ Yoast SEO plugin. -->","yoast_head_json":{"title":"belice-fronteras - Sala de prensa","robots":{"index":"index","follow":"follow","max-snippet":"max-snippet:-1","max-image-preview":"max-image-preview:large","max-video-preview":"max-video-preview:-1"},"canonical":"https:\/\/www.visitcentroamerica.com\/sala-prensa\/actualidad\/belice\/belice-reabrira-sus-fronteras-terrestres-y-maritimas-a-turistas-el-proximo-31-de-mayo\/attachment\/belice-fronteras\/","og_locale":"es_ES","og_type":"article","og_title":"belice-fronteras - Sala de prensa","og_url":"https:\/\/www.visitcentroamerica.com\/sala-prensa\/actualidad\/belice\/belice-reabrira-sus-fronteras-terrestres-y-maritimas-a-turistas-el-proximo-31-de-mayo\/attachment\/belice-fronteras\/","og_site_name":"Sala de prensa","og_image":[{"width":1200,"height":600,"url":"https:\/\/www.visitcentroamerica.com\/sala-prensa\/wp-content\/uploads\/2021\/05\/belice-fronteras.jpg","type":"image\/jpeg"}],"twitter_card":"summary_large_image","schema":{"@context":"https:\/\/schema.org","@graph":[{"@type":"WebPage","@id":"https:\/\/www.visitcentroamerica.com\/sala-prensa\/actualidad\/belice\/belice-reabrira-sus-fronteras-terrestres-y-maritimas-a-turistas-el-proximo-31-de-mayo\/attachment\/belice-fronteras\/","url":"https:\/\/www.visitcentroamerica.com\/sala-prensa\/actualidad\/belice\/belice-reabrira-sus-fronteras-terrestres-y-maritimas-a-turistas-el-proximo-31-de-mayo\/attachment\/belice-fronteras\/","name":"belice-fronteras - Sala de prensa","isPartOf":{"@id":"https:\/\/www.visitcentroamerica.com\/sala-prensa\/#website"},"datePublished":"2021-05-31T07:32:49+00:00","breadcrumb":{"@id":"https:\/\/www.visitcentroamerica.com\/sala-prensa\/actualidad\/belice\/belice-reabrira-sus-fronteras-terrestres-y-maritimas-a-turistas-el-proximo-31-de-mayo\/attachment\/belice-fronteras\/#breadcrumb"},"inLanguage":"es","potentialAction":[{"@type":"ReadAction","target":["https:\/\/www.visitcentroamerica.com\/sala-prensa\/actualidad\/belice\/belice-reabrira-sus-fronteras-terrestres-y-maritimas-a-turistas-el-proximo-31-de-mayo\/attachment\/belice-fronteras\/"]}]},{"@type":"BreadcrumbList","@id":"https:\/\/www.visitcentroamerica.com\/sala-prensa\/actualidad\/belice\/belice-reabrira-sus-fronteras-terrestres-y-maritimas-a-turistas-el-proximo-31-de-mayo\/attachment\/belice-fronteras\/#breadcrumb","itemListElement":[{"@type":"ListItem","position":1,"name":"Portada","item":"https:\/\/www.visitcentroamerica.com\/sala-prensa\/"},{"@type":"ListItem","position":2,"name":"Belice reabrir\u00e1 sus fronteras terrestres y mar\u00edtimas a turistas el pr\u00f3ximo 31 de mayo","item":"https:\/\/www.visitcentroamerica.com\/sala-prensa\/actualidad\/belice\/belice-reabrira-sus-fronteras-terrestres-y-maritimas-a-turistas-el-proximo-31-de-mayo\/"},{"@type":"ListItem","position":3,"name":"belice-fronteras"}]},{"@type":"WebSite","@id":"https:\/\/www.visitcentroamerica.com\/sala-prensa\/#website","url":"https:\/\/www.visitcentroamerica.com\/sala-prensa\/","name":"Sala de prensa","description":"","potentialAction":[{"@type":"SearchAction","target":{"@type":"EntryPoint","urlTemplate":"https:\/\/www.visitcentroamerica.com\/sala-prensa\/?s={search_term_string}"},"query-input":{"@type":"PropertyValueSpecification","valueRequired":true,"valueName":"search_term_string"}}],"inLanguage":"es"}]}},"description":{"rendered":"<p class=\"attachment\"><a href='https:\/\/www.visitcentroamerica.com\/sala-prensa\/wp-content\/uploads\/2021\/05\/belice-fronteras.jpg'><img loading=\"lazy\" decoding=\"async\" width=\"300\" height=\"150\" src=\"https:\/\/www.visitcentroamerica.com\/sala-prensa\/wp-content\/uploads\/2021\/05\/belice-fronteras-300x150.jpg\" class=\"attachment-medium size-medium\" alt=\"\" srcset=\"https:\/\/www.visitcentroamerica.com\/sala-prensa\/wp-content\/uploads\/2021\/05\/belice-fronteras-300x150.jpg 300w, https:\/\/www.visitcentroamerica.com\/sala-prensa\/wp-content\/uploads\/2021\/05\/belice-fronteras-1024x512.jpg 1024w, https:\/\/www.visitcentroamerica.com\/sala-prensa\/wp-content\/uploads\/2021\/05\/belice-fronteras-768x384.jpg 768w, https:\/\/www.visitcentroamerica.com\/sala-prensa\/wp-content\/uploads\/2021\/05\/belice-fronteras-696x348.jpg 696w, https:\/\/www.visitcentroamerica.com\/sala-prensa\/wp-content\/uploads\/2021\/05\/belice-fronteras-1068x534.jpg 1068w, https:\/\/www.visitcentroamerica.com\/sala-prensa\/wp-content\/uploads\/2021\/05\/belice-fronteras-840x420.jpg 840w, https:\/\/www.visitcentroamerica.com\/sala-prensa\/wp-content\/uploads\/2021\/05\/belice-fronteras-500x250.jpg 500w, https:\/\/www.visitcentroamerica.com\/sala-prensa\/wp-content\/uploads\/2021\/05\/belice-fronteras.jpg 1200w\" sizes=\"auto, (max-width: 300px) 100vw, 300px\" \/><\/a><\/p>\n"},"caption":{"rendered":""},"alt_text":"","media_type":"image","mime_type":"image\/jpeg","media_details":{"width":1200,"height":600,"file":"2021\/05\/belice-fronteras.jpg","sizes":{"medium":{"file":"belice-fronteras-300x150.jpg","width":300,"height":150,"filesize":11706,"mime_type":"image\/jpeg","source_url":"https:\/\/www.visitcentroamerica.com\/sala-prensa\/wp-content\/uploads\/2021\/05\/belice-fronteras-300x150.jpg","source_url_webp":"https:\/\/www.visitcentroamerica.com\/sala-prensa\/wp-content\/uploads\/2021\/05\/belice-fronteras-300x150.webp"},"large":{"file":"belice-fronteras-1024x512.jpg","width":1024,"height":512,"filesize":96464,"mime_type":"image\/jpeg","source_url":"https:\/\/www.visitcentroamerica.com\/sala-prensa\/wp-content\/uploads\/2021\/05\/belice-fronteras-1024x512.jpg","source_url_webp":"https:\/\/www.visitcentroamerica.com\/sala-prensa\/wp-content\/uploads\/2021\/05\/belice-fronteras-1024x512.webp"},"thumbnail":{"file":"belice-fronteras-150x150.jpg","width":150,"height":150,"filesize":7063,"mime_type":"image\/jpeg","source_url":"https:\/\/www.visitcentroamerica.com\/sala-prensa\/wp-content\/uploads\/2021\/05\/belice-fronteras-150x150.jpg","source_url_webp":"https:\/\/www.visitcentroamerica.com\/sala-prensa\/wp-content\/uploads\/2021\/05\/belice-fronteras-150x150.webp"},"medium_large":{"file":"belice-fronteras-768x384.jpg","width":768,"height":384,"filesize":64686,"mime_type":"image\/jpeg","source_url":"https:\/\/www.visitcentroamerica.com\/sala-prensa\/wp-content\/uploads\/2021\/05\/belice-fronteras-768x384.jpg","source_url_webp":"https:\/\/www.visitcentroamerica.com\/sala-prensa\/wp-content\/uploads\/2021\/05\/belice-fronteras-768x384.webp"},"td_218x150":{"file":"belice-fronteras-218x150.jpg","width":218,"height":150,"filesize":9546,"mime_type":"image\/jpeg","source_url":"https:\/\/www.visitcentroamerica.com\/sala-prensa\/wp-content\/uploads\/2021\/05\/belice-fronteras-218x150.jpg","source_url_webp":"https:\/\/www.visitcentroamerica.com\/sala-prensa\/wp-content\/uploads\/2021\/05\/belice-fronteras-218x150.webp"},"td_324x400":{"file":"belice-fronteras-324x400.jpg","width":324,"height":400,"filesize":18744,"mime_type":"image\/jpeg","source_url":"https:\/\/www.visitcentroamerica.com\/sala-prensa\/wp-content\/uploads\/2021\/05\/belice-fronteras-324x400.jpg","source_url_webp":"https:\/\/www.visitcentroamerica.com\/sala-prensa\/wp-content\/uploads\/2021\/05\/belice-fronteras-324x400.webp"},"td_696x0":{"file":"belice-fronteras-696x348.jpg","width":696,"height":348,"filesize":60962,"mime_type":"image\/jpeg","source_url":"https:\/\/www.visitcentroamerica.com\/sala-prensa\/wp-content\/uploads\/2021\/05\/belice-fronteras-696x348.jpg","source_url_webp":"https:\/\/www.visitcentroamerica.com\/sala-prensa\/wp-content\/uploads\/2021\/05\/belice-fronteras-696x348.webp"},"td_1068x0":{"file":"belice-fronteras-1068x534.jpg","width":1068,"height":534,"filesize":93011,"mime_type":"image\/jpeg","source_url":"https:\/\/www.visitcentroamerica.com\/sala-prensa\/wp-content\/uploads\/2021\/05\/belice-fronteras-1068x534.jpg","source_url_webp":"https:\/\/www.visitcentroamerica.com\/sala-prensa\/wp-content\/uploads\/2021\/05\/belice-fronteras-1068x534.webp"},"td_0x420":{"file":"belice-fronteras-840x420.jpg","width":840,"height":420,"filesize":50171,"mime_type":"image\/jpeg","source_url":"https:\/\/www.visitcentroamerica.com\/sala-prensa\/wp-content\/uploads\/2021\/05\/belice-fronteras-840x420.jpg","source_url_webp":"https:\/\/www.visitcentroamerica.com\/sala-prensa\/wp-content\/uploads\/2021\/05\/belice-fronteras-840x420.webp"},"td_80x60":{"file":"belice-fronteras-80x60.jpg","width":80,"height":60,"filesize":2837,"mime_type":"image\/jpeg","source_url":"https:\/\/www.visitcentroamerica.com\/sala-prensa\/wp-content\/uploads\/2021\/05\/belice-fronteras-80x60.jpg"},"td_100x70":{"file":"belice-fronteras-100x70.jpg","width":100,"height":70,"filesize":3518,"mime_type":"image\/jpeg","source_url":"https:\/\/www.visitcentroamerica.com\/sala-prensa\/wp-content\/uploads\/2021\/05\/belice-fronteras-100x70.jpg"},"td_265x198":{"file":"belice-fronteras-265x198.jpg","width":265,"height":198,"filesize":11696,"mime_type":"image\/jpeg","source_url":"https:\/\/www.visitcentroamerica.com\/sala-prensa\/wp-content\/uploads\/2021\/05\/belice-fronteras-265x198.jpg","source_url_webp":"https:\/\/www.visitcentroamerica.com\/sala-prensa\/wp-content\/uploads\/2021\/05\/belice-fronteras-265x198.webp"},"td_324x160":{"file":"belice-fronteras-324x160.jpg","width":324,"height":160,"filesize":16013,"mime_type":"image\/jpeg","source_url":"https:\/\/www.visitcentroamerica.com\/sala-prensa\/wp-content\/uploads\/2021\/05\/belice-fronteras-324x160.jpg","source_url_webp":"https:\/\/www.visitcentroamerica.com\/sala-prensa\/wp-content\/uploads\/2021\/05\/belice-fronteras-324x160.webp"},"td_324x235":{"file":"belice-fronteras-324x235.jpg","width":324,"height":235,"filesize":17590,"mime_type":"image\/jpeg","source_url":"https:\/\/www.visitcentroamerica.com\/sala-prensa\/wp-content\/uploads\/2021\/05\/belice-fronteras-324x235.jpg","source_url_webp":"https:\/\/www.visitcentroamerica.com\/sala-prensa\/wp-content\/uploads\/2021\/05\/belice-fronteras-324x235.webp"},"td_356x220":{"file":"belice-fronteras-356x220.jpg","width":356,"height":220,"filesize":18664,"mime_type":"image\/jpeg","source_url":"https:\/\/www.visitcentroamerica.com\/sala-prensa\/wp-content\/uploads\/2021\/05\/belice-fronteras-356x220.jpg","source_url_webp":"https:\/\/www.visitcentroamerica.com\/sala-prensa\/wp-content\/uploads\/2021\/05\/belice-fronteras-356x220.webp"},"td_356x364":{"file":"belice-fronteras-356x364.jpg","width":356,"height":364,"filesize":21002,"mime_type":"image\/jpeg","source_url":"https:\/\/www.visitcentroamerica.com\/sala-prensa\/wp-content\/uploads\/2021\/05\/belice-fronteras-356x364.jpg","source_url_webp":"https:\/\/www.visitcentroamerica.com\/sala-prensa\/wp-content\/uploads\/2021\/05\/belice-fronteras-356x364.webp"},"td_533x261":{"file":"belice-fronteras-533x261.jpg","width":533,"height":261,"filesize":29443,"mime_type":"image\/jpeg","source_url":"https:\/\/www.visitcentroamerica.com\/sala-prensa\/wp-content\/uploads\/2021\/05\/belice-fronteras-533x261.jpg","source_url_webp":"https:\/\/www.visitcentroamerica.com\/sala-prensa\/wp-content\/uploads\/2021\/05\/belice-fronteras-533x261.webp"},"td_534x462":{"file":"belice-fronteras-534x462.jpg","width":534,"height":462,"filesize":28221,"mime_type":"image\/jpeg","source_url":"https:\/\/www.visitcentroamerica.com\/sala-prensa\/wp-content\/uploads\/2021\/05\/belice-fronteras-534x462.jpg","source_url_webp":"https:\/\/www.visitcentroamerica.com\/sala-prensa\/wp-content\/uploads\/2021\/05\/belice-fronteras-534x462.webp"},"td_696x385":{"file":"belice-fronteras-696x385.jpg","width":696,"height":385,"filesize":56907,"mime_type":"image\/jpeg","source_url":"https:\/\/www.visitcentroamerica.com\/sala-prensa\/wp-content\/uploads\/2021\/05\/belice-fronteras-696x385.jpg","source_url_webp":"https:\/\/www.visitcentroamerica.com\/sala-prensa\/wp-content\/uploads\/2021\/05\/belice-fronteras-696x385.webp"},"td_741x486":{"file":"belice-fronteras-741x486.jpg","width":741,"height":486,"filesize":45195,"mime_type":"image\/jpeg","source_url":"https:\/\/www.visitcentroamerica.com\/sala-prensa\/wp-content\/uploads\/2021\/05\/belice-fronteras-741x486.jpg","source_url_webp":"https:\/\/www.visitcentroamerica.com\/sala-prensa\/wp-content\/uploads\/2021\/05\/belice-fronteras-741x486.webp"},"fgm-2-6":{"file":"belice-fronteras-1000x600.jpg","width":1000,"height":600,"filesize":106294,"mime_type":"image\/jpeg","source_url":"https:\/\/www.visitcentroamerica.com\/sala-prensa\/wp-content\/uploads\/2021\/05\/belice-fronteras-1000x600.jpg","source_url_webp":"https:\/\/www.visitcentroamerica.com\/sala-prensa\/wp-content\/uploads\/2021\/05\/belice-fronteras-1000x600.webp"},"fgm_default":{"file":"belice-fronteras-1000x600.jpg","width":1000,"height":600,"mime_type":"image\/jpeg","source_url":"https:\/\/www.visitcentroamerica.com\/sala-prensa\/wp-content\/uploads\/2021\/05\/belice-fronteras-1000x600.jpg","source_url_webp":"https:\/\/www.visitcentroamerica.com\/sala-prensa\/wp-content\/uploads\/2021\/05\/belice-fronteras-1000x600.webp"},"fg-masonry":{"file":"belice-fronteras-500x250.jpg","width":500,"height":250,"filesize":27327,"mime_type":"image\/jpeg","source_url":"https:\/\/www.visitcentroamerica.com\/sala-prensa\/wp-content\/uploads\/2021\/05\/belice-fronteras-500x250.jpg","source_url_webp":"https:\/\/www.visitcentroamerica.com\/sala-prensa\/wp-content\/uploads\/2021\/05\/belice-fronteras-500x250.webp"},"fg-normal":{"file":"belice-fronteras-800x600.jpg","width":800,"height":600,"filesize":53311,"mime_type":"image\/jpeg","source_url":"https:\/\/www.visitcentroamerica.com\/sala-prensa\/wp-content\/uploads\/2021\/05\/belice-fronteras-800x600.jpg","source_url_webp":"https:\/\/www.visitcentroamerica.com\/sala-prensa\/wp-content\/uploads\/2021\/05\/belice-fronteras-800x600.webp"},"full":{"file":"belice-fronteras.jpg","width":1200,"height":600,"mime_type":"image\/jpeg","source_url":"https:\/\/www.visitcentroamerica.com\/sala-prensa\/wp-content\/uploads\/2021\/05\/belice-fronteras.jpg"}},"image_meta":{"aperture":"0","credit":"","camera":"","caption":"","created_timestamp":"0","copyright":"","focal_length":"0","iso":"0","shutter_speed":"0","title":"","orientation":"0","keywords":[]},"filesize":110064},"post":12054,"source_url":"https:\/\/www.visitcentroamerica.com\/sala-prensa\/wp-content\/uploads\/2021\/05\/belice-fronteras.jpg","source_url_webp":"https:\/\/www.visitcentroamerica.com\/sala-prensa\/wp-content\/uploads\/2021\/05\/belice-fronteras.webp","_links":{"self":[{"href":"https:\/\/www.visitcentroamerica.com\/sala-prensa\/wp-json\/wp\/v2\/media\/12055","targetHints":{"allow":["GET"]}}],"collection":[{"href":"https:\/\/www.visitcentroamerica.com\/sala-prensa\/wp-json\/wp\/v2\/media"}],"about":[{"href":"https:\/\/www.visitcentroamerica.com\/sala-prensa\/wp-json\/wp\/v2\/types\/attachment"}],"author":[{"embeddable":true,"href":"https:\/\/www.visitcentroamerica.com\/sala-prensa\/wp-json\/wp\/v2\/users\/5"}],"replies":[{"embeddable":true,"href":"https:\/\/www.visitcentroamerica.com\/sala-prensa\/wp-json\/wp\/v2\/comments?post=12055"}],"wp:attached-to":[{"embeddable":true,"post_type":"post","id":12054,"href":"https:\/\/www.visitcentroamerica.com\/sala-prensa\/wp-json\/wp\/v2\/posts\/12054"}],"curies":[{"name":"wp","href":"https:\/\/api.w.org\/{rel}","templated":true}]}}