{"id":10596,"date":"2020-07-14T08:23:06","date_gmt":"2020-07-14T08:23:06","guid":{"rendered":"https:\/\/www.visitcentroamerica.com\/sala-prensa\/wp-content\/uploads\/2020\/07\/lago-atitlan-cuerpo-guatemala-centroamerica.jpg"},"modified":"2020-07-14T08:23:16","modified_gmt":"2020-07-14T08:23:16","slug":"lago-atitlan-cuerpo-guatemala-centroamerica","status":"inherit","type":"attachment","link":"https:\/\/www.visitcentroamerica.com\/sala-prensa\/viajar\/lugares-increibles-centroamerica-inspiran-paz\/attachment\/lago-atitlan-cuerpo-guatemala-centroamerica\/","title":{"rendered":"Lugares incre\u00edbles &#8211; Guatemala &#8211; Lago Atitl\u00e1n &#8211; Centroam\u00e9rica"},"author":5,"featured_media":0,"comment_status":"open","ping_status":"closed","template":"","meta":[],"class_list":["post-10596","attachment","type-attachment","status-inherit"],"yoast_head":"<!-- This site is optimized with the Yoast SEO plugin v27.3 - https:\/\/yoast.com\/product\/yoast-seo-wordpress\/ -->\n<title>Lugares incre\u00edbles - Guatemala - Lago Atitl\u00e1n - Centroam\u00e9rica - Sala de prensa<\/title>\n<meta name=\"robots\" content=\"index, follow, max-snippet:-1, max-image-preview:large, max-video-preview:-1\" \/>\n<link rel=\"canonical\" href=\"https:\/\/www.visitcentroamerica.com\/sala-prensa\/viajar\/lugares-increibles-centroamerica-inspiran-paz\/attachment\/lago-atitlan-cuerpo-guatemala-centroamerica\/\" \/>\n<meta property=\"og:locale\" content=\"es_ES\" \/>\n<meta property=\"og:type\" content=\"article\" \/>\n<meta property=\"og:title\" content=\"Lugares incre\u00edbles - Guatemala - Lago Atitl\u00e1n - Centroam\u00e9rica - Sala de prensa\" \/>\n<meta property=\"og:url\" content=\"https:\/\/www.visitcentroamerica.com\/sala-prensa\/viajar\/lugares-increibles-centroamerica-inspiran-paz\/attachment\/lago-atitlan-cuerpo-guatemala-centroamerica\/\" \/>\n<meta property=\"og:site_name\" content=\"Sala de prensa\" \/>\n<meta property=\"article:modified_time\" content=\"2020-07-14T08:23:16+00:00\" \/>\n<meta property=\"og:image\" content=\"https:\/\/www.visitcentroamerica.com\/sala-prensa\/wp-content\/uploads\/2020\/07\/lago-atitlan-cuerpo-guatemala-centroamerica.jpg\" \/>\n\t<meta property=\"og:image:width\" content=\"696\" \/>\n\t<meta property=\"og:image:height\" content=\"400\" \/>\n\t<meta property=\"og:image:type\" content=\"image\/jpeg\" \/>\n<meta name=\"twitter:card\" content=\"summary_large_image\" \/>\n<script type=\"application\/ld+json\" class=\"yoast-schema-graph\">{\"@context\":\"https:\\\/\\\/schema.org\",\"@graph\":[{\"@type\":\"WebPage\",\"@id\":\"https:\\\/\\\/www.visitcentroamerica.com\\\/sala-prensa\\\/viajar\\\/lugares-increibles-centroamerica-inspiran-paz\\\/attachment\\\/lago-atitlan-cuerpo-guatemala-centroamerica\\\/\",\"url\":\"https:\\\/\\\/www.visitcentroamerica.com\\\/sala-prensa\\\/viajar\\\/lugares-increibles-centroamerica-inspiran-paz\\\/attachment\\\/lago-atitlan-cuerpo-guatemala-centroamerica\\\/\",\"name\":\"Lugares incre\u00edbles - Guatemala - Lago Atitl\u00e1n - Centroam\u00e9rica - Sala de prensa\",\"isPartOf\":{\"@id\":\"https:\\\/\\\/www.visitcentroamerica.com\\\/sala-prensa\\\/#website\"},\"datePublished\":\"2020-07-14T08:23:06+00:00\",\"dateModified\":\"2020-07-14T08:23:16+00:00\",\"breadcrumb\":{\"@id\":\"https:\\\/\\\/www.visitcentroamerica.com\\\/sala-prensa\\\/viajar\\\/lugares-increibles-centroamerica-inspiran-paz\\\/attachment\\\/lago-atitlan-cuerpo-guatemala-centroamerica\\\/#breadcrumb\"},\"inLanguage\":\"es\",\"potentialAction\":[{\"@type\":\"ReadAction\",\"target\":[\"https:\\\/\\\/www.visitcentroamerica.com\\\/sala-prensa\\\/viajar\\\/lugares-increibles-centroamerica-inspiran-paz\\\/attachment\\\/lago-atitlan-cuerpo-guatemala-centroamerica\\\/\"]}]},{\"@type\":\"BreadcrumbList\",\"@id\":\"https:\\\/\\\/www.visitcentroamerica.com\\\/sala-prensa\\\/viajar\\\/lugares-increibles-centroamerica-inspiran-paz\\\/attachment\\\/lago-atitlan-cuerpo-guatemala-centroamerica\\\/#breadcrumb\",\"itemListElement\":[{\"@type\":\"ListItem\",\"position\":1,\"name\":\"Portada\",\"item\":\"https:\\\/\\\/www.visitcentroamerica.com\\\/sala-prensa\\\/\"},{\"@type\":\"ListItem\",\"position\":2,\"name\":\"Lugares incre\u00edbles en Centroam\u00e9rica que inspiran paz\",\"item\":\"https:\\\/\\\/www.visitcentroamerica.com\\\/sala-prensa\\\/viajar\\\/lugares-increibles-centroamerica-inspiran-paz\\\/\"},{\"@type\":\"ListItem\",\"position\":3,\"name\":\"Lugares incre\u00edbles &#8211; Guatemala &#8211; Lago Atitl\u00e1n &#8211; Centroam\u00e9rica\"}]},{\"@type\":\"WebSite\",\"@id\":\"https:\\\/\\\/www.visitcentroamerica.com\\\/sala-prensa\\\/#website\",\"url\":\"https:\\\/\\\/www.visitcentroamerica.com\\\/sala-prensa\\\/\",\"name\":\"Sala de prensa\",\"description\":\"\",\"potentialAction\":[{\"@type\":\"SearchAction\",\"target\":{\"@type\":\"EntryPoint\",\"urlTemplate\":\"https:\\\/\\\/www.visitcentroamerica.com\\\/sala-prensa\\\/?s={search_term_string}\"},\"query-input\":{\"@type\":\"PropertyValueSpecification\",\"valueRequired\":true,\"valueName\":\"search_term_string\"}}],\"inLanguage\":\"es\"}]}<\/script>\n<!-- \/ Yoast SEO plugin. -->","yoast_head_json":{"title":"Lugares incre\u00edbles - Guatemala - Lago Atitl\u00e1n - Centroam\u00e9rica - Sala de prensa","robots":{"index":"index","follow":"follow","max-snippet":"max-snippet:-1","max-image-preview":"max-image-preview:large","max-video-preview":"max-video-preview:-1"},"canonical":"https:\/\/www.visitcentroamerica.com\/sala-prensa\/viajar\/lugares-increibles-centroamerica-inspiran-paz\/attachment\/lago-atitlan-cuerpo-guatemala-centroamerica\/","og_locale":"es_ES","og_type":"article","og_title":"Lugares incre\u00edbles - Guatemala - Lago Atitl\u00e1n - Centroam\u00e9rica - Sala de prensa","og_url":"https:\/\/www.visitcentroamerica.com\/sala-prensa\/viajar\/lugares-increibles-centroamerica-inspiran-paz\/attachment\/lago-atitlan-cuerpo-guatemala-centroamerica\/","og_site_name":"Sala de prensa","article_modified_time":"2020-07-14T08:23:16+00:00","og_image":[{"width":696,"height":400,"url":"https:\/\/www.visitcentroamerica.com\/sala-prensa\/wp-content\/uploads\/2020\/07\/lago-atitlan-cuerpo-guatemala-centroamerica.jpg","type":"image\/jpeg"}],"twitter_card":"summary_large_image","schema":{"@context":"https:\/\/schema.org","@graph":[{"@type":"WebPage","@id":"https:\/\/www.visitcentroamerica.com\/sala-prensa\/viajar\/lugares-increibles-centroamerica-inspiran-paz\/attachment\/lago-atitlan-cuerpo-guatemala-centroamerica\/","url":"https:\/\/www.visitcentroamerica.com\/sala-prensa\/viajar\/lugares-increibles-centroamerica-inspiran-paz\/attachment\/lago-atitlan-cuerpo-guatemala-centroamerica\/","name":"Lugares incre\u00edbles - Guatemala - Lago Atitl\u00e1n - Centroam\u00e9rica - Sala de prensa","isPartOf":{"@id":"https:\/\/www.visitcentroamerica.com\/sala-prensa\/#website"},"datePublished":"2020-07-14T08:23:06+00:00","dateModified":"2020-07-14T08:23:16+00:00","breadcrumb":{"@id":"https:\/\/www.visitcentroamerica.com\/sala-prensa\/viajar\/lugares-increibles-centroamerica-inspiran-paz\/attachment\/lago-atitlan-cuerpo-guatemala-centroamerica\/#breadcrumb"},"inLanguage":"es","potentialAction":[{"@type":"ReadAction","target":["https:\/\/www.visitcentroamerica.com\/sala-prensa\/viajar\/lugares-increibles-centroamerica-inspiran-paz\/attachment\/lago-atitlan-cuerpo-guatemala-centroamerica\/"]}]},{"@type":"BreadcrumbList","@id":"https:\/\/www.visitcentroamerica.com\/sala-prensa\/viajar\/lugares-increibles-centroamerica-inspiran-paz\/attachment\/lago-atitlan-cuerpo-guatemala-centroamerica\/#breadcrumb","itemListElement":[{"@type":"ListItem","position":1,"name":"Portada","item":"https:\/\/www.visitcentroamerica.com\/sala-prensa\/"},{"@type":"ListItem","position":2,"name":"Lugares incre\u00edbles en Centroam\u00e9rica que inspiran paz","item":"https:\/\/www.visitcentroamerica.com\/sala-prensa\/viajar\/lugares-increibles-centroamerica-inspiran-paz\/"},{"@type":"ListItem","position":3,"name":"Lugares incre\u00edbles &#8211; Guatemala &#8211; Lago Atitl\u00e1n &#8211; Centroam\u00e9rica"}]},{"@type":"WebSite","@id":"https:\/\/www.visitcentroamerica.com\/sala-prensa\/#website","url":"https:\/\/www.visitcentroamerica.com\/sala-prensa\/","name":"Sala de prensa","description":"","potentialAction":[{"@type":"SearchAction","target":{"@type":"EntryPoint","urlTemplate":"https:\/\/www.visitcentroamerica.com\/sala-prensa\/?s={search_term_string}"},"query-input":{"@type":"PropertyValueSpecification","valueRequired":true,"valueName":"search_term_string"}}],"inLanguage":"es"}]}},"description":{"rendered":"<p class=\"attachment\"><a href='https:\/\/www.visitcentroamerica.com\/sala-prensa\/wp-content\/uploads\/2020\/07\/lago-atitlan-cuerpo-guatemala-centroamerica.jpg'><img loading=\"lazy\" decoding=\"async\" width=\"300\" height=\"172\" src=\"https:\/\/www.visitcentroamerica.com\/sala-prensa\/wp-content\/uploads\/2020\/07\/lago-atitlan-cuerpo-guatemala-centroamerica-300x172.jpg\" class=\"attachment-medium size-medium\" alt=\"Lugares incre\u00edbles - Guatemala - Lago Atitl\u00e1n - Centroam\u00e9rica\" srcset=\"https:\/\/www.visitcentroamerica.com\/sala-prensa\/wp-content\/uploads\/2020\/07\/lago-atitlan-cuerpo-guatemala-centroamerica-300x172.jpg 300w, https:\/\/www.visitcentroamerica.com\/sala-prensa\/wp-content\/uploads\/2020\/07\/lago-atitlan-cuerpo-guatemala-centroamerica-600x345.jpg 600w, https:\/\/www.visitcentroamerica.com\/sala-prensa\/wp-content\/uploads\/2020\/07\/lago-atitlan-cuerpo-guatemala-centroamerica-200x115.jpg 200w, https:\/\/www.visitcentroamerica.com\/sala-prensa\/wp-content\/uploads\/2020\/07\/lago-atitlan-cuerpo-guatemala-centroamerica-500x287.jpg 500w, https:\/\/www.visitcentroamerica.com\/sala-prensa\/wp-content\/uploads\/2020\/07\/lago-atitlan-cuerpo-guatemala-centroamerica.jpg 696w\" sizes=\"auto, (max-width: 300px) 100vw, 300px\" \/><\/a><\/p>\n"},"caption":{"rendered":""},"alt_text":"Lugares incre\u00edbles - Guatemala - Lago Atitl\u00e1n - Centroam\u00e9rica","media_type":"image","mime_type":"image\/jpeg","media_details":{"width":696,"height":400,"file":"2020\/07\/lago-atitlan-cuerpo-guatemala-centroamerica.jpg","sizes":{"medium":{"file":"lago-atitlan-cuerpo-guatemala-centroamerica-300x172.jpg","width":300,"height":172,"filesize":8755,"mime_type":"image\/jpeg","source_url":"https:\/\/www.visitcentroamerica.com\/sala-prensa\/wp-content\/uploads\/2020\/07\/lago-atitlan-cuerpo-guatemala-centroamerica-300x172.jpg","source_url_webp":"https:\/\/www.visitcentroamerica.com\/sala-prensa\/wp-content\/uploads\/2020\/07\/lago-atitlan-cuerpo-guatemala-centroamerica-300x172.webp"},"thumbnail":{"file":"lago-atitlan-cuerpo-guatemala-centroamerica-150x150.jpg","width":150,"height":150,"filesize":5423,"mime_type":"image\/jpeg","source_url":"https:\/\/www.visitcentroamerica.com\/sala-prensa\/wp-content\/uploads\/2020\/07\/lago-atitlan-cuerpo-guatemala-centroamerica-150x150.jpg","source_url_webp":"https:\/\/www.visitcentroamerica.com\/sala-prensa\/wp-content\/uploads\/2020\/07\/lago-atitlan-cuerpo-guatemala-centroamerica-150x150.webp"},"amphtml-image":{"file":"lago-atitlan-cuerpo-guatemala-centroamerica-600x345.jpg","width":600,"height":345,"filesize":24448,"mime_type":"image\/jpeg","source_url":"https:\/\/www.visitcentroamerica.com\/sala-prensa\/wp-content\/uploads\/2020\/07\/lago-atitlan-cuerpo-guatemala-centroamerica-600x345.jpg","source_url_webp":"https:\/\/www.visitcentroamerica.com\/sala-prensa\/wp-content\/uploads\/2020\/07\/lago-atitlan-cuerpo-guatemala-centroamerica-600x345.webp"},"amphtml-image-small":{"file":"lago-atitlan-cuerpo-guatemala-centroamerica-200x115.jpg","width":200,"height":115,"filesize":6165,"mime_type":"image\/jpeg","source_url":"https:\/\/www.visitcentroamerica.com\/sala-prensa\/wp-content\/uploads\/2020\/07\/lago-atitlan-cuerpo-guatemala-centroamerica-200x115.jpg","source_url_webp":"https:\/\/www.visitcentroamerica.com\/sala-prensa\/wp-content\/uploads\/2020\/07\/lago-atitlan-cuerpo-guatemala-centroamerica-200x115.webp"},"td_218x150":{"file":"lago-atitlan-cuerpo-guatemala-centroamerica-218x150.jpg","width":218,"height":150,"filesize":7078,"mime_type":"image\/jpeg","source_url":"https:\/\/www.visitcentroamerica.com\/sala-prensa\/wp-content\/uploads\/2020\/07\/lago-atitlan-cuerpo-guatemala-centroamerica-218x150.jpg","source_url_webp":"https:\/\/www.visitcentroamerica.com\/sala-prensa\/wp-content\/uploads\/2020\/07\/lago-atitlan-cuerpo-guatemala-centroamerica-218x150.webp"},"td_324x400":{"file":"lago-atitlan-cuerpo-guatemala-centroamerica-324x400.jpg","width":324,"height":400,"filesize":16094,"mime_type":"image\/jpeg","source_url":"https:\/\/www.visitcentroamerica.com\/sala-prensa\/wp-content\/uploads\/2020\/07\/lago-atitlan-cuerpo-guatemala-centroamerica-324x400.jpg","source_url_webp":"https:\/\/www.visitcentroamerica.com\/sala-prensa\/wp-content\/uploads\/2020\/07\/lago-atitlan-cuerpo-guatemala-centroamerica-324x400.webp"},"td_80x60":{"file":"lago-atitlan-cuerpo-guatemala-centroamerica-80x60.jpg","width":80,"height":60,"filesize":2512,"mime_type":"image\/jpeg","source_url":"https:\/\/www.visitcentroamerica.com\/sala-prensa\/wp-content\/uploads\/2020\/07\/lago-atitlan-cuerpo-guatemala-centroamerica-80x60.jpg"},"td_100x70":{"file":"lago-atitlan-cuerpo-guatemala-centroamerica-100x70.jpg","width":100,"height":70,"filesize":2987,"mime_type":"image\/jpeg","source_url":"https:\/\/www.visitcentroamerica.com\/sala-prensa\/wp-content\/uploads\/2020\/07\/lago-atitlan-cuerpo-guatemala-centroamerica-100x70.jpg"},"td_265x198":{"file":"lago-atitlan-cuerpo-guatemala-centroamerica-265x198.jpg","width":265,"height":198,"filesize":8358,"mime_type":"image\/jpeg","source_url":"https:\/\/www.visitcentroamerica.com\/sala-prensa\/wp-content\/uploads\/2020\/07\/lago-atitlan-cuerpo-guatemala-centroamerica-265x198.jpg","source_url_webp":"https:\/\/www.visitcentroamerica.com\/sala-prensa\/wp-content\/uploads\/2020\/07\/lago-atitlan-cuerpo-guatemala-centroamerica-265x198.webp"},"td_324x160":{"file":"lago-atitlan-cuerpo-guatemala-centroamerica-324x160.jpg","width":324,"height":160,"filesize":9922,"mime_type":"image\/jpeg","source_url":"https:\/\/www.visitcentroamerica.com\/sala-prensa\/wp-content\/uploads\/2020\/07\/lago-atitlan-cuerpo-guatemala-centroamerica-324x160.jpg","source_url_webp":"https:\/\/www.visitcentroamerica.com\/sala-prensa\/wp-content\/uploads\/2020\/07\/lago-atitlan-cuerpo-guatemala-centroamerica-324x160.webp"},"td_324x235":{"file":"lago-atitlan-cuerpo-guatemala-centroamerica-324x235.jpg","width":324,"height":235,"filesize":12272,"mime_type":"image\/jpeg","source_url":"https:\/\/www.visitcentroamerica.com\/sala-prensa\/wp-content\/uploads\/2020\/07\/lago-atitlan-cuerpo-guatemala-centroamerica-324x235.jpg","source_url_webp":"https:\/\/www.visitcentroamerica.com\/sala-prensa\/wp-content\/uploads\/2020\/07\/lago-atitlan-cuerpo-guatemala-centroamerica-324x235.webp"},"td_356x220":{"file":"lago-atitlan-cuerpo-guatemala-centroamerica-356x220.jpg","width":356,"height":220,"filesize":12948,"mime_type":"image\/jpeg","source_url":"https:\/\/www.visitcentroamerica.com\/sala-prensa\/wp-content\/uploads\/2020\/07\/lago-atitlan-cuerpo-guatemala-centroamerica-356x220.jpg","source_url_webp":"https:\/\/www.visitcentroamerica.com\/sala-prensa\/wp-content\/uploads\/2020\/07\/lago-atitlan-cuerpo-guatemala-centroamerica-356x220.webp"},"td_356x364":{"file":"lago-atitlan-cuerpo-guatemala-centroamerica-356x364.jpg","width":356,"height":364,"filesize":15650,"mime_type":"image\/jpeg","source_url":"https:\/\/www.visitcentroamerica.com\/sala-prensa\/wp-content\/uploads\/2020\/07\/lago-atitlan-cuerpo-guatemala-centroamerica-356x364.jpg","source_url_webp":"https:\/\/www.visitcentroamerica.com\/sala-prensa\/wp-content\/uploads\/2020\/07\/lago-atitlan-cuerpo-guatemala-centroamerica-356x364.webp"},"td_533x261":{"file":"lago-atitlan-cuerpo-guatemala-centroamerica-533x261.jpg","width":533,"height":261,"filesize":17119,"mime_type":"image\/jpeg","source_url":"https:\/\/www.visitcentroamerica.com\/sala-prensa\/wp-content\/uploads\/2020\/07\/lago-atitlan-cuerpo-guatemala-centroamerica-533x261.jpg","source_url_webp":"https:\/\/www.visitcentroamerica.com\/sala-prensa\/wp-content\/uploads\/2020\/07\/lago-atitlan-cuerpo-guatemala-centroamerica-533x261.webp"},"td_534x462":{"file":"lago-atitlan-cuerpo-guatemala-centroamerica-534x400.jpg","width":534,"height":400,"filesize":19447,"mime_type":"image\/jpeg","source_url":"https:\/\/www.visitcentroamerica.com\/sala-prensa\/wp-content\/uploads\/2020\/07\/lago-atitlan-cuerpo-guatemala-centroamerica-534x400.jpg","source_url_webp":"https:\/\/www.visitcentroamerica.com\/sala-prensa\/wp-content\/uploads\/2020\/07\/lago-atitlan-cuerpo-guatemala-centroamerica-534x400.webp"},"td_696x385":{"file":"lago-atitlan-cuerpo-guatemala-centroamerica-696x385.jpg","width":696,"height":385,"filesize":24348,"mime_type":"image\/jpeg","source_url":"https:\/\/www.visitcentroamerica.com\/sala-prensa\/wp-content\/uploads\/2020\/07\/lago-atitlan-cuerpo-guatemala-centroamerica-696x385.jpg","source_url_webp":"https:\/\/www.visitcentroamerica.com\/sala-prensa\/wp-content\/uploads\/2020\/07\/lago-atitlan-cuerpo-guatemala-centroamerica-696x385.webp"},"fg-masonry":{"file":"lago-atitlan-cuerpo-guatemala-centroamerica-500x287.jpg","width":500,"height":287,"filesize":18734,"mime_type":"image\/jpeg","source_url":"https:\/\/www.visitcentroamerica.com\/sala-prensa\/wp-content\/uploads\/2020\/07\/lago-atitlan-cuerpo-guatemala-centroamerica-500x287.jpg","source_url_webp":"https:\/\/www.visitcentroamerica.com\/sala-prensa\/wp-content\/uploads\/2020\/07\/lago-atitlan-cuerpo-guatemala-centroamerica-500x287.webp"},"full":{"file":"lago-atitlan-cuerpo-guatemala-centroamerica.jpg","width":696,"height":400,"mime_type":"image\/jpeg","source_url":"https:\/\/www.visitcentroamerica.com\/sala-prensa\/wp-content\/uploads\/2020\/07\/lago-atitlan-cuerpo-guatemala-centroamerica.jpg"}},"image_meta":{"aperture":"0","credit":"","camera":"","caption":"","created_timestamp":"0","copyright":"","focal_length":"0","iso":"0","shutter_speed":"0","title":"","orientation":"0","keywords":[]},"filesize":29548},"post":10593,"source_url":"https:\/\/www.visitcentroamerica.com\/sala-prensa\/wp-content\/uploads\/2020\/07\/lago-atitlan-cuerpo-guatemala-centroamerica.jpg","source_url_webp":"https:\/\/www.visitcentroamerica.com\/sala-prensa\/wp-content\/uploads\/2020\/07\/lago-atitlan-cuerpo-guatemala-centroamerica.webp","_links":{"self":[{"href":"https:\/\/www.visitcentroamerica.com\/sala-prensa\/wp-json\/wp\/v2\/media\/10596","targetHints":{"allow":["GET"]}}],"collection":[{"href":"https:\/\/www.visitcentroamerica.com\/sala-prensa\/wp-json\/wp\/v2\/media"}],"about":[{"href":"https:\/\/www.visitcentroamerica.com\/sala-prensa\/wp-json\/wp\/v2\/types\/attachment"}],"author":[{"embeddable":true,"href":"https:\/\/www.visitcentroamerica.com\/sala-prensa\/wp-json\/wp\/v2\/users\/5"}],"replies":[{"embeddable":true,"href":"https:\/\/www.visitcentroamerica.com\/sala-prensa\/wp-json\/wp\/v2\/comments?post=10596"}],"wp:attached-to":[{"embeddable":true,"post_type":"post","id":10593,"href":"https:\/\/www.visitcentroamerica.com\/sala-prensa\/wp-json\/wp\/v2\/posts\/10593"}],"curies":[{"name":"wp","href":"https:\/\/api.w.org\/{rel}","templated":true}]}}