{"version":"1.0","provider_name":"Sala de prensa","provider_url":"https:\/\/www.visitcentroamerica.com\/sala-prensa","title":"Panam\u00e1 presente en ANATO 2025 - Sala de prensa","type":"rich","width":600,"height":338,"html":"<blockquote class=\"wp-embedded-content\" data-secret=\"09g4vx4WlH\"><a href=\"https:\/\/www.visitcentroamerica.com\/sala-prensa\/otros\/panama-presente-en-anato-2025\/\">Panam\u00e1 presente en ANATO 2025<\/a><\/blockquote><iframe sandbox=\"allow-scripts\" security=\"restricted\" src=\"https:\/\/www.visitcentroamerica.com\/sala-prensa\/otros\/panama-presente-en-anato-2025\/embed\/#?secret=09g4vx4WlH\" width=\"600\" height=\"338\" title=\"\u00abPanam\u00e1 presente en ANATO 2025\u00bb \u2014 Sala de prensa\" data-secret=\"09g4vx4WlH\" frameborder=\"0\" marginwidth=\"0\" marginheight=\"0\" scrolling=\"no\" class=\"wp-embedded-content\"><\/iframe><script type=\"text\/javascript\">\n\/* <![CDATA[ *\/\n\/*! This file is auto-generated *\/\n!function(d,l){\"use strict\";l.querySelector&&d.addEventListener&&\"undefined\"!=typeof URL&&(d.wp=d.wp||{},d.wp.receiveEmbedMessage||(d.wp.receiveEmbedMessage=function(e){var t=e.data;if((t||t.secret||t.message||t.value)&&!\/[^a-zA-Z0-9]\/.test(t.secret)){for(var s,r,n,a=l.querySelectorAll('iframe[data-secret=\"'+t.secret+'\"]'),o=l.querySelectorAll('blockquote[data-secret=\"'+t.secret+'\"]'),c=new RegExp(\"^https?:$\",\"i\"),i=0;i<o.length;i++)o[i].style.display=\"none\";for(i=0;i<a.length;i++)s=a[i],e.source===s.contentWindow&&(s.removeAttribute(\"style\"),\"height\"===t.message?(1e3<(r=parseInt(t.value,10))?r=1e3:~~r<200&&(r=200),s.height=r):\"link\"===t.message&&(r=new URL(s.getAttribute(\"src\")),n=new URL(t.value),c.test(n.protocol))&&n.host===r.host&&l.activeElement===s&&(d.top.location.href=t.value))}},d.addEventListener(\"message\",d.wp.receiveEmbedMessage,!1),l.addEventListener(\"DOMContentLoaded\",function(){for(var e,t,s=l.querySelectorAll(\"iframe.wp-embedded-content\"),r=0;r<s.length;r++)(t=(e=s[r]).getAttribute(\"data-secret\"))||(t=Math.random().toString(36).substring(2,12),e.src+=\"#?secret=\"+t,e.setAttribute(\"data-secret\",t)),e.contentWindow.postMessage({message:\"ready\",secret:t},\"*\")},!1)))}(window,document);\n\/\/# sourceURL=https:\/\/www.visitcentroamerica.com\/sala-prensa\/wp-includes\/js\/wp-embed.min.js\n\/* ]]> *\/\n<\/script>\n","thumbnail_url":"https:\/\/www.visitcentroamerica.com\/sala-prensa\/wp-content\/uploads\/2025\/03\/PANAMA-ANATO-4-1152x1536-1.jpg","thumbnail_width":900,"thumbnail_height":1200,"description":"La delegaci\u00f3n paname\u00f1a, encabezada por\u00a0Gloria De Le\u00f3n Zubieta, administradora de Turismo de\u00a0Panam\u00e1, participa activamente en la\u00a0Vitrina Tur\u00edstica ANATO 2025, el evento m\u00e1s importante del sector en la regi\u00f3n. La feria se lleva a cabo del\u00a026 al 28 de febrero\u00a0en\u00a0Bogot\u00e1\u00a0y es una plataforma clave para impulsar el turismo paname\u00f1o. Colombia, un mercado estrat\u00e9gico para Panam\u00e1 La [&hellip;]"}