{"id":18059,"date":"2025-04-07T20:05:10","date_gmt":"2025-04-08T02:05:10","guid":{"rendered":"https:\/\/www.visitcentroamerica.com\/que-ver\/"},"modified":"2025-08-07T01:31:14","modified_gmt":"2025-08-07T07:31:14","slug":"what-to-see","status":"publish","type":"page","link":"https:\/\/www.visitcentroamerica.com\/en\/what-to-see\/","title":{"rendered":"What to see"},"content":{"rendered":"<p><div class=\"fusion-fullwidth fullwidth-box fusion-builder-row-1 fusion-flex-container has-pattern-background has-mask-background hundred-percent-fullwidth non-hundred-percent-height-scrolling\" style=\"--awb-border-radius-top-left:0px;--awb-border-radius-top-right:0px;--awb-border-radius-bottom-right:0px;--awb-border-radius-bottom-left:0px;--awb-padding-right:0px;--awb-padding-left:0px;--awb-margin-bottom:60px;--awb-min-height:420px;--awb-flex-wrap:wrap;\" ><div class=\"fusion-builder-row fusion-row fusion-flex-align-items-stretch fusion-flex-content-wrap\" style=\"width:calc( 100% + 0px ) !important;max-width:calc( 100% + 0px ) !important;margin-left: calc(-0px \/ 2 );margin-right: calc(-0px \/ 2 );\"><div class=\"fusion-layout-column fusion_builder_column fusion-builder-column-0 fusion_builder_column_1_3 1_3 fusion-flex-column fusion-no-small-visibility\" style=\"--awb-padding-right:15px;--awb-bg-color:var(--awb-color2);--awb-bg-color-hover:var(--awb-color2);--awb-bg-size:cover;--awb-width-large:33.333333333333%;--awb-margin-top-large:0px;--awb-spacing-right-large:0px;--awb-margin-bottom-large:0px;--awb-spacing-left-large:0px;--awb-width-medium:33.333333333333%;--awb-order-medium:0;--awb-spacing-right-medium:0px;--awb-spacing-left-medium:0px;--awb-width-small:25%;--awb-order-small:0;--awb-spacing-right-small:0px;--awb-spacing-left-small:0px;\" data-scroll-devices=\"small-visibility,medium-visibility,large-visibility\"><div class=\"fusion-column-wrapper fusion-column-has-shadow fusion-flex-justify-content-center fusion-content-layout-column\"><div class=\"fusion-title title fusion-title-1 fusion-sep-none fusion-title-text fusion-title-size-two pit-banner-list-title\" style=\"--awb-text-color:var(--awb-color1);--awb-margin-top-small:10px;--awb-margin-right-small:0px;--awb-margin-bottom-small:10px;--awb-margin-left-small:0px;--awb-font-size:var(--awb-custom_typography_5-font-size);\"><h2 class=\"fusion-title-heading title-heading-right\" style=\"font-family:var(--awb-custom_typography_5-font-family);font-weight:var(--awb-custom_typography_5-font-weight);font-style:var(--awb-custom_typography_5-font-style);margin:0;letter-spacing:var(--awb-custom_typography_5-letter-spacing);text-transform:var(--awb-custom_typography_5-text-transform);font-size:1em;line-height:var(--awb-custom_typography_5-line-height);\">WHAT<\/h2><\/div><\/div><\/div><div class=\"fusion-layout-column fusion_builder_column fusion-builder-column-1 fusion_builder_column_2_3 2_3 fusion-flex-column fusion-no-small-visibility\" style=\"--awb-padding-left:15px;--awb-bg-image:linear-gradient(45deg, var(--awb-color2) 0%,rgba(255,202,5,0) 40%),url(https:\/\/www.visitcentroamerica.com\/wp-content\/uploads\/2025\/04\/que-ver-banner-centroamerica.webp);;--awb-bg-size:cover;--awb-width-large:66.666666666667%;--awb-margin-top-large:0px;--awb-spacing-right-large:0px;--awb-margin-bottom-large:0px;--awb-spacing-left-large:0px;--awb-width-medium:66.666666666667%;--awb-order-medium:0;--awb-spacing-right-medium:0px;--awb-spacing-left-medium:0px;--awb-width-small:75%;--awb-order-small:0;--awb-spacing-right-small:0px;--awb-spacing-left-small:0px;\" data-scroll-devices=\"small-visibility,medium-visibility,large-visibility\"><div class=\"fusion-column-wrapper fusion-column-has-shadow fusion-flex-justify-content-center fusion-content-layout-column fusion-column-has-bg-image\" data-bg-url=\"https:\/\/www.visitcentroamerica.com\/wp-content\/uploads\/2025\/04\/que-ver-banner-centroamerica.webp\"><div class=\"fusion-title title fusion-title-2 fusion-sep-none fusion-title-text fusion-title-size-two pit-banner-list-title\" style=\"--awb-text-color:var(--awb-color1);--awb-margin-top-small:10px;--awb-margin-right-small:0px;--awb-margin-bottom-small:10px;--awb-margin-left-small:0px;--awb-font-size:var(--awb-custom_typography_1-font-size);\"><h2 class=\"fusion-title-heading title-heading-left\" style=\"font-family:var(--awb-custom_typography_1-font-family);font-weight:var(--awb-custom_typography_1-font-weight);font-style:var(--awb-custom_typography_1-font-style);margin:0;letter-spacing:var(--awb-custom_typography_1-letter-spacing);text-transform:var(--awb-custom_typography_1-text-transform);font-size:1em;line-height:var(--awb-custom_typography_1-line-height);\"><strong>TO SEE<\/strong><\/h2><\/div><\/div><\/div><div class=\"fusion-layout-column fusion_builder_column fusion-builder-column-2 fusion_builder_column_1_1 1_1 fusion-flex-column fusion-no-medium-visibility fusion-no-large-visibility\" style=\"--awb-bg-image:linear-gradient(45deg, var(--awb-color2) 0%,rgba(255,202,5,0) 40%),url(https:\/\/www.visitcentroamerica.com\/wp-content\/uploads\/2025\/04\/que-ver-banner-centroamerica.webp);;--awb-bg-size:cover;--awb-width-large:100%;--awb-margin-top-large:0px;--awb-spacing-right-large:0px;--awb-margin-bottom-large:20px;--awb-spacing-left-large:0px;--awb-width-medium:100%;--awb-order-medium:0;--awb-spacing-right-medium:0px;--awb-spacing-left-medium:0px;--awb-width-small:100%;--awb-order-small:0;--awb-spacing-right-small:0px;--awb-spacing-left-small:0px;\" data-scroll-devices=\"small-visibility,medium-visibility,large-visibility\"><div class=\"fusion-column-wrapper fusion-column-has-shadow fusion-flex-justify-content-center fusion-content-layout-column fusion-column-has-bg-image\" data-bg-url=\"https:\/\/www.visitcentroamerica.com\/wp-content\/uploads\/2025\/04\/que-ver-banner-centroamerica.webp\"><div class=\"fusion-title title fusion-title-3 fusion-sep-none fusion-title-center fusion-title-text fusion-title-size-two pit-banner-list-title\" style=\"--awb-text-color:var(--awb-color1);--awb-margin-top-small:10px;--awb-margin-right-small:0px;--awb-margin-bottom-small:10px;--awb-margin-left-small:0px;--awb-font-size:var(--awb-custom_typography_5-font-size);\"><h2 class=\"fusion-title-heading title-heading-center\" style=\"font-family:var(--awb-custom_typography_5-font-family);font-weight:var(--awb-custom_typography_5-font-weight);font-style:var(--awb-custom_typography_5-font-style);margin:0;letter-spacing:var(--awb-custom_typography_5-letter-spacing);text-transform:var(--awb-custom_typography_5-text-transform);font-size:1em;line-height:var(--awb-custom_typography_5-line-height);\">WHAT <strong>TO SEE<\/strong><\/h2><\/div><\/div><\/div><\/div><\/div><div class=\"fusion-fullwidth fullwidth-box fusion-builder-row-2 fusion-flex-container has-pattern-background has-mask-background nonhundred-percent-fullwidth non-hundred-percent-height-scrolling\" style=\"--awb-border-radius-top-left:0px;--awb-border-radius-top-right:0px;--awb-border-radius-bottom-right:0px;--awb-border-radius-bottom-left:0px;--awb-margin-bottom:60px;--awb-flex-wrap:wrap;\" ><div class=\"fusion-builder-row fusion-row fusion-flex-align-items-stretch fusion-flex-content-wrap\" style=\"max-width:1248px;margin-left: calc(-4% \/ 2 );margin-right: calc(-4% \/ 2 );\"><div class=\"fusion-layout-column fusion_builder_column fusion-builder-column-3 fusion_builder_column_1_3 1_3 fusion-flex-column\" style=\"--awb-bg-size:cover;--awb-border-color:var(--awb-color7);--awb-border-right:1px;--awb-border-style:solid;--awb-width-large:33.333333333333%;--awb-margin-top-large:0px;--awb-spacing-right-large:5.76%;--awb-margin-bottom-large:0px;--awb-spacing-left-large:5.76%;--awb-width-medium:33.333333333333%;--awb-order-medium:0;--awb-spacing-right-medium:5.76%;--awb-spacing-left-medium:5.76%;--awb-width-small:100%;--awb-order-small:0;--awb-spacing-right-small:1.92%;--awb-spacing-left-small:1.92%;\" data-scroll-devices=\"small-visibility,medium-visibility,large-visibility\"><div class=\"fusion-column-wrapper fusion-column-has-shadow fusion-flex-justify-content-flex-start fusion-content-layout-column\"><div class=\"fusion-title title fusion-title-4 fusion-sep-none fusion-title-text fusion-title-size-one\" style=\"--awb-margin-top:0px;--awb-margin-bottom:0px;--awb-margin-top-small:10px;--awb-margin-right-small:0px;--awb-margin-bottom-small:10px;--awb-margin-left-small:0px;\"><h1 class=\"fusion-title-heading title-heading-left\" style=\"margin:0;\"><p>THE BEST<br \/>\nPLACES<br \/>\nTO VISIT<\/p><\/h1><\/div><\/div><\/div><div class=\"fusion-layout-column fusion_builder_column fusion-builder-column-4 fusion_builder_column_2_3 2_3 fusion-flex-column page-intro\" style=\"--awb-bg-size:cover;--awb-width-large:66.666666666667%;--awb-margin-top-large:0px;--awb-spacing-right-large:2.88%;--awb-margin-bottom-large:0px;--awb-spacing-left-large:2.88%;--awb-width-medium:66.666666666667%;--awb-order-medium:0;--awb-spacing-right-medium:2.88%;--awb-spacing-left-medium:2.88%;--awb-width-small:100%;--awb-order-small:0;--awb-spacing-right-small:1.92%;--awb-spacing-left-small:1.92%;\" data-scroll-devices=\"small-visibility,medium-visibility,large-visibility\"><div class=\"fusion-column-wrapper fusion-column-has-shadow fusion-flex-justify-content-flex-start fusion-content-layout-column\"><div class=\"fusion-text fusion-text-1\"><p>If you are adventurous, want to be surprised or simply enjoy yourself, find in our website more than 120 tourist destinations in Central America and the Dominican Republic.<\/p>\n<p>From Mayan archaeological sites, to the most stunning nature reserves, volcanoes, paradisiacal beaches, colonial buildings or the most fascinating adventures.<\/p>\n<\/div><\/div><\/div><\/div><\/div><div class=\"fusion-fullwidth fullwidth-box fusion-builder-row-3 fusion-flex-container has-pattern-background has-mask-background nonhundred-percent-fullwidth non-hundred-percent-height-scrolling\" style=\"--awb-border-radius-top-left:0px;--awb-border-radius-top-right:0px;--awb-border-radius-bottom-right:0px;--awb-border-radius-bottom-left:0px;--awb-flex-wrap:wrap;\" ><div class=\"fusion-builder-row fusion-row fusion-flex-align-items-flex-start fusion-flex-content-wrap\" style=\"max-width:1248px;margin-left: calc(-4% \/ 2 );margin-right: calc(-4% \/ 2 );\"><div class=\"fusion-layout-column fusion_builder_column fusion-builder-column-5 fusion_builder_column_1_1 1_1 fusion-flex-column\" style=\"--awb-bg-size:cover;--awb-width-large:100%;--awb-margin-top-large:0px;--awb-spacing-right-large:1.92%;--awb-margin-bottom-large:60px;--awb-spacing-left-large:1.92%;--awb-width-medium:100%;--awb-order-medium:0;--awb-spacing-right-medium:1.92%;--awb-spacing-left-medium:1.92%;--awb-width-small:100%;--awb-order-small:0;--awb-spacing-right-small:1.92%;--awb-spacing-left-small:1.92%;\" data-scroll-devices=\"small-visibility,medium-visibility,large-visibility\"><div class=\"fusion-column-wrapper fusion-column-has-shadow fusion-flex-justify-content-flex-start fusion-content-layout-column\"><div class=\"fusion-title title fusion-title-5 fusion-sep-none fusion-title-text fusion-title-size-two\" style=\"--awb-text-color:var(--awb-color7);--awb-margin-top:0px;--awb-margin-top-small:10px;--awb-margin-right-small:0px;--awb-margin-bottom-small:10px;--awb-margin-left-small:0px;--awb-font-size:var(--awb-custom_typography_5-font-size);\"><h2 class=\"fusion-title-heading title-heading-left\" style=\"font-family:var(--awb-custom_typography_5-font-family);font-weight:var(--awb-custom_typography_5-font-weight);font-style:var(--awb-custom_typography_5-font-style);margin:0;letter-spacing:var(--awb-custom_typography_5-letter-spacing);text-transform:var(--awb-custom_typography_5-text-transform);font-size:1em;line-height:var(--awb-custom_typography_5-line-height);\">Destinations for<br \/>\n<span style=\"color: #14b9d5;\">ADVENTURERS<\/span><\/h2><\/div><div class=\"fusion-post-cards fusion-post-cards-1 awb-carousel awb-swiper awb-swiper-carousel awb-swiper-dots-position-bottom\" style=\"--awb-dots-align:center;--awb-filters-color:var(--awb-color8);--awb-active-filter-border-size:3px;--awb-filters-height:36px;--awb-margin-bottom:60px;\" data-post-type-label=\"pits\" data-autoplay=\"no\" data-autoplayspeed=\"2500\" data-autoplaypause=\"no\" data-loop=\"yes\" data-columns=\"4\" data-columnsmedium=\"0\" data-columnssmall=\"1\" data-itemmargin=\"40\" data-itemwidth=\"180\" data-touchscroll=\"no\" data-freemode=\"no\" data-imagesize=\"auto\" data-scrollitems=\"0\" data-mousepointer=\"default\" data-layout=\"carousel\" data-centeredslides=\"no\" data-shadow=\"no\" data-speed=\"500\" data-rotationangle=\"50\" data-depth=\"100\"><div class=\"swiper-wrapper fusion-flex-align-items-flex-start\"><div class=\"fusion_builder_column fusion-builder-column-6 fusion-flex-column post-card swiper-slide\" style=\"--awb-bg-blend:overlay;--awb-bg-size:cover;--awb-flex-grow:0;--awb-flex-shrink:0;--awb-flex-grow-medium:0;--awb-flex-shrink-medium:0;--awb-flex-grow-small:0;--awb-flex-shrink-small:0;\"><div class=\"fusion-column-wrapper fusion-flex-justify-content-flex-start fusion-content-layout-column fusion-carousel-item-wrapper\"><div class=\"fusion-image-element awb-imageframe-style awb-imageframe-style-below awb-imageframe-style-1\" style=\"text-align:center;--awb-aspect-ratio:1 \/ 1;--awb-object-position:50% 52%;--awb-caption-title-color:var(--awb-color1);--awb-caption-title-font-family:var(--awb-custom_typography_3-font-family);--awb-caption-title-font-weight:var(--awb-custom_typography_3-font-weight);--awb-caption-title-font-style:var(--awb-custom_typography_3-font-style);--awb-caption-title-size:var(--awb-custom_typography_3-font-size);--awb-caption-title-transform:var(--awb-custom_typography_3-text-transform);--awb-caption-title-line-height:var(--awb-custom_typography_3-line-height);--awb-caption-title-letter-spacing:var(--awb-custom_typography_3-letter-spacing);\"><span class=\" fusion-imageframe imageframe-none imageframe-1 hover-type-zoomin has-aspect-ratio card-pit-related\"><a class=\"fusion-no-lightbox\" href=\"https:\/\/www.visitcentroamerica.com\/en\/visit\/los-volcanes-national-park\/\" target=\"_self\"><img decoding=\"async\" width=\"250\" height=\"250\" alt=\"Los Volcanes National Park\" src=\"https:\/\/www.visitcentroamerica.com\/wp-content\/uploads\/2017\/08\/Parque-Nacional-de-los-Volcanes-Thumbnail.webp\" class=\"img-responsive wp-image-14544 img-with-aspect-ratio\" data-parent-fit=\"cover\" data-parent-container=\".fusion-image-element\" srcset=\"https:\/\/www.visitcentroamerica.com\/wp-content\/uploads\/2017\/08\/Parque-Nacional-de-los-Volcanes-Thumbnail-200x200.webp 200w, https:\/\/www.visitcentroamerica.com\/wp-content\/uploads\/2017\/08\/Parque-Nacional-de-los-Volcanes-Thumbnail.webp 250w\" sizes=\"(max-width: 640px) 100vw, 250px\" \/><\/a><\/span><div class=\"awb-imageframe-caption-container\"><div class=\"awb-imageframe-caption\"><h3 class=\"awb-imageframe-caption-title\">Los Volcanes National Park<\/h3><\/div><\/div><\/div><\/div><\/div>\n<div class=\"fusion_builder_column fusion-builder-column-7 fusion-flex-column post-card swiper-slide\" style=\"--awb-bg-blend:overlay;--awb-bg-size:cover;--awb-flex-grow:0;--awb-flex-shrink:0;--awb-flex-grow-medium:0;--awb-flex-shrink-medium:0;--awb-flex-grow-small:0;--awb-flex-shrink-small:0;\"><div class=\"fusion-column-wrapper fusion-flex-justify-content-flex-start fusion-content-layout-column fusion-carousel-item-wrapper\"><div class=\"fusion-image-element awb-imageframe-style awb-imageframe-style-below awb-imageframe-style-2\" style=\"text-align:center;--awb-aspect-ratio:1 \/ 1;--awb-object-position:50% 52%;--awb-caption-title-color:var(--awb-color1);--awb-caption-title-font-family:var(--awb-custom_typography_3-font-family);--awb-caption-title-font-weight:var(--awb-custom_typography_3-font-weight);--awb-caption-title-font-style:var(--awb-custom_typography_3-font-style);--awb-caption-title-size:var(--awb-custom_typography_3-font-size);--awb-caption-title-transform:var(--awb-custom_typography_3-text-transform);--awb-caption-title-line-height:var(--awb-custom_typography_3-line-height);--awb-caption-title-letter-spacing:var(--awb-custom_typography_3-letter-spacing);\"><span class=\" fusion-imageframe imageframe-none imageframe-2 hover-type-zoomin has-aspect-ratio card-pit-related\"><a class=\"fusion-no-lightbox\" href=\"https:\/\/www.visitcentroamerica.com\/en\/visit\/uaxactun-indigenous-community\/\" target=\"_self\"><img decoding=\"async\" width=\"250\" height=\"250\" alt=\"Uaxact\u00fan Indigenous Community\" src=\"https:\/\/www.visitcentroamerica.com\/wp-content\/uploads\/2025\/04\/GT-Comunidad-Indigena-Uaxactun-Thumbnail.webp\" class=\"img-responsive wp-image-14699 img-with-aspect-ratio\" data-parent-fit=\"cover\" data-parent-container=\".fusion-image-element\" srcset=\"https:\/\/www.visitcentroamerica.com\/wp-content\/uploads\/2025\/04\/GT-Comunidad-Indigena-Uaxactun-Thumbnail-200x200.webp 200w, https:\/\/www.visitcentroamerica.com\/wp-content\/uploads\/2025\/04\/GT-Comunidad-Indigena-Uaxactun-Thumbnail.webp 250w\" sizes=\"(max-width: 640px) 100vw, 250px\" \/><\/a><\/span><div class=\"awb-imageframe-caption-container\"><div class=\"awb-imageframe-caption\"><h3 class=\"awb-imageframe-caption-title\">Uaxact\u00fan Indigenous Community<\/h3><\/div><\/div><\/div><\/div><\/div>\n<div class=\"fusion_builder_column fusion-builder-column-8 fusion-flex-column post-card swiper-slide\" style=\"--awb-bg-blend:overlay;--awb-bg-size:cover;--awb-flex-grow:0;--awb-flex-shrink:0;--awb-flex-grow-medium:0;--awb-flex-shrink-medium:0;--awb-flex-grow-small:0;--awb-flex-shrink-small:0;\"><div class=\"fusion-column-wrapper fusion-flex-justify-content-flex-start fusion-content-layout-column fusion-carousel-item-wrapper\"><div class=\"fusion-image-element awb-imageframe-style awb-imageframe-style-below awb-imageframe-style-3\" style=\"text-align:center;--awb-aspect-ratio:1 \/ 1;--awb-object-position:50% 52%;--awb-caption-title-color:var(--awb-color1);--awb-caption-title-font-family:var(--awb-custom_typography_3-font-family);--awb-caption-title-font-weight:var(--awb-custom_typography_3-font-weight);--awb-caption-title-font-style:var(--awb-custom_typography_3-font-style);--awb-caption-title-size:var(--awb-custom_typography_3-font-size);--awb-caption-title-transform:var(--awb-custom_typography_3-text-transform);--awb-caption-title-line-height:var(--awb-custom_typography_3-line-height);--awb-caption-title-letter-spacing:var(--awb-custom_typography_3-letter-spacing);\"><span class=\" fusion-imageframe imageframe-none imageframe-3 hover-type-zoomin has-aspect-ratio card-pit-related\"><a class=\"fusion-no-lightbox\" href=\"https:\/\/www.visitcentroamerica.com\/en\/visit\/la-ceiba\/\" target=\"_self\"><img decoding=\"async\" width=\"250\" height=\"250\" alt=\"La Ceiba\" src=\"https:\/\/www.visitcentroamerica.com\/wp-content\/uploads\/2017\/09\/La-Ceiba-Thumbnail.webp\" class=\"img-responsive wp-image-14501 img-with-aspect-ratio\" data-parent-fit=\"cover\" data-parent-container=\".fusion-image-element\" srcset=\"https:\/\/www.visitcentroamerica.com\/wp-content\/uploads\/2017\/09\/La-Ceiba-Thumbnail-200x200.webp 200w, https:\/\/www.visitcentroamerica.com\/wp-content\/uploads\/2017\/09\/La-Ceiba-Thumbnail.webp 250w\" sizes=\"(max-width: 640px) 100vw, 250px\" \/><\/a><\/span><div class=\"awb-imageframe-caption-container\"><div class=\"awb-imageframe-caption\"><h3 class=\"awb-imageframe-caption-title\">La Ceiba<\/h3><\/div><\/div><\/div><\/div><\/div>\n<div class=\"fusion_builder_column fusion-builder-column-9 fusion-flex-column post-card swiper-slide\" style=\"--awb-bg-blend:overlay;--awb-bg-size:cover;--awb-flex-grow:0;--awb-flex-shrink:0;--awb-flex-grow-medium:0;--awb-flex-shrink-medium:0;--awb-flex-grow-small:0;--awb-flex-shrink-small:0;\"><div class=\"fusion-column-wrapper fusion-flex-justify-content-flex-start fusion-content-layout-column fusion-carousel-item-wrapper\"><div class=\"fusion-image-element awb-imageframe-style awb-imageframe-style-below awb-imageframe-style-4\" style=\"text-align:center;--awb-aspect-ratio:1 \/ 1;--awb-object-position:50% 52%;--awb-caption-title-color:var(--awb-color1);--awb-caption-title-font-family:var(--awb-custom_typography_3-font-family);--awb-caption-title-font-weight:var(--awb-custom_typography_3-font-weight);--awb-caption-title-font-style:var(--awb-custom_typography_3-font-style);--awb-caption-title-size:var(--awb-custom_typography_3-font-size);--awb-caption-title-transform:var(--awb-custom_typography_3-text-transform);--awb-caption-title-line-height:var(--awb-custom_typography_3-line-height);--awb-caption-title-letter-spacing:var(--awb-custom_typography_3-letter-spacing);\"><span class=\" fusion-imageframe imageframe-none imageframe-4 hover-type-zoomin has-aspect-ratio card-pit-related\"><a class=\"fusion-no-lightbox\" href=\"https:\/\/www.visitcentroamerica.com\/en\/visit\/the-verapaces\/\" target=\"_self\"><img decoding=\"async\" width=\"250\" height=\"250\" alt=\"The Verapaces\" src=\"https:\/\/www.visitcentroamerica.com\/wp-content\/uploads\/2023\/09\/Las-Verapaces-Thumbnail.webp\" class=\"img-responsive wp-image-14524 img-with-aspect-ratio\" data-parent-fit=\"cover\" data-parent-container=\".fusion-image-element\" srcset=\"https:\/\/www.visitcentroamerica.com\/wp-content\/uploads\/2023\/09\/Las-Verapaces-Thumbnail-200x200.webp 200w, https:\/\/www.visitcentroamerica.com\/wp-content\/uploads\/2023\/09\/Las-Verapaces-Thumbnail.webp 250w\" sizes=\"(max-width: 640px) 100vw, 250px\" \/><\/a><\/span><div class=\"awb-imageframe-caption-container\"><div class=\"awb-imageframe-caption\"><h3 class=\"awb-imageframe-caption-title\">The Verapaces<\/h3><\/div><\/div><\/div><\/div><\/div>\n<div class=\"fusion_builder_column fusion-builder-column-10 fusion-flex-column post-card swiper-slide\" style=\"--awb-bg-blend:overlay;--awb-bg-size:cover;--awb-flex-grow:0;--awb-flex-shrink:0;--awb-flex-grow-medium:0;--awb-flex-shrink-medium:0;--awb-flex-grow-small:0;--awb-flex-shrink-small:0;\"><div class=\"fusion-column-wrapper fusion-flex-justify-content-flex-start fusion-content-layout-column fusion-carousel-item-wrapper\"><div class=\"fusion-image-element awb-imageframe-style awb-imageframe-style-below awb-imageframe-style-5\" style=\"text-align:center;--awb-aspect-ratio:1 \/ 1;--awb-object-position:50% 52%;--awb-caption-title-color:var(--awb-color1);--awb-caption-title-font-family:var(--awb-custom_typography_3-font-family);--awb-caption-title-font-weight:var(--awb-custom_typography_3-font-weight);--awb-caption-title-font-style:var(--awb-custom_typography_3-font-style);--awb-caption-title-size:var(--awb-custom_typography_3-font-size);--awb-caption-title-transform:var(--awb-custom_typography_3-text-transform);--awb-caption-title-line-height:var(--awb-custom_typography_3-line-height);--awb-caption-title-letter-spacing:var(--awb-custom_typography_3-letter-spacing);\"><span class=\" fusion-imageframe imageframe-none imageframe-5 hover-type-zoomin has-aspect-ratio card-pit-related\"><a class=\"fusion-no-lightbox\" href=\"https:\/\/www.visitcentroamerica.com\/en\/visit\/elijio-panti-national-park\/\" target=\"_self\"><img decoding=\"async\" width=\"250\" height=\"250\" alt=\"Elijio Panti National Park\" src=\"https:\/\/www.visitcentroamerica.com\/wp-content\/uploads\/2025\/04\/BE-Parque-Nacional-Elijio-Panti-Thumbnail.webp\" class=\"img-responsive wp-image-14641 img-with-aspect-ratio\" data-parent-fit=\"cover\" data-parent-container=\".fusion-image-element\" srcset=\"https:\/\/www.visitcentroamerica.com\/wp-content\/uploads\/2025\/04\/BE-Parque-Nacional-Elijio-Panti-Thumbnail-200x200.webp 200w, https:\/\/www.visitcentroamerica.com\/wp-content\/uploads\/2025\/04\/BE-Parque-Nacional-Elijio-Panti-Thumbnail.webp 250w\" sizes=\"(max-width: 640px) 100vw, 250px\" \/><\/a><\/span><div class=\"awb-imageframe-caption-container\"><div class=\"awb-imageframe-caption\"><h3 class=\"awb-imageframe-caption-title\">Elijio Panti National Park<\/h3><\/div><\/div><\/div><\/div><\/div>\n<div class=\"fusion_builder_column fusion-builder-column-11 fusion-flex-column post-card swiper-slide\" style=\"--awb-bg-blend:overlay;--awb-bg-size:cover;--awb-flex-grow:0;--awb-flex-shrink:0;--awb-flex-grow-medium:0;--awb-flex-shrink-medium:0;--awb-flex-grow-small:0;--awb-flex-shrink-small:0;\"><div class=\"fusion-column-wrapper fusion-flex-justify-content-flex-start fusion-content-layout-column fusion-carousel-item-wrapper\"><div class=\"fusion-image-element awb-imageframe-style awb-imageframe-style-below awb-imageframe-style-6\" style=\"text-align:center;--awb-aspect-ratio:1 \/ 1;--awb-object-position:50% 52%;--awb-caption-title-color:var(--awb-color1);--awb-caption-title-font-family:var(--awb-custom_typography_3-font-family);--awb-caption-title-font-weight:var(--awb-custom_typography_3-font-weight);--awb-caption-title-font-style:var(--awb-custom_typography_3-font-style);--awb-caption-title-size:var(--awb-custom_typography_3-font-size);--awb-caption-title-transform:var(--awb-custom_typography_3-text-transform);--awb-caption-title-line-height:var(--awb-custom_typography_3-line-height);--awb-caption-title-letter-spacing:var(--awb-custom_typography_3-letter-spacing);\"><span class=\" fusion-imageframe imageframe-none imageframe-6 hover-type-zoomin has-aspect-ratio card-pit-related\"><a class=\"fusion-no-lightbox\" href=\"https:\/\/www.visitcentroamerica.com\/en\/visit\/caracol\/\" target=\"_self\"><img decoding=\"async\" width=\"250\" height=\"250\" alt=\"Caracol\" src=\"https:\/\/www.visitcentroamerica.com\/wp-content\/uploads\/2025\/04\/BE-Sitio-Arqueologico-Caracol-Thumbnail.webp\" class=\"img-responsive wp-image-14629 img-with-aspect-ratio\" data-parent-fit=\"cover\" data-parent-container=\".fusion-image-element\" srcset=\"https:\/\/www.visitcentroamerica.com\/wp-content\/uploads\/2025\/04\/BE-Sitio-Arqueologico-Caracol-Thumbnail-200x200.webp 200w, https:\/\/www.visitcentroamerica.com\/wp-content\/uploads\/2025\/04\/BE-Sitio-Arqueologico-Caracol-Thumbnail.webp 250w\" sizes=\"(max-width: 640px) 100vw, 250px\" \/><\/a><\/span><div class=\"awb-imageframe-caption-container\"><div class=\"awb-imageframe-caption\"><h3 class=\"awb-imageframe-caption-title\">Caracol<\/h3><\/div><\/div><\/div><\/div><\/div>\n<div class=\"fusion_builder_column fusion-builder-column-12 fusion-flex-column post-card swiper-slide\" style=\"--awb-bg-blend:overlay;--awb-bg-size:cover;--awb-flex-grow:0;--awb-flex-shrink:0;--awb-flex-grow-medium:0;--awb-flex-shrink-medium:0;--awb-flex-grow-small:0;--awb-flex-shrink-small:0;\"><div class=\"fusion-column-wrapper fusion-flex-justify-content-flex-start fusion-content-layout-column fusion-carousel-item-wrapper\"><div class=\"fusion-image-element awb-imageframe-style awb-imageframe-style-below awb-imageframe-style-7\" style=\"text-align:center;--awb-aspect-ratio:1 \/ 1;--awb-object-position:50% 52%;--awb-caption-title-color:var(--awb-color1);--awb-caption-title-font-family:var(--awb-custom_typography_3-font-family);--awb-caption-title-font-weight:var(--awb-custom_typography_3-font-weight);--awb-caption-title-font-style:var(--awb-custom_typography_3-font-style);--awb-caption-title-size:var(--awb-custom_typography_3-font-size);--awb-caption-title-transform:var(--awb-custom_typography_3-text-transform);--awb-caption-title-line-height:var(--awb-custom_typography_3-line-height);--awb-caption-title-letter-spacing:var(--awb-custom_typography_3-letter-spacing);\"><span class=\" fusion-imageframe imageframe-none imageframe-7 hover-type-zoomin has-aspect-ratio card-pit-related\"><a class=\"fusion-no-lightbox\" href=\"https:\/\/www.visitcentroamerica.com\/en\/visit\/pacaya-volcano-and-calderas-lagoon-national-park\/\" target=\"_self\"><img decoding=\"async\" width=\"250\" height=\"250\" alt=\"Pacaya Volcano and Calderas Lagoon National Park\" src=\"https:\/\/www.visitcentroamerica.com\/wp-content\/uploads\/2025\/04\/GT-Parque-Nacional-Volcan-Pacaya-Thumbnail.webp\" class=\"img-responsive wp-image-14816 img-with-aspect-ratio\" data-parent-fit=\"cover\" data-parent-container=\".fusion-image-element\" srcset=\"https:\/\/www.visitcentroamerica.com\/wp-content\/uploads\/2025\/04\/GT-Parque-Nacional-Volcan-Pacaya-Thumbnail-200x200.webp 200w, https:\/\/www.visitcentroamerica.com\/wp-content\/uploads\/2025\/04\/GT-Parque-Nacional-Volcan-Pacaya-Thumbnail.webp 250w\" sizes=\"(max-width: 640px) 100vw, 250px\" \/><\/a><\/span><div class=\"awb-imageframe-caption-container\"><div class=\"awb-imageframe-caption\"><h3 class=\"awb-imageframe-caption-title\">Pacaya Volcano and Calderas Lagoon National Park<\/h3><\/div><\/div><\/div><\/div><\/div>\n<div class=\"fusion_builder_column fusion-builder-column-13 fusion-flex-column post-card swiper-slide\" style=\"--awb-bg-blend:overlay;--awb-bg-size:cover;--awb-flex-grow:0;--awb-flex-shrink:0;--awb-flex-grow-medium:0;--awb-flex-shrink-medium:0;--awb-flex-grow-small:0;--awb-flex-shrink-small:0;\"><div class=\"fusion-column-wrapper fusion-flex-justify-content-flex-start fusion-content-layout-column fusion-carousel-item-wrapper\"><div class=\"fusion-image-element awb-imageframe-style awb-imageframe-style-below awb-imageframe-style-8\" style=\"text-align:center;--awb-aspect-ratio:1 \/ 1;--awb-object-position:50% 52%;--awb-caption-title-color:var(--awb-color1);--awb-caption-title-font-family:var(--awb-custom_typography_3-font-family);--awb-caption-title-font-weight:var(--awb-custom_typography_3-font-weight);--awb-caption-title-font-style:var(--awb-custom_typography_3-font-style);--awb-caption-title-size:var(--awb-custom_typography_3-font-size);--awb-caption-title-transform:var(--awb-custom_typography_3-text-transform);--awb-caption-title-line-height:var(--awb-custom_typography_3-line-height);--awb-caption-title-letter-spacing:var(--awb-custom_typography_3-letter-spacing);\"><span class=\" fusion-imageframe imageframe-none imageframe-8 hover-type-zoomin has-aspect-ratio card-pit-related\"><a class=\"fusion-no-lightbox\" href=\"https:\/\/www.visitcentroamerica.com\/en\/visit\/cerro-negro-volcano\/\" target=\"_self\"><img decoding=\"async\" width=\"250\" height=\"250\" alt=\"Cerro Negro Volcano\" src=\"https:\/\/www.visitcentroamerica.com\/wp-content\/uploads\/2020\/02\/Cerro-Negro-Thumbnail.webp\" class=\"img-responsive wp-image-14613 img-with-aspect-ratio\" data-parent-fit=\"cover\" data-parent-container=\".fusion-image-element\" srcset=\"https:\/\/www.visitcentroamerica.com\/wp-content\/uploads\/2020\/02\/Cerro-Negro-Thumbnail-200x200.webp 200w, https:\/\/www.visitcentroamerica.com\/wp-content\/uploads\/2020\/02\/Cerro-Negro-Thumbnail.webp 250w\" sizes=\"(max-width: 640px) 100vw, 250px\" \/><\/a><\/span><div class=\"awb-imageframe-caption-container\"><div class=\"awb-imageframe-caption\"><h3 class=\"awb-imageframe-caption-title\">Cerro Negro Volcano<\/h3><\/div><\/div><\/div><\/div><\/div>\n<\/div><div class=\"awb-swiper-button awb-swiper-button-prev\"><i class=\"awb-icon-angle-left\" aria-hidden=\"true\"><\/i><\/div><div class=\"awb-swiper-button awb-swiper-button-next\"><i class=\"awb-icon-angle-right\" aria-hidden=\"true\"><\/i><\/div><\/div><div class=\"fusion-title title fusion-title-6 fusion-sep-none fusion-title-text fusion-title-size-two\" style=\"--awb-text-color:var(--awb-color7);--awb-margin-top:0px;--awb-margin-top-small:10px;--awb-margin-right-small:0px;--awb-margin-bottom-small:10px;--awb-margin-left-small:0px;--awb-font-size:var(--awb-custom_typography_5-font-size);\"><h2 class=\"fusion-title-heading title-heading-left\" style=\"font-family:var(--awb-custom_typography_5-font-family);font-weight:var(--awb-custom_typography_5-font-weight);font-style:var(--awb-custom_typography_5-font-style);margin:0;letter-spacing:var(--awb-custom_typography_5-letter-spacing);text-transform:var(--awb-custom_typography_5-text-transform);font-size:1em;line-height:var(--awb-custom_typography_5-line-height);\">Destinations for<br \/>\n<span style=\"color: #14b9d5;\">ENJOYMENT<\/span><\/h2><\/div><div class=\"fusion-post-cards fusion-post-cards-2 awb-carousel awb-swiper awb-swiper-carousel awb-swiper-dots-position-bottom\" style=\"--awb-dots-align:center;--awb-filters-color:var(--awb-color8);--awb-active-filter-border-size:3px;--awb-filters-height:36px;--awb-margin-bottom:60px;\" data-post-type-label=\"pits\" data-autoplay=\"no\" data-autoplayspeed=\"2500\" data-autoplaypause=\"no\" data-loop=\"yes\" data-columns=\"4\" data-columnsmedium=\"0\" data-columnssmall=\"1\" data-itemmargin=\"40\" data-itemwidth=\"180\" data-touchscroll=\"no\" data-freemode=\"no\" data-imagesize=\"auto\" data-scrollitems=\"0\" data-mousepointer=\"default\" data-layout=\"carousel\" data-centeredslides=\"no\" data-shadow=\"no\" data-speed=\"500\" data-rotationangle=\"50\" data-depth=\"100\"><div class=\"swiper-wrapper fusion-flex-align-items-flex-start\"><div class=\"fusion_builder_column fusion-builder-column-14 fusion-flex-column post-card swiper-slide\" style=\"--awb-bg-blend:overlay;--awb-bg-size:cover;--awb-flex-grow:0;--awb-flex-shrink:0;--awb-flex-grow-medium:0;--awb-flex-shrink-medium:0;--awb-flex-grow-small:0;--awb-flex-shrink-small:0;\"><div class=\"fusion-column-wrapper fusion-flex-justify-content-flex-start fusion-content-layout-column fusion-carousel-item-wrapper\"><div class=\"fusion-image-element awb-imageframe-style awb-imageframe-style-below awb-imageframe-style-9\" style=\"text-align:center;--awb-aspect-ratio:1 \/ 1;--awb-object-position:50% 52%;--awb-caption-title-color:var(--awb-color1);--awb-caption-title-font-family:var(--awb-custom_typography_3-font-family);--awb-caption-title-font-weight:var(--awb-custom_typography_3-font-weight);--awb-caption-title-font-style:var(--awb-custom_typography_3-font-style);--awb-caption-title-size:var(--awb-custom_typography_3-font-size);--awb-caption-title-transform:var(--awb-custom_typography_3-text-transform);--awb-caption-title-line-height:var(--awb-custom_typography_3-line-height);--awb-caption-title-letter-spacing:var(--awb-custom_typography_3-letter-spacing);\"><span class=\" fusion-imageframe imageframe-none imageframe-9 hover-type-zoomin has-aspect-ratio card-pit-related\"><a class=\"fusion-no-lightbox\" href=\"https:\/\/www.visitcentroamerica.com\/en\/visit\/irazu-volcano\/\" target=\"_self\"><img decoding=\"async\" width=\"250\" height=\"250\" alt=\"Iraz\u00fa Volcano\" src=\"https:\/\/www.visitcentroamerica.com\/wp-content\/uploads\/2025\/04\/CR-Volcan-Irazu-Thumbnail.webp\" class=\"img-responsive wp-image-14774 img-with-aspect-ratio\" data-parent-fit=\"cover\" data-parent-container=\".fusion-image-element\" srcset=\"https:\/\/www.visitcentroamerica.com\/wp-content\/uploads\/2025\/04\/CR-Volcan-Irazu-Thumbnail-200x200.webp 200w, https:\/\/www.visitcentroamerica.com\/wp-content\/uploads\/2025\/04\/CR-Volcan-Irazu-Thumbnail.webp 250w\" sizes=\"(max-width: 640px) 100vw, 250px\" \/><\/a><\/span><div class=\"awb-imageframe-caption-container\"><div class=\"awb-imageframe-caption\"><h3 class=\"awb-imageframe-caption-title\">Iraz\u00fa Volcano<\/h3><\/div><\/div><\/div><\/div><\/div>\n<div class=\"fusion_builder_column fusion-builder-column-15 fusion-flex-column post-card swiper-slide\" style=\"--awb-bg-blend:overlay;--awb-bg-size:cover;--awb-flex-grow:0;--awb-flex-shrink:0;--awb-flex-grow-medium:0;--awb-flex-shrink-medium:0;--awb-flex-grow-small:0;--awb-flex-shrink-small:0;\"><div class=\"fusion-column-wrapper fusion-flex-justify-content-flex-start fusion-content-layout-column fusion-carousel-item-wrapper\"><div class=\"fusion-image-element awb-imageframe-style awb-imageframe-style-below awb-imageframe-style-10\" style=\"text-align:center;--awb-aspect-ratio:1 \/ 1;--awb-object-position:50% 52%;--awb-caption-title-color:var(--awb-color1);--awb-caption-title-font-family:var(--awb-custom_typography_3-font-family);--awb-caption-title-font-weight:var(--awb-custom_typography_3-font-weight);--awb-caption-title-font-style:var(--awb-custom_typography_3-font-style);--awb-caption-title-size:var(--awb-custom_typography_3-font-size);--awb-caption-title-transform:var(--awb-custom_typography_3-text-transform);--awb-caption-title-line-height:var(--awb-custom_typography_3-line-height);--awb-caption-title-letter-spacing:var(--awb-custom_typography_3-letter-spacing);\"><span class=\" fusion-imageframe imageframe-none imageframe-10 hover-type-zoomin has-aspect-ratio card-pit-related\"><a class=\"fusion-no-lightbox\" href=\"https:\/\/www.visitcentroamerica.com\/en\/visit\/manuel-antonio-national-park-and-its-beaches\/\" target=\"_self\"><img decoding=\"async\" width=\"250\" height=\"250\" alt=\"Manuel Antonio National Park and its Beaches\" src=\"https:\/\/www.visitcentroamerica.com\/wp-content\/uploads\/2025\/04\/CR-Parque-Nacional-Manuel-Antonio-Thumbnail.webp\" class=\"img-responsive wp-image-14796 img-with-aspect-ratio\" data-parent-fit=\"cover\" data-parent-container=\".fusion-image-element\" srcset=\"https:\/\/www.visitcentroamerica.com\/wp-content\/uploads\/2025\/04\/CR-Parque-Nacional-Manuel-Antonio-Thumbnail-200x200.webp 200w, https:\/\/www.visitcentroamerica.com\/wp-content\/uploads\/2025\/04\/CR-Parque-Nacional-Manuel-Antonio-Thumbnail.webp 250w\" sizes=\"(max-width: 640px) 100vw, 250px\" \/><\/a><\/span><div class=\"awb-imageframe-caption-container\"><div class=\"awb-imageframe-caption\"><h3 class=\"awb-imageframe-caption-title\">Manuel Antonio National Park and its Beaches<\/h3><\/div><\/div><\/div><\/div><\/div>\n<div class=\"fusion_builder_column fusion-builder-column-16 fusion-flex-column post-card swiper-slide\" style=\"--awb-bg-blend:overlay;--awb-bg-size:cover;--awb-flex-grow:0;--awb-flex-shrink:0;--awb-flex-grow-medium:0;--awb-flex-shrink-medium:0;--awb-flex-grow-small:0;--awb-flex-shrink-small:0;\"><div class=\"fusion-column-wrapper fusion-flex-justify-content-flex-start fusion-content-layout-column fusion-carousel-item-wrapper\"><div class=\"fusion-image-element awb-imageframe-style awb-imageframe-style-below awb-imageframe-style-11\" style=\"text-align:center;--awb-aspect-ratio:1 \/ 1;--awb-object-position:50% 52%;--awb-caption-title-color:var(--awb-color1);--awb-caption-title-font-family:var(--awb-custom_typography_3-font-family);--awb-caption-title-font-weight:var(--awb-custom_typography_3-font-weight);--awb-caption-title-font-style:var(--awb-custom_typography_3-font-style);--awb-caption-title-size:var(--awb-custom_typography_3-font-size);--awb-caption-title-transform:var(--awb-custom_typography_3-text-transform);--awb-caption-title-line-height:var(--awb-custom_typography_3-line-height);--awb-caption-title-letter-spacing:var(--awb-custom_typography_3-letter-spacing);\"><span class=\" fusion-imageframe imageframe-none imageframe-11 hover-type-zoomin has-aspect-ratio card-pit-related\"><a class=\"fusion-no-lightbox\" href=\"https:\/\/www.visitcentroamerica.com\/en\/visit\/portobelo-and-san-lorenzo\/\" target=\"_self\"><img decoding=\"async\" width=\"250\" height=\"250\" alt=\"Portobelo and San Lorenzo\" src=\"https:\/\/www.visitcentroamerica.com\/wp-content\/uploads\/2025\/04\/PA-Portobelo-y-San-Lorenzo-Thumbnail.webp\" class=\"img-responsive wp-image-14744 img-with-aspect-ratio\" data-parent-fit=\"cover\" data-parent-container=\".fusion-image-element\" srcset=\"https:\/\/www.visitcentroamerica.com\/wp-content\/uploads\/2025\/04\/PA-Portobelo-y-San-Lorenzo-Thumbnail-200x200.webp 200w, https:\/\/www.visitcentroamerica.com\/wp-content\/uploads\/2025\/04\/PA-Portobelo-y-San-Lorenzo-Thumbnail.webp 250w\" sizes=\"(max-width: 640px) 100vw, 250px\" \/><\/a><\/span><div class=\"awb-imageframe-caption-container\"><div class=\"awb-imageframe-caption\"><h3 class=\"awb-imageframe-caption-title\">Portobelo and San Lorenzo<\/h3><\/div><\/div><\/div><\/div><\/div>\n<div class=\"fusion_builder_column fusion-builder-column-17 fusion-flex-column post-card swiper-slide\" style=\"--awb-bg-blend:overlay;--awb-bg-size:cover;--awb-flex-grow:0;--awb-flex-shrink:0;--awb-flex-grow-medium:0;--awb-flex-shrink-medium:0;--awb-flex-grow-small:0;--awb-flex-shrink-small:0;\"><div class=\"fusion-column-wrapper fusion-flex-justify-content-flex-start fusion-content-layout-column fusion-carousel-item-wrapper\"><div class=\"fusion-image-element awb-imageframe-style awb-imageframe-style-below awb-imageframe-style-12\" style=\"text-align:center;--awb-aspect-ratio:1 \/ 1;--awb-object-position:50% 52%;--awb-caption-title-color:var(--awb-color1);--awb-caption-title-font-family:var(--awb-custom_typography_3-font-family);--awb-caption-title-font-weight:var(--awb-custom_typography_3-font-weight);--awb-caption-title-font-style:var(--awb-custom_typography_3-font-style);--awb-caption-title-size:var(--awb-custom_typography_3-font-size);--awb-caption-title-transform:var(--awb-custom_typography_3-text-transform);--awb-caption-title-line-height:var(--awb-custom_typography_3-line-height);--awb-caption-title-letter-spacing:var(--awb-custom_typography_3-letter-spacing);\"><span class=\" fusion-imageframe imageframe-none imageframe-12 hover-type-zoomin has-aspect-ratio card-pit-related\"><a class=\"fusion-no-lightbox\" href=\"https:\/\/www.visitcentroamerica.com\/en\/visit\/playa-el-tunco\/\" target=\"_self\"><img decoding=\"async\" width=\"250\" height=\"250\" alt=\"Playa El Tunco\" src=\"https:\/\/www.visitcentroamerica.com\/wp-content\/uploads\/2025\/04\/SV-Playa-El-Tunco-Thumbnail.webp\" class=\"img-responsive wp-image-14828 img-with-aspect-ratio\" data-parent-fit=\"cover\" data-parent-container=\".fusion-image-element\" srcset=\"https:\/\/www.visitcentroamerica.com\/wp-content\/uploads\/2025\/04\/SV-Playa-El-Tunco-Thumbnail-200x200.webp 200w, https:\/\/www.visitcentroamerica.com\/wp-content\/uploads\/2025\/04\/SV-Playa-El-Tunco-Thumbnail.webp 250w\" sizes=\"(max-width: 640px) 100vw, 250px\" \/><\/a><\/span><div class=\"awb-imageframe-caption-container\"><div class=\"awb-imageframe-caption\"><h3 class=\"awb-imageframe-caption-title\">Playa El Tunco<\/h3><\/div><\/div><\/div><\/div><\/div>\n<div class=\"fusion_builder_column fusion-builder-column-18 fusion-flex-column post-card swiper-slide\" style=\"--awb-bg-blend:overlay;--awb-bg-size:cover;--awb-flex-grow:0;--awb-flex-shrink:0;--awb-flex-grow-medium:0;--awb-flex-shrink-medium:0;--awb-flex-grow-small:0;--awb-flex-shrink-small:0;\"><div class=\"fusion-column-wrapper fusion-flex-justify-content-flex-start fusion-content-layout-column fusion-carousel-item-wrapper\"><div class=\"fusion-image-element awb-imageframe-style awb-imageframe-style-below awb-imageframe-style-13\" style=\"text-align:center;--awb-aspect-ratio:1 \/ 1;--awb-object-position:50% 52%;--awb-caption-title-color:var(--awb-color1);--awb-caption-title-font-family:var(--awb-custom_typography_3-font-family);--awb-caption-title-font-weight:var(--awb-custom_typography_3-font-weight);--awb-caption-title-font-style:var(--awb-custom_typography_3-font-style);--awb-caption-title-size:var(--awb-custom_typography_3-font-size);--awb-caption-title-transform:var(--awb-custom_typography_3-text-transform);--awb-caption-title-line-height:var(--awb-custom_typography_3-line-height);--awb-caption-title-letter-spacing:var(--awb-custom_typography_3-letter-spacing);\"><span class=\" fusion-imageframe imageframe-none imageframe-13 hover-type-zoomin has-aspect-ratio card-pit-related\"><a class=\"fusion-no-lightbox\" href=\"https:\/\/www.visitcentroamerica.com\/en\/visit\/the-verapaces\/\" target=\"_self\"><img decoding=\"async\" width=\"250\" height=\"250\" alt=\"The Verapaces\" src=\"https:\/\/www.visitcentroamerica.com\/wp-content\/uploads\/2023\/09\/Las-Verapaces-Thumbnail.webp\" class=\"img-responsive wp-image-14524 img-with-aspect-ratio\" data-parent-fit=\"cover\" data-parent-container=\".fusion-image-element\" srcset=\"https:\/\/www.visitcentroamerica.com\/wp-content\/uploads\/2023\/09\/Las-Verapaces-Thumbnail-200x200.webp 200w, https:\/\/www.visitcentroamerica.com\/wp-content\/uploads\/2023\/09\/Las-Verapaces-Thumbnail.webp 250w\" sizes=\"(max-width: 640px) 100vw, 250px\" \/><\/a><\/span><div class=\"awb-imageframe-caption-container\"><div class=\"awb-imageframe-caption\"><h3 class=\"awb-imageframe-caption-title\">The Verapaces<\/h3><\/div><\/div><\/div><\/div><\/div>\n<div class=\"fusion_builder_column fusion-builder-column-19 fusion-flex-column post-card swiper-slide\" style=\"--awb-bg-blend:overlay;--awb-bg-size:cover;--awb-flex-grow:0;--awb-flex-shrink:0;--awb-flex-grow-medium:0;--awb-flex-shrink-medium:0;--awb-flex-grow-small:0;--awb-flex-shrink-small:0;\"><div class=\"fusion-column-wrapper fusion-flex-justify-content-flex-start fusion-content-layout-column fusion-carousel-item-wrapper\"><div class=\"fusion-image-element awb-imageframe-style awb-imageframe-style-below awb-imageframe-style-14\" style=\"text-align:center;--awb-aspect-ratio:1 \/ 1;--awb-object-position:50% 52%;--awb-caption-title-color:var(--awb-color1);--awb-caption-title-font-family:var(--awb-custom_typography_3-font-family);--awb-caption-title-font-weight:var(--awb-custom_typography_3-font-weight);--awb-caption-title-font-style:var(--awb-custom_typography_3-font-style);--awb-caption-title-size:var(--awb-custom_typography_3-font-size);--awb-caption-title-transform:var(--awb-custom_typography_3-text-transform);--awb-caption-title-line-height:var(--awb-custom_typography_3-line-height);--awb-caption-title-letter-spacing:var(--awb-custom_typography_3-letter-spacing);\"><span class=\" fusion-imageframe imageframe-none imageframe-14 hover-type-zoomin has-aspect-ratio card-pit-related\"><a class=\"fusion-no-lightbox\" href=\"https:\/\/www.visitcentroamerica.com\/en\/visit\/arenal-volcano-and-la-fortuna-area\/\" target=\"_self\"><img decoding=\"async\" width=\"250\" height=\"250\" alt=\"Arenal Volcano and La Fortuna Area\" src=\"https:\/\/www.visitcentroamerica.com\/wp-content\/uploads\/2025\/04\/CR-Volcan-Arenal-y-La-Fortuna-Thumbnail.webp\" class=\"img-responsive wp-image-14776 img-with-aspect-ratio\" data-parent-fit=\"cover\" data-parent-container=\".fusion-image-element\" srcset=\"https:\/\/www.visitcentroamerica.com\/wp-content\/uploads\/2025\/04\/CR-Volcan-Arenal-y-La-Fortuna-Thumbnail-200x200.webp 200w, https:\/\/www.visitcentroamerica.com\/wp-content\/uploads\/2025\/04\/CR-Volcan-Arenal-y-La-Fortuna-Thumbnail.webp 250w\" sizes=\"(max-width: 640px) 100vw, 250px\" \/><\/a><\/span><div class=\"awb-imageframe-caption-container\"><div class=\"awb-imageframe-caption\"><h3 class=\"awb-imageframe-caption-title\">Arenal Volcano and La Fortuna Area<\/h3><\/div><\/div><\/div><\/div><\/div>\n<div class=\"fusion_builder_column fusion-builder-column-20 fusion-flex-column post-card swiper-slide\" style=\"--awb-bg-blend:overlay;--awb-bg-size:cover;--awb-flex-grow:0;--awb-flex-shrink:0;--awb-flex-grow-medium:0;--awb-flex-shrink-medium:0;--awb-flex-grow-small:0;--awb-flex-shrink-small:0;\"><div class=\"fusion-column-wrapper fusion-flex-justify-content-flex-start fusion-content-layout-column fusion-carousel-item-wrapper\"><div class=\"fusion-image-element awb-imageframe-style awb-imageframe-style-below awb-imageframe-style-15\" style=\"text-align:center;--awb-aspect-ratio:1 \/ 1;--awb-object-position:50% 52%;--awb-caption-title-color:var(--awb-color1);--awb-caption-title-font-family:var(--awb-custom_typography_3-font-family);--awb-caption-title-font-weight:var(--awb-custom_typography_3-font-weight);--awb-caption-title-font-style:var(--awb-custom_typography_3-font-style);--awb-caption-title-size:var(--awb-custom_typography_3-font-size);--awb-caption-title-transform:var(--awb-custom_typography_3-text-transform);--awb-caption-title-line-height:var(--awb-custom_typography_3-line-height);--awb-caption-title-letter-spacing:var(--awb-custom_typography_3-letter-spacing);\"><span class=\" fusion-imageframe imageframe-none imageframe-15 hover-type-zoomin has-aspect-ratio card-pit-related\"><a class=\"fusion-no-lightbox\" href=\"https:\/\/www.visitcentroamerica.com\/en\/visit\/blue-hole\/\" target=\"_self\"><img decoding=\"async\" width=\"250\" height=\"250\" alt=\"Blue Hole\" src=\"https:\/\/www.visitcentroamerica.com\/wp-content\/uploads\/2025\/04\/BE-Bluehole-Thumbnail.webp\" class=\"img-responsive wp-image-14647 img-with-aspect-ratio\" data-parent-fit=\"cover\" data-parent-container=\".fusion-image-element\" srcset=\"https:\/\/www.visitcentroamerica.com\/wp-content\/uploads\/2025\/04\/BE-Bluehole-Thumbnail-200x200.webp 200w, https:\/\/www.visitcentroamerica.com\/wp-content\/uploads\/2025\/04\/BE-Bluehole-Thumbnail.webp 250w\" sizes=\"(max-width: 640px) 100vw, 250px\" \/><\/a><\/span><div class=\"awb-imageframe-caption-container\"><div class=\"awb-imageframe-caption\"><h3 class=\"awb-imageframe-caption-title\">Blue Hole<\/h3><\/div><\/div><\/div><\/div><\/div>\n<div class=\"fusion_builder_column fusion-builder-column-21 fusion-flex-column post-card swiper-slide\" style=\"--awb-bg-blend:overlay;--awb-bg-size:cover;--awb-flex-grow:0;--awb-flex-shrink:0;--awb-flex-grow-medium:0;--awb-flex-shrink-medium:0;--awb-flex-grow-small:0;--awb-flex-shrink-small:0;\"><div class=\"fusion-column-wrapper fusion-flex-justify-content-flex-start fusion-content-layout-column fusion-carousel-item-wrapper\"><div class=\"fusion-image-element awb-imageframe-style awb-imageframe-style-below awb-imageframe-style-16\" style=\"text-align:center;--awb-aspect-ratio:1 \/ 1;--awb-object-position:50% 52%;--awb-caption-title-color:var(--awb-color1);--awb-caption-title-font-family:var(--awb-custom_typography_3-font-family);--awb-caption-title-font-weight:var(--awb-custom_typography_3-font-weight);--awb-caption-title-font-style:var(--awb-custom_typography_3-font-style);--awb-caption-title-size:var(--awb-custom_typography_3-font-size);--awb-caption-title-transform:var(--awb-custom_typography_3-text-transform);--awb-caption-title-line-height:var(--awb-custom_typography_3-line-height);--awb-caption-title-letter-spacing:var(--awb-custom_typography_3-letter-spacing);\"><span class=\" fusion-imageframe imageframe-none imageframe-16 hover-type-zoomin has-aspect-ratio card-pit-related\"><a class=\"fusion-no-lightbox\" href=\"https:\/\/www.visitcentroamerica.com\/en\/visit\/solentiname\/\" target=\"_self\"><img decoding=\"async\" width=\"250\" height=\"250\" alt=\"Solentiname\" src=\"https:\/\/www.visitcentroamerica.com\/wp-content\/uploads\/2017\/09\/Solentiname-Archipelago-thumbnail.webp\" class=\"img-responsive wp-image-14442 img-with-aspect-ratio\" data-parent-fit=\"cover\" data-parent-container=\".fusion-image-element\" srcset=\"https:\/\/www.visitcentroamerica.com\/wp-content\/uploads\/2017\/09\/Solentiname-Archipelago-thumbnail-200x200.webp 200w, https:\/\/www.visitcentroamerica.com\/wp-content\/uploads\/2017\/09\/Solentiname-Archipelago-thumbnail.webp 250w\" sizes=\"(max-width: 640px) 100vw, 250px\" \/><\/a><\/span><div class=\"awb-imageframe-caption-container\"><div class=\"awb-imageframe-caption\"><h3 class=\"awb-imageframe-caption-title\">Solentiname<\/h3><\/div><\/div><\/div><\/div><\/div>\n<\/div><div class=\"awb-swiper-button awb-swiper-button-prev\"><i class=\"awb-icon-angle-left\" aria-hidden=\"true\"><\/i><\/div><div class=\"awb-swiper-button awb-swiper-button-next\"><i class=\"awb-icon-angle-right\" aria-hidden=\"true\"><\/i><\/div><\/div><div class=\"fusion-title title fusion-title-7 fusion-sep-none fusion-title-text fusion-title-size-two\" style=\"--awb-text-color:var(--awb-color7);--awb-margin-top:0px;--awb-margin-top-small:10px;--awb-margin-right-small:0px;--awb-margin-bottom-small:10px;--awb-margin-left-small:0px;--awb-font-size:var(--awb-custom_typography_5-font-size);\"><h2 class=\"fusion-title-heading title-heading-left\" style=\"font-family:var(--awb-custom_typography_5-font-family);font-weight:var(--awb-custom_typography_5-font-weight);font-style:var(--awb-custom_typography_5-font-style);margin:0;letter-spacing:var(--awb-custom_typography_5-letter-spacing);text-transform:var(--awb-custom_typography_5-text-transform);font-size:1em;line-height:var(--awb-custom_typography_5-line-height);\">Destinations for<br \/>\n<span style=\"color: #14b9d5;\">SURPRISE YOU<\/span><\/h2><\/div><div class=\"fusion-post-cards fusion-post-cards-3 awb-carousel awb-swiper awb-swiper-carousel awb-swiper-dots-position-bottom\" style=\"--awb-dots-align:center;--awb-filters-color:var(--awb-color8);--awb-active-filter-border-size:3px;--awb-filters-height:36px;--awb-margin-bottom:60px;\" data-post-type-label=\"pits\" data-autoplay=\"no\" data-autoplayspeed=\"2500\" data-autoplaypause=\"no\" data-loop=\"yes\" data-columns=\"4\" data-columnsmedium=\"0\" data-columnssmall=\"1\" data-itemmargin=\"40\" data-itemwidth=\"180\" data-touchscroll=\"no\" data-freemode=\"no\" data-imagesize=\"auto\" data-scrollitems=\"0\" data-mousepointer=\"default\" data-layout=\"carousel\" data-centeredslides=\"no\" data-shadow=\"no\" data-speed=\"500\" data-rotationangle=\"50\" data-depth=\"100\"><div class=\"swiper-wrapper fusion-flex-align-items-flex-start\"><div class=\"fusion_builder_column fusion-builder-column-22 fusion-flex-column post-card swiper-slide\" style=\"--awb-bg-blend:overlay;--awb-bg-size:cover;--awb-flex-grow:0;--awb-flex-shrink:0;--awb-flex-grow-medium:0;--awb-flex-shrink-medium:0;--awb-flex-grow-small:0;--awb-flex-shrink-small:0;\"><div class=\"fusion-column-wrapper fusion-flex-justify-content-flex-start fusion-content-layout-column fusion-carousel-item-wrapper\"><div class=\"fusion-image-element awb-imageframe-style awb-imageframe-style-below awb-imageframe-style-17\" style=\"text-align:center;--awb-aspect-ratio:1 \/ 1;--awb-object-position:50% 52%;--awb-caption-title-color:var(--awb-color1);--awb-caption-title-font-family:var(--awb-custom_typography_3-font-family);--awb-caption-title-font-weight:var(--awb-custom_typography_3-font-weight);--awb-caption-title-font-style:var(--awb-custom_typography_3-font-style);--awb-caption-title-size:var(--awb-custom_typography_3-font-size);--awb-caption-title-transform:var(--awb-custom_typography_3-text-transform);--awb-caption-title-line-height:var(--awb-custom_typography_3-line-height);--awb-caption-title-letter-spacing:var(--awb-custom_typography_3-letter-spacing);\"><span class=\" fusion-imageframe imageframe-none imageframe-17 hover-type-zoomin has-aspect-ratio card-pit-related\"><a class=\"fusion-no-lightbox\" href=\"https:\/\/www.visitcentroamerica.com\/en\/visit\/belize-the-perfect-destnation-for-wellness-and-rejuvenation\/\" target=\"_self\"><img decoding=\"async\" width=\"250\" height=\"250\" alt=\"Belize: the perfect destination for wellness and rejuvenation\" src=\"https:\/\/www.visitcentroamerica.com\/wp-content\/uploads\/2021\/02\/Wellness-Belice-Thumbnail.webp\" class=\"img-responsive wp-image-14619 img-with-aspect-ratio\" data-parent-fit=\"cover\" data-parent-container=\".fusion-image-element\" srcset=\"https:\/\/www.visitcentroamerica.com\/wp-content\/uploads\/2021\/02\/Wellness-Belice-Thumbnail-200x200.webp 200w, https:\/\/www.visitcentroamerica.com\/wp-content\/uploads\/2021\/02\/Wellness-Belice-Thumbnail.webp 250w\" sizes=\"(max-width: 640px) 100vw, 250px\" \/><\/a><\/span><div class=\"awb-imageframe-caption-container\"><div class=\"awb-imageframe-caption\"><h3 class=\"awb-imageframe-caption-title\">Belize: the perfect destination for wellness and rejuvenation<\/h3><\/div><\/div><\/div><\/div><\/div>\n<div class=\"fusion_builder_column fusion-builder-column-23 fusion-flex-column post-card swiper-slide\" style=\"--awb-bg-blend:overlay;--awb-bg-size:cover;--awb-flex-grow:0;--awb-flex-shrink:0;--awb-flex-grow-medium:0;--awb-flex-shrink-medium:0;--awb-flex-grow-small:0;--awb-flex-shrink-small:0;\"><div class=\"fusion-column-wrapper fusion-flex-justify-content-flex-start fusion-content-layout-column fusion-carousel-item-wrapper\"><div class=\"fusion-image-element awb-imageframe-style awb-imageframe-style-below awb-imageframe-style-18\" style=\"text-align:center;--awb-aspect-ratio:1 \/ 1;--awb-object-position:50% 52%;--awb-caption-title-color:var(--awb-color1);--awb-caption-title-font-family:var(--awb-custom_typography_3-font-family);--awb-caption-title-font-weight:var(--awb-custom_typography_3-font-weight);--awb-caption-title-font-style:var(--awb-custom_typography_3-font-style);--awb-caption-title-size:var(--awb-custom_typography_3-font-size);--awb-caption-title-transform:var(--awb-custom_typography_3-text-transform);--awb-caption-title-line-height:var(--awb-custom_typography_3-line-height);--awb-caption-title-letter-spacing:var(--awb-custom_typography_3-letter-spacing);\"><span class=\" fusion-imageframe imageframe-none imageframe-18 hover-type-zoomin has-aspect-ratio card-pit-related\"><a class=\"fusion-no-lightbox\" href=\"https:\/\/www.visitcentroamerica.com\/en\/visit\/jamao-to-the-north-espaillat\/\" target=\"_self\"><img decoding=\"async\" width=\"250\" height=\"250\" alt=\"Jamao to the North, Espaillat\" src=\"https:\/\/www.visitcentroamerica.com\/wp-content\/uploads\/2025\/04\/RD-Jamao-al-Norte-Thumbnail.webp\" class=\"img-responsive wp-image-14709 img-with-aspect-ratio\" data-parent-fit=\"cover\" data-parent-container=\".fusion-image-element\" srcset=\"https:\/\/www.visitcentroamerica.com\/wp-content\/uploads\/2025\/04\/RD-Jamao-al-Norte-Thumbnail-200x200.webp 200w, https:\/\/www.visitcentroamerica.com\/wp-content\/uploads\/2025\/04\/RD-Jamao-al-Norte-Thumbnail.webp 250w\" sizes=\"(max-width: 640px) 100vw, 250px\" \/><\/a><\/span><div class=\"awb-imageframe-caption-container\"><div class=\"awb-imageframe-caption\"><h3 class=\"awb-imageframe-caption-title\">Jamao to the North, Espaillat<\/h3><\/div><\/div><\/div><\/div><\/div>\n<div class=\"fusion_builder_column fusion-builder-column-24 fusion-flex-column post-card swiper-slide\" style=\"--awb-bg-blend:overlay;--awb-bg-size:cover;--awb-flex-grow:0;--awb-flex-shrink:0;--awb-flex-grow-medium:0;--awb-flex-shrink-medium:0;--awb-flex-grow-small:0;--awb-flex-shrink-small:0;\"><div class=\"fusion-column-wrapper fusion-flex-justify-content-flex-start fusion-content-layout-column fusion-carousel-item-wrapper\"><div class=\"fusion-image-element awb-imageframe-style awb-imageframe-style-below awb-imageframe-style-19\" style=\"text-align:center;--awb-aspect-ratio:1 \/ 1;--awb-object-position:50% 52%;--awb-caption-title-color:var(--awb-color1);--awb-caption-title-font-family:var(--awb-custom_typography_3-font-family);--awb-caption-title-font-weight:var(--awb-custom_typography_3-font-weight);--awb-caption-title-font-style:var(--awb-custom_typography_3-font-style);--awb-caption-title-size:var(--awb-custom_typography_3-font-size);--awb-caption-title-transform:var(--awb-custom_typography_3-text-transform);--awb-caption-title-line-height:var(--awb-custom_typography_3-line-height);--awb-caption-title-letter-spacing:var(--awb-custom_typography_3-letter-spacing);\"><span class=\" fusion-imageframe imageframe-none imageframe-19 hover-type-zoomin has-aspect-ratio card-pit-related\"><a class=\"fusion-no-lightbox\" href=\"https:\/\/www.visitcentroamerica.com\/en\/visit\/casa-blanca-archaeological-site\/\" target=\"_self\"><img decoding=\"async\" width=\"250\" height=\"250\" alt=\"Casa Blanca Archaeological Site\" src=\"https:\/\/www.visitcentroamerica.com\/wp-content\/uploads\/2017\/08\/Sitio-Arqueologico-Casa-Blanca-Thumbnail.webp\" class=\"img-responsive wp-image-14589 img-with-aspect-ratio\" data-parent-fit=\"cover\" data-parent-container=\".fusion-image-element\" srcset=\"https:\/\/www.visitcentroamerica.com\/wp-content\/uploads\/2017\/08\/Sitio-Arqueologico-Casa-Blanca-Thumbnail-200x200.webp 200w, https:\/\/www.visitcentroamerica.com\/wp-content\/uploads\/2017\/08\/Sitio-Arqueologico-Casa-Blanca-Thumbnail.webp 250w\" sizes=\"(max-width: 640px) 100vw, 250px\" \/><\/a><\/span><div class=\"awb-imageframe-caption-container\"><div class=\"awb-imageframe-caption\"><h3 class=\"awb-imageframe-caption-title\">Casa Blanca Archaeological Site<\/h3><\/div><\/div><\/div><\/div><\/div>\n<div class=\"fusion_builder_column fusion-builder-column-25 fusion-flex-column post-card swiper-slide\" style=\"--awb-bg-blend:overlay;--awb-bg-size:cover;--awb-flex-grow:0;--awb-flex-shrink:0;--awb-flex-grow-medium:0;--awb-flex-shrink-medium:0;--awb-flex-grow-small:0;--awb-flex-shrink-small:0;\"><div class=\"fusion-column-wrapper fusion-flex-justify-content-flex-start fusion-content-layout-column fusion-carousel-item-wrapper\"><div class=\"fusion-image-element awb-imageframe-style awb-imageframe-style-below awb-imageframe-style-20\" style=\"text-align:center;--awb-aspect-ratio:1 \/ 1;--awb-object-position:50% 52%;--awb-caption-title-color:var(--awb-color1);--awb-caption-title-font-family:var(--awb-custom_typography_3-font-family);--awb-caption-title-font-weight:var(--awb-custom_typography_3-font-weight);--awb-caption-title-font-style:var(--awb-custom_typography_3-font-style);--awb-caption-title-size:var(--awb-custom_typography_3-font-size);--awb-caption-title-transform:var(--awb-custom_typography_3-text-transform);--awb-caption-title-line-height:var(--awb-custom_typography_3-line-height);--awb-caption-title-letter-spacing:var(--awb-custom_typography_3-letter-spacing);\"><span class=\" fusion-imageframe imageframe-none imageframe-20 hover-type-zoomin has-aspect-ratio card-pit-related\"><a class=\"fusion-no-lightbox\" href=\"https:\/\/www.visitcentroamerica.com\/en\/visit\/indigenous-communities-of-panama\/\" target=\"_self\"><img decoding=\"async\" width=\"250\" height=\"250\" alt=\"Indigenous Communities of Panama\" src=\"https:\/\/www.visitcentroamerica.com\/wp-content\/uploads\/2025\/04\/PA-Indigenous-Communities-Panama-Thumbnail-02.webp\" class=\"img-responsive wp-image-15838 img-with-aspect-ratio\" data-parent-fit=\"cover\" data-parent-container=\".fusion-image-element\" srcset=\"https:\/\/www.visitcentroamerica.com\/wp-content\/uploads\/2025\/04\/PA-Indigenous-Communities-Panama-Thumbnail-02-200x200.webp 200w, https:\/\/www.visitcentroamerica.com\/wp-content\/uploads\/2025\/04\/PA-Indigenous-Communities-Panama-Thumbnail-02.webp 250w\" sizes=\"(max-width: 640px) 100vw, 250px\" \/><\/a><\/span><div class=\"awb-imageframe-caption-container\"><div class=\"awb-imageframe-caption\"><h3 class=\"awb-imageframe-caption-title\">Indigenous Communities of Panama<\/h3><\/div><\/div><\/div><\/div><\/div>\n<div class=\"fusion_builder_column fusion-builder-column-26 fusion-flex-column post-card swiper-slide\" style=\"--awb-bg-blend:overlay;--awb-bg-size:cover;--awb-flex-grow:0;--awb-flex-shrink:0;--awb-flex-grow-medium:0;--awb-flex-shrink-medium:0;--awb-flex-grow-small:0;--awb-flex-shrink-small:0;\"><div class=\"fusion-column-wrapper fusion-flex-justify-content-flex-start fusion-content-layout-column fusion-carousel-item-wrapper\"><div class=\"fusion-image-element awb-imageframe-style awb-imageframe-style-below awb-imageframe-style-21\" style=\"text-align:center;--awb-aspect-ratio:1 \/ 1;--awb-object-position:50% 52%;--awb-caption-title-color:var(--awb-color1);--awb-caption-title-font-family:var(--awb-custom_typography_3-font-family);--awb-caption-title-font-weight:var(--awb-custom_typography_3-font-weight);--awb-caption-title-font-style:var(--awb-custom_typography_3-font-style);--awb-caption-title-size:var(--awb-custom_typography_3-font-size);--awb-caption-title-transform:var(--awb-custom_typography_3-text-transform);--awb-caption-title-line-height:var(--awb-custom_typography_3-line-height);--awb-caption-title-letter-spacing:var(--awb-custom_typography_3-letter-spacing);\"><span class=\" fusion-imageframe imageframe-none imageframe-21 hover-type-zoomin has-aspect-ratio card-pit-related\"><a class=\"fusion-no-lightbox\" href=\"https:\/\/www.visitcentroamerica.com\/en\/visit\/museum-of-the-vegan-carnival-la-vega\/\" target=\"_self\"><img decoding=\"async\" width=\"250\" height=\"250\" alt=\"Museum of the Vegan Carnival, La Vega\" src=\"https:\/\/www.visitcentroamerica.com\/wp-content\/uploads\/2023\/09\/Museo-Carnaval-Vegano-Thumbnail.webp\" class=\"img-responsive wp-image-14537 img-with-aspect-ratio\" data-parent-fit=\"cover\" data-parent-container=\".fusion-image-element\" srcset=\"https:\/\/www.visitcentroamerica.com\/wp-content\/uploads\/2023\/09\/Museo-Carnaval-Vegano-Thumbnail-200x200.webp 200w, https:\/\/www.visitcentroamerica.com\/wp-content\/uploads\/2023\/09\/Museo-Carnaval-Vegano-Thumbnail.webp 250w\" sizes=\"(max-width: 640px) 100vw, 250px\" \/><\/a><\/span><div class=\"awb-imageframe-caption-container\"><div class=\"awb-imageframe-caption\"><h3 class=\"awb-imageframe-caption-title\">Museum of the Vegan Carnival, La Vega<\/h3><\/div><\/div><\/div><\/div><\/div>\n<div class=\"fusion_builder_column fusion-builder-column-27 fusion-flex-column post-card swiper-slide\" style=\"--awb-bg-blend:overlay;--awb-bg-size:cover;--awb-flex-grow:0;--awb-flex-shrink:0;--awb-flex-grow-medium:0;--awb-flex-shrink-medium:0;--awb-flex-grow-small:0;--awb-flex-shrink-small:0;\"><div class=\"fusion-column-wrapper fusion-flex-justify-content-flex-start fusion-content-layout-column fusion-carousel-item-wrapper\"><div class=\"fusion-image-element awb-imageframe-style awb-imageframe-style-below awb-imageframe-style-22\" style=\"text-align:center;--awb-aspect-ratio:1 \/ 1;--awb-object-position:50% 52%;--awb-caption-title-color:var(--awb-color1);--awb-caption-title-font-family:var(--awb-custom_typography_3-font-family);--awb-caption-title-font-weight:var(--awb-custom_typography_3-font-weight);--awb-caption-title-font-style:var(--awb-custom_typography_3-font-style);--awb-caption-title-size:var(--awb-custom_typography_3-font-size);--awb-caption-title-transform:var(--awb-custom_typography_3-text-transform);--awb-caption-title-line-height:var(--awb-custom_typography_3-line-height);--awb-caption-title-letter-spacing:var(--awb-custom_typography_3-letter-spacing);\"><span class=\" fusion-imageframe imageframe-none imageframe-22 hover-type-zoomin has-aspect-ratio card-pit-related\"><a class=\"fusion-no-lightbox\" href=\"https:\/\/www.visitcentroamerica.com\/en\/visit\/panchimalco\/\" target=\"_self\"><img decoding=\"async\" width=\"250\" height=\"250\" alt=\"Panchimalco\" src=\"https:\/\/www.visitcentroamerica.com\/wp-content\/uploads\/2017\/11\/Panchimalco-Thumbnail.webp\" class=\"img-responsive wp-image-14539 img-with-aspect-ratio\" data-parent-fit=\"cover\" data-parent-container=\".fusion-image-element\" srcset=\"https:\/\/www.visitcentroamerica.com\/wp-content\/uploads\/2017\/11\/Panchimalco-Thumbnail-200x200.webp 200w, https:\/\/www.visitcentroamerica.com\/wp-content\/uploads\/2017\/11\/Panchimalco-Thumbnail.webp 250w\" sizes=\"(max-width: 640px) 100vw, 250px\" \/><\/a><\/span><div class=\"awb-imageframe-caption-container\"><div class=\"awb-imageframe-caption\"><h3 class=\"awb-imageframe-caption-title\">Panchimalco<\/h3><\/div><\/div><\/div><\/div><\/div>\n<div class=\"fusion_builder_column fusion-builder-column-28 fusion-flex-column post-card swiper-slide\" style=\"--awb-bg-blend:overlay;--awb-bg-size:cover;--awb-flex-grow:0;--awb-flex-shrink:0;--awb-flex-grow-medium:0;--awb-flex-shrink-medium:0;--awb-flex-grow-small:0;--awb-flex-shrink-small:0;\"><div class=\"fusion-column-wrapper fusion-flex-justify-content-flex-start fusion-content-layout-column fusion-carousel-item-wrapper\"><div class=\"fusion-image-element awb-imageframe-style awb-imageframe-style-below awb-imageframe-style-23\" style=\"text-align:center;--awb-aspect-ratio:1 \/ 1;--awb-object-position:50% 52%;--awb-caption-title-color:var(--awb-color1);--awb-caption-title-font-family:var(--awb-custom_typography_3-font-family);--awb-caption-title-font-weight:var(--awb-custom_typography_3-font-weight);--awb-caption-title-font-style:var(--awb-custom_typography_3-font-style);--awb-caption-title-size:var(--awb-custom_typography_3-font-size);--awb-caption-title-transform:var(--awb-custom_typography_3-text-transform);--awb-caption-title-line-height:var(--awb-custom_typography_3-line-height);--awb-caption-title-letter-spacing:var(--awb-custom_typography_3-letter-spacing);\"><span class=\" fusion-imageframe imageframe-none imageframe-23 hover-type-zoomin has-aspect-ratio card-pit-related\"><a class=\"fusion-no-lightbox\" href=\"https:\/\/www.visitcentroamerica.com\/en\/visit\/ometepe-island\/\" target=\"_self\"><img decoding=\"async\" width=\"250\" height=\"250\" alt=\"Ometepe Island\" src=\"https:\/\/www.visitcentroamerica.com\/wp-content\/uploads\/2017\/09\/Isla-de-Ometepe-Thumbnail.webp\" class=\"img-responsive wp-image-14476 img-with-aspect-ratio\" data-parent-fit=\"cover\" data-parent-container=\".fusion-image-element\" srcset=\"https:\/\/www.visitcentroamerica.com\/wp-content\/uploads\/2017\/09\/Isla-de-Ometepe-Thumbnail-200x200.webp 200w, https:\/\/www.visitcentroamerica.com\/wp-content\/uploads\/2017\/09\/Isla-de-Ometepe-Thumbnail.webp 250w\" sizes=\"(max-width: 640px) 100vw, 250px\" \/><\/a><\/span><div class=\"awb-imageframe-caption-container\"><div class=\"awb-imageframe-caption\"><h3 class=\"awb-imageframe-caption-title\">Ometepe Island<\/h3><\/div><\/div><\/div><\/div><\/div>\n<div class=\"fusion_builder_column fusion-builder-column-29 fusion-flex-column post-card swiper-slide\" style=\"--awb-bg-blend:overlay;--awb-bg-size:cover;--awb-flex-grow:0;--awb-flex-shrink:0;--awb-flex-grow-medium:0;--awb-flex-shrink-medium:0;--awb-flex-grow-small:0;--awb-flex-shrink-small:0;\"><div class=\"fusion-column-wrapper fusion-flex-justify-content-flex-start fusion-content-layout-column fusion-carousel-item-wrapper\"><div class=\"fusion-image-element awb-imageframe-style awb-imageframe-style-below awb-imageframe-style-24\" style=\"text-align:center;--awb-aspect-ratio:1 \/ 1;--awb-object-position:50% 52%;--awb-caption-title-color:var(--awb-color1);--awb-caption-title-font-family:var(--awb-custom_typography_3-font-family);--awb-caption-title-font-weight:var(--awb-custom_typography_3-font-weight);--awb-caption-title-font-style:var(--awb-custom_typography_3-font-style);--awb-caption-title-size:var(--awb-custom_typography_3-font-size);--awb-caption-title-transform:var(--awb-custom_typography_3-text-transform);--awb-caption-title-line-height:var(--awb-custom_typography_3-line-height);--awb-caption-title-letter-spacing:var(--awb-custom_typography_3-letter-spacing);\"><span class=\" fusion-imageframe imageframe-none imageframe-24 hover-type-zoomin has-aspect-ratio card-pit-related\"><a class=\"fusion-no-lightbox\" href=\"https:\/\/www.visitcentroamerica.com\/en\/visit\/actun-tunichil-muknal-caves-atm\/\" target=\"_self\"><img decoding=\"async\" width=\"250\" height=\"250\" alt=\"Actun Tunichil Muknal, ATM CAVE\" src=\"https:\/\/www.visitcentroamerica.com\/wp-content\/uploads\/2025\/04\/BE-Actun-Tunichil-Thumbnail.webp\" class=\"img-responsive wp-image-14655 img-with-aspect-ratio\" data-parent-fit=\"cover\" data-parent-container=\".fusion-image-element\" srcset=\"https:\/\/www.visitcentroamerica.com\/wp-content\/uploads\/2025\/04\/BE-Actun-Tunichil-Thumbnail-200x200.webp 200w, https:\/\/www.visitcentroamerica.com\/wp-content\/uploads\/2025\/04\/BE-Actun-Tunichil-Thumbnail.webp 250w\" sizes=\"(max-width: 640px) 100vw, 250px\" \/><\/a><\/span><div class=\"awb-imageframe-caption-container\"><div class=\"awb-imageframe-caption\"><h3 class=\"awb-imageframe-caption-title\">Actun Tunichil Muknal, ATM CAVE<\/h3><\/div><\/div><\/div><\/div><\/div>\n<\/div><div class=\"awb-swiper-button awb-swiper-button-prev\"><i class=\"awb-icon-angle-left\" aria-hidden=\"true\"><\/i><\/div><div class=\"awb-swiper-button awb-swiper-button-next\"><i class=\"awb-icon-angle-right\" aria-hidden=\"true\"><\/i><\/div><\/div><div style=\"text-align:center;\"><a class=\"fusion-button button-flat fusion-button-default-size button-default fusion-button-default button-1 fusion-button-default-span fusion-button-default-type btn-light\" target=\"_self\" href=\"https:\/\/www.visitcentroamerica.com\/en\/visit\/\"><span class=\"fusion-button-text awb-button__text awb-button__text--default\">ALL DESTINATIONS TO VISIT<\/span><\/a><\/div><div class=\"fusion-separator fusion-full-width-sep\" style=\"align-self: center;margin-left: auto;margin-right: auto;margin-top:30px;margin-bottom:30px;width:100%;\"><\/div><div class=\"fusion-image-element \" style=\"text-align:center;--awb-caption-title-font-family:var(--h2_typography-font-family);--awb-caption-title-font-weight:var(--h2_typography-font-weight);--awb-caption-title-font-style:var(--h2_typography-font-style);--awb-caption-title-size:var(--h2_typography-font-size);--awb-caption-title-transform:var(--h2_typography-text-transform);--awb-caption-title-line-height:var(--h2_typography-line-height);--awb-caption-title-letter-spacing:var(--h2_typography-letter-spacing);\"><span class=\" fusion-imageframe imageframe-none imageframe-25 hover-type-none\"><img decoding=\"async\" width=\"376\" height=\"73\" alt=\"Centroam\u00e9rica\" src=\"https:\/\/www.visitcentroamerica.com\/wp-content\/uploads\/2025\/03\/logo-centroamerica-med.webp\" class=\"img-responsive wp-image-6998\" srcset=\"https:\/\/www.visitcentroamerica.com\/wp-content\/uploads\/2025\/03\/logo-centroamerica-med-200x39.webp 200w, https:\/\/www.visitcentroamerica.com\/wp-content\/uploads\/2025\/03\/logo-centroamerica-med.webp 376w\" sizes=\"(max-width: 640px) 100vw, 376px\" \/><\/span><\/div><\/div><\/div><\/div><\/div><div class=\"fusion-fullwidth fullwidth-box fusion-builder-row-4 fusion-flex-container has-pattern-background has-mask-background hundred-percent-fullwidth non-hundred-percent-height-scrolling\" style=\"--awb-border-radius-top-left:0px;--awb-border-radius-top-right:0px;--awb-border-radius-bottom-right:0px;--awb-border-radius-bottom-left:0px;--awb-padding-right:0px;--awb-padding-left:0px;--awb-flex-wrap:wrap;\" ><div class=\"fusion-builder-row fusion-row fusion-flex-align-items-flex-start fusion-flex-content-wrap\" style=\"width:104% !important;max-width:104% !important;margin-left: calc(-4% \/ 2 );margin-right: calc(-4% \/ 2 );\"><div class=\"fusion-layout-column fusion_builder_column fusion-builder-column-30 fusion_builder_column_1_1 1_1 fusion-flex-column gradient-top\" style=\"--awb-padding-top:2px;--awb-padding-bottom:2px;--awb-bg-size:cover;--awb-width-large:100%;--awb-flex-grow:0;--awb-flex-shrink:0;--awb-margin-top-large:0px;--awb-spacing-right-large:1.92%;--awb-margin-bottom-large:20px;--awb-spacing-left-large:1.92%;--awb-width-medium:100%;--awb-order-medium:0;--awb-flex-grow-medium:0;--awb-flex-shrink-medium:0;--awb-spacing-right-medium:1.92%;--awb-spacing-left-medium:1.92%;--awb-width-small:100%;--awb-order-small:0;--awb-flex-grow-small:0;--awb-flex-shrink-small:0;--awb-spacing-right-small:1.92%;--awb-spacing-left-small:1.92%;\" data-scroll-devices=\"small-visibility,medium-visibility,large-visibility\"><div class=\"fusion-column-wrapper fusion-column-has-shadow fusion-flex-justify-content-flex-start fusion-content-layout-column\"><\/div><\/div><\/div><\/div>\n<div class=\"fusion-fullwidth fullwidth-box fusion-builder-row-5 fusion-flex-container has-pattern-background has-mask-background hundred-percent-fullwidth non-hundred-percent-height-scrolling\" style=\"--awb-border-radius-top-left:0px;--awb-border-radius-top-right:0px;--awb-border-radius-bottom-right:0px;--awb-border-radius-bottom-left:0px;--awb-flex-wrap:wrap;\" ><div class=\"fusion-builder-row fusion-row fusion-flex-align-items-flex-start fusion-flex-content-wrap\" style=\"width:104% !important;max-width:104% !important;margin-left: calc(-4% \/ 2 );margin-right: calc(-4% \/ 2 );\"><div class=\"fusion-layout-column fusion_builder_column fusion-builder-column-31 fusion_builder_column_1_1 1_1 fusion-flex-column\" style=\"--awb-bg-size:cover;--awb-width-large:100%;--awb-flex-grow:0;--awb-flex-shrink:0;--awb-margin-top-large:0px;--awb-spacing-right-large:1.92%;--awb-margin-bottom-large:20px;--awb-spacing-left-large:1.92%;--awb-width-medium:100%;--awb-order-medium:0;--awb-flex-grow-medium:0;--awb-flex-shrink-medium:0;--awb-spacing-right-medium:1.92%;--awb-spacing-left-medium:1.92%;--awb-width-small:100%;--awb-order-small:0;--awb-flex-grow-small:0;--awb-flex-shrink-small:0;--awb-spacing-right-small:1.92%;--awb-spacing-left-small:1.92%;\" data-scroll-devices=\"small-visibility,medium-visibility,large-visibility\"><div class=\"fusion-column-wrapper fusion-column-has-shadow fusion-flex-justify-content-center fusion-content-layout-row fusion-flex-align-items-center\"><div class=\"fusion-image-element \" style=\"--awb-caption-title-font-family:var(--h2_typography-font-family);--awb-caption-title-font-weight:var(--h2_typography-font-weight);--awb-caption-title-font-style:var(--h2_typography-font-style);--awb-caption-title-size:var(--h2_typography-font-size);--awb-caption-title-transform:var(--h2_typography-text-transform);--awb-caption-title-line-height:var(--h2_typography-line-height);--awb-caption-title-letter-spacing:var(--h2_typography-letter-spacing);\"><span class=\" fusion-imageframe imageframe-none imageframe-26 hover-type-none logo-pais\"><a class=\"fusion-no-lightbox\" href=\"https:\/\/www.travelbelize.org\/es\" target=\"_blank\" rel=\"noopener noreferrer\"><img decoding=\"async\" width=\"130\" height=\"50\" src=\"https:\/\/www.visitcentroamerica.com\/wp-content\/uploads\/2025\/03\/Belize-logo.webp\" alt class=\"img-responsive wp-image-7012\"\/><\/a><\/span><\/div><div class=\"fusion-image-element \" style=\"--awb-caption-title-font-family:var(--h2_typography-font-family);--awb-caption-title-font-weight:var(--h2_typography-font-weight);--awb-caption-title-font-style:var(--h2_typography-font-style);--awb-caption-title-size:var(--h2_typography-font-size);--awb-caption-title-transform:var(--h2_typography-text-transform);--awb-caption-title-line-height:var(--h2_typography-line-height);--awb-caption-title-letter-spacing:var(--h2_typography-letter-spacing);\"><span class=\" fusion-imageframe imageframe-none imageframe-27 hover-type-none logo-pais\"><a class=\"fusion-no-lightbox\" href=\"https:\/\/elsalvador.travel\/?lg=es\" target=\"_blank\" rel=\"noopener noreferrer\"><img decoding=\"async\" width=\"250\" height=\"27\" src=\"https:\/\/www.visitcentroamerica.com\/wp-content\/uploads\/2025\/03\/El-Salvador-logo-2024.webp\" alt class=\"img-responsive wp-image-7006\" srcset=\"https:\/\/www.visitcentroamerica.com\/wp-content\/uploads\/2025\/03\/El-Salvador-logo-2024-200x22.webp 200w, https:\/\/www.visitcentroamerica.com\/wp-content\/uploads\/2025\/03\/El-Salvador-logo-2024.webp 250w\" sizes=\"(max-width: 640px) 100vw, 250px\" \/><\/a><\/span><\/div><div class=\"fusion-image-element \" style=\"--awb-caption-title-font-family:var(--h2_typography-font-family);--awb-caption-title-font-weight:var(--h2_typography-font-weight);--awb-caption-title-font-style:var(--h2_typography-font-style);--awb-caption-title-size:var(--h2_typography-font-size);--awb-caption-title-transform:var(--h2_typography-text-transform);--awb-caption-title-line-height:var(--h2_typography-line-height);--awb-caption-title-letter-spacing:var(--h2_typography-letter-spacing);\"><span class=\" fusion-imageframe imageframe-none imageframe-28 hover-type-none logo-pais\"><a class=\"fusion-no-lightbox\" href=\"http:\/\/www.visitguatemala.gt\/\" target=\"_blank\" rel=\"noopener noreferrer\"><img decoding=\"async\" width=\"226\" height=\"27\" src=\"https:\/\/www.visitcentroamerica.com\/wp-content\/uploads\/2025\/03\/Guatemala-logo-2024.webp\" alt class=\"img-responsive wp-image-7015\" srcset=\"https:\/\/www.visitcentroamerica.com\/wp-content\/uploads\/2025\/03\/Guatemala-logo-2024-200x24.webp 200w, https:\/\/www.visitcentroamerica.com\/wp-content\/uploads\/2025\/03\/Guatemala-logo-2024.webp 226w\" sizes=\"(max-width: 640px) 100vw, 226px\" \/><\/a><\/span><\/div><div class=\"fusion-image-element \" style=\"--awb-caption-title-font-family:var(--h2_typography-font-family);--awb-caption-title-font-weight:var(--h2_typography-font-weight);--awb-caption-title-font-style:var(--h2_typography-font-style);--awb-caption-title-size:var(--h2_typography-font-size);--awb-caption-title-transform:var(--h2_typography-text-transform);--awb-caption-title-line-height:var(--h2_typography-line-height);--awb-caption-title-letter-spacing:var(--h2_typography-letter-spacing);\"><span class=\" fusion-imageframe imageframe-none imageframe-29 hover-type-none logo-pais\"><a class=\"fusion-no-lightbox\" href=\"https:\/\/www.honduras.travel\/\" target=\"_blank\" rel=\"noopener noreferrer\"><img decoding=\"async\" width=\"172\" height=\"51\" src=\"https:\/\/www.visitcentroamerica.com\/wp-content\/uploads\/2025\/03\/Honduras-logo-2024.webp\" alt class=\"img-responsive wp-image-7014\"\/><\/a><\/span><\/div><div class=\"fusion-image-element \" style=\"--awb-caption-title-font-family:var(--h2_typography-font-family);--awb-caption-title-font-weight:var(--h2_typography-font-weight);--awb-caption-title-font-style:var(--h2_typography-font-style);--awb-caption-title-size:var(--h2_typography-font-size);--awb-caption-title-transform:var(--h2_typography-text-transform);--awb-caption-title-line-height:var(--h2_typography-line-height);--awb-caption-title-letter-spacing:var(--h2_typography-letter-spacing);\"><span class=\" fusion-imageframe imageframe-none imageframe-30 hover-type-none logo-pais\"><a class=\"fusion-no-lightbox\" href=\"https:\/\/www.visitanicaragua.com\/\" target=\"_blank\" rel=\"noopener noreferrer\"><img decoding=\"async\" width=\"201\" height=\"58\" src=\"https:\/\/www.visitcentroamerica.com\/wp-content\/uploads\/2025\/03\/Nicaragua-logo.webp\" alt class=\"img-responsive wp-image-7011\"\/><\/a><\/span><\/div><div class=\"fusion-image-element \" style=\"--awb-caption-title-font-family:var(--h2_typography-font-family);--awb-caption-title-font-weight:var(--h2_typography-font-weight);--awb-caption-title-font-style:var(--h2_typography-font-style);--awb-caption-title-size:var(--h2_typography-font-size);--awb-caption-title-transform:var(--h2_typography-text-transform);--awb-caption-title-line-height:var(--h2_typography-line-height);--awb-caption-title-letter-spacing:var(--h2_typography-letter-spacing);\"><span class=\" fusion-imageframe imageframe-none imageframe-31 hover-type-none logo-pais\"><a class=\"fusion-no-lightbox\" href=\"https:\/\/www.visitpanama.com\/es\/\" target=\"_blank\" rel=\"noopener noreferrer\"><img decoding=\"async\" width=\"130\" height=\"114\" src=\"https:\/\/www.visitcentroamerica.com\/wp-content\/uploads\/2025\/03\/Panama-logo.webp\" alt class=\"img-responsive wp-image-7010\"\/><\/a><\/span><\/div><\/div><\/div><\/div><\/div>\n<div class=\"fusion-fullwidth fullwidth-box fusion-builder-row-6 fusion-flex-container has-pattern-background has-mask-background hundred-percent-fullwidth non-hundred-percent-height-scrolling\" style=\"--awb-border-radius-top-left:0px;--awb-border-radius-top-right:0px;--awb-border-radius-bottom-right:0px;--awb-border-radius-bottom-left:0px;--awb-flex-wrap:wrap;\" ><div class=\"fusion-builder-row fusion-row fusion-flex-align-items-flex-start fusion-flex-content-wrap\" style=\"width:104% !important;max-width:104% !important;margin-left: calc(-4% \/ 2 );margin-right: calc(-4% \/ 2 );\"><div class=\"fusion-layout-column fusion_builder_column fusion-builder-column-32 fusion_builder_column_1_1 1_1 fusion-flex-column\" style=\"--awb-bg-size:cover;--awb-width-large:100%;--awb-flex-grow:0;--awb-flex-shrink:0;--awb-margin-top-large:0px;--awb-spacing-right-large:1.92%;--awb-margin-bottom-large:20px;--awb-spacing-left-large:1.92%;--awb-width-medium:100%;--awb-order-medium:0;--awb-flex-grow-medium:0;--awb-flex-shrink-medium:0;--awb-spacing-right-medium:1.92%;--awb-spacing-left-medium:1.92%;--awb-width-small:100%;--awb-order-small:0;--awb-flex-grow-small:0;--awb-flex-shrink-small:0;--awb-spacing-right-small:1.92%;--awb-spacing-left-small:1.92%;\" data-scroll-devices=\"small-visibility,medium-visibility,large-visibility\"><div class=\"fusion-column-wrapper fusion-column-has-shadow fusion-flex-justify-content-center fusion-content-layout-row fusion-flex-align-items-center\"><div class=\"fusion-image-element \" style=\"--awb-max-width:190px;--awb-caption-title-font-family:var(--h2_typography-font-family);--awb-caption-title-font-weight:var(--h2_typography-font-weight);--awb-caption-title-font-style:var(--h2_typography-font-style);--awb-caption-title-size:var(--h2_typography-font-size);--awb-caption-title-transform:var(--h2_typography-text-transform);--awb-caption-title-line-height:var(--h2_typography-line-height);--awb-caption-title-letter-spacing:var(--h2_typography-letter-spacing);\"><span class=\" fusion-imageframe imageframe-none imageframe-32 hover-type-none logo-pais\"><a class=\"fusion-no-lightbox\" href=\"https:\/\/www.godominicanrepublic.com\/\" target=\"_blank\" rel=\"noopener noreferrer\"><img decoding=\"async\" width=\"250\" height=\"101\" src=\"https:\/\/www.visitcentroamerica.com\/wp-content\/uploads\/2025\/03\/Republca-Dominicana-Logo-2024.webp\" alt class=\"img-responsive wp-image-7013\" srcset=\"https:\/\/www.visitcentroamerica.com\/wp-content\/uploads\/2025\/03\/Republca-Dominicana-Logo-2024-200x81.webp 200w, https:\/\/www.visitcentroamerica.com\/wp-content\/uploads\/2025\/03\/Republca-Dominicana-Logo-2024.webp 250w\" sizes=\"(max-width: 640px) 100vw, 250px\" \/><\/a><\/span><\/div><div class=\"fusion-image-element \" style=\"--awb-caption-title-font-family:var(--h2_typography-font-family);--awb-caption-title-font-weight:var(--h2_typography-font-weight);--awb-caption-title-font-style:var(--h2_typography-font-style);--awb-caption-title-size:var(--h2_typography-font-size);--awb-caption-title-transform:var(--h2_typography-text-transform);--awb-caption-title-line-height:var(--h2_typography-line-height);--awb-caption-title-letter-spacing:var(--h2_typography-letter-spacing);\"><span class=\" fusion-imageframe imageframe-none imageframe-33 hover-type-none logo-pais\"><a class=\"fusion-no-lightbox\" href=\"https:\/\/catacentroamerica.com\" target=\"_blank\" rel=\"noopener noreferrer\"><img decoding=\"async\" width=\"249\" height=\"161\" src=\"https:\/\/www.visitcentroamerica.com\/wp-content\/uploads\/2025\/03\/CATA-logo.webp\" alt class=\"img-responsive wp-image-7009\" srcset=\"https:\/\/www.visitcentroamerica.com\/wp-content\/uploads\/2025\/03\/CATA-logo-200x129.webp 200w, https:\/\/www.visitcentroamerica.com\/wp-content\/uploads\/2025\/03\/CATA-logo.webp 249w\" sizes=\"(max-width: 640px) 100vw, 249px\" \/><\/a><\/span><\/div><div class=\"fusion-image-element \" style=\"--awb-caption-title-font-family:var(--h2_typography-font-family);--awb-caption-title-font-weight:var(--h2_typography-font-weight);--awb-caption-title-font-style:var(--h2_typography-font-style);--awb-caption-title-size:var(--h2_typography-font-size);--awb-caption-title-transform:var(--h2_typography-text-transform);--awb-caption-title-line-height:var(--h2_typography-line-height);--awb-caption-title-letter-spacing:var(--h2_typography-letter-spacing);\"><span class=\" fusion-imageframe imageframe-none imageframe-34 hover-type-none logo-pais\"><a class=\"fusion-no-lightbox\" href=\"https:\/\/fedecatur.ca\/\" target=\"_blank\" rel=\"noopener noreferrer\"><img decoding=\"async\" width=\"288\" height=\"161\" src=\"https:\/\/www.visitcentroamerica.com\/wp-content\/uploads\/2025\/03\/Fedecatur-logo.webp\" alt class=\"img-responsive wp-image-7008\" srcset=\"https:\/\/www.visitcentroamerica.com\/wp-content\/uploads\/2025\/03\/Fedecatur-logo-200x112.webp 200w, https:\/\/www.visitcentroamerica.com\/wp-content\/uploads\/2025\/03\/Fedecatur-logo.webp 288w\" sizes=\"(max-width: 640px) 100vw, 288px\" \/><\/a><\/span><\/div><div class=\"fusion-image-element \" style=\"--awb-caption-title-font-family:var(--h2_typography-font-family);--awb-caption-title-font-weight:var(--h2_typography-font-weight);--awb-caption-title-font-style:var(--h2_typography-font-style);--awb-caption-title-size:var(--h2_typography-font-size);--awb-caption-title-transform:var(--h2_typography-text-transform);--awb-caption-title-line-height:var(--h2_typography-line-height);--awb-caption-title-letter-spacing:var(--h2_typography-letter-spacing);\"><span class=\" fusion-imageframe imageframe-none imageframe-35 hover-type-none logo-pais\"><a class=\"fusion-no-lightbox\" href=\"https:\/\/www.sica.int\/\" target=\"_blank\" rel=\"noopener noreferrer\"><img decoding=\"async\" width=\"260\" height=\"100\" src=\"https:\/\/www.visitcentroamerica.com\/wp-content\/uploads\/2025\/03\/SICA-logo.webp\" alt class=\"img-responsive wp-image-7007\" srcset=\"https:\/\/www.visitcentroamerica.com\/wp-content\/uploads\/2025\/03\/SICA-logo-200x77.webp 200w, https:\/\/www.visitcentroamerica.com\/wp-content\/uploads\/2025\/03\/SICA-logo.webp 260w\" sizes=\"(max-width: 640px) 100vw, 260px\" \/><\/a><\/span><\/div><\/div><\/div><\/div><\/div>\n<\/p>\n","protected":false},"excerpt":{"rendered":"","protected":false},"author":1,"featured_media":0,"parent":0,"menu_order":0,"comment_status":"closed","ping_status":"closed","template":"100-width.php","meta":{"_acf_changed":false,"footnotes":""},"class_list":["post-18059","page","type-page","status-publish","hentry"],"acf":[],"yoast_head":"<!-- This site is optimized with the Yoast SEO Premium plugin v27.3 (Yoast SEO v27.3) - https:\/\/yoast.com\/product\/yoast-seo-premium-wordpress\/ -->\n<title>What to See in Central America | Unmissable Places<\/title>\n<meta name=\"description\" content=\"Discover what to see in Central America and the Dominican Republic: volcanoes, beaches, Mayan ruins, and colonial cities in an unforgettable journey.\" \/>\n<meta name=\"robots\" content=\"index, follow, max-snippet:-1, max-image-preview:large, max-video-preview:-1\" \/>\n<link rel=\"canonical\" href=\"https:\/\/www.visitcentroamerica.com\/en\/what-to-see\/\" \/>\n<meta property=\"og:locale\" content=\"en_US\" \/>\n<meta property=\"og:type\" content=\"article\" \/>\n<meta property=\"og:title\" content=\"What to see\" \/>\n<meta property=\"og:description\" content=\"Discover what to see in Central America and the Dominican Republic: volcanoes, beaches, Mayan ruins, and colonial cities in an unforgettable journey.\" \/>\n<meta property=\"og:url\" content=\"https:\/\/www.visitcentroamerica.com\/en\/what-to-see\/\" \/>\n<meta property=\"og:site_name\" content=\"CATA\" \/>\n<meta property=\"article:publisher\" content=\"https:\/\/www.facebook.com\/visitcentroamerica\/\" \/>\n<meta property=\"article:modified_time\" content=\"2025-08-07T07:31:14+00:00\" \/>\n<meta property=\"og:image\" content=\"https:\/\/www.visitcentroamerica.com\/wp-content\/uploads\/2025\/04\/Centroamerica-Default-Image.webp\" \/>\n\t<meta property=\"og:image:width\" content=\"1200\" \/>\n\t<meta property=\"og:image:height\" content=\"675\" \/>\n\t<meta property=\"og:image:type\" content=\"image\/webp\" \/>\n<meta name=\"twitter:card\" content=\"summary_large_image\" \/>\n<meta name=\"twitter:site\" content=\"@visitcentroamer\" \/>\n<meta name=\"twitter:label1\" content=\"Est. reading time\" \/>\n\t<meta name=\"twitter:data1\" content=\"8 minutes\" \/>\n<script type=\"application\/ld+json\" class=\"yoast-schema-graph\">{\"@context\":\"https:\\\/\\\/schema.org\",\"@graph\":[{\"@type\":\"WebPage\",\"@id\":\"https:\\\/\\\/www.visitcentroamerica.com\\\/en\\\/what-to-see\\\/\",\"url\":\"https:\\\/\\\/www.visitcentroamerica.com\\\/en\\\/what-to-see\\\/\",\"name\":\"What to See in Central America | Unmissable Places\",\"isPartOf\":{\"@id\":\"https:\\\/\\\/www.visitcentroamerica.com\\\/en\\\/#website\"},\"datePublished\":\"2025-04-08T02:05:10+00:00\",\"dateModified\":\"2025-08-07T07:31:14+00:00\",\"description\":\"Discover what to see in Central America and the Dominican Republic: volcanoes, beaches, Mayan ruins, and colonial cities in an unforgettable journey.\",\"breadcrumb\":{\"@id\":\"https:\\\/\\\/www.visitcentroamerica.com\\\/en\\\/what-to-see\\\/#breadcrumb\"},\"inLanguage\":\"en-US\",\"potentialAction\":[{\"@type\":\"ReadAction\",\"target\":[\"https:\\\/\\\/www.visitcentroamerica.com\\\/en\\\/what-to-see\\\/\"]}]},{\"@type\":\"BreadcrumbList\",\"@id\":\"https:\\\/\\\/www.visitcentroamerica.com\\\/en\\\/what-to-see\\\/#breadcrumb\",\"itemListElement\":[{\"@type\":\"ListItem\",\"position\":1,\"name\":\"Home\",\"item\":\"https:\\\/\\\/www.visitcentroamerica.com\\\/en\\\/\"},{\"@type\":\"ListItem\",\"position\":2,\"name\":\"What to see\"}]},{\"@type\":\"WebSite\",\"@id\":\"https:\\\/\\\/www.visitcentroamerica.com\\\/en\\\/#website\",\"url\":\"https:\\\/\\\/www.visitcentroamerica.com\\\/en\\\/\",\"name\":\"Centroam\u00e9rica\",\"description\":\"Descubre lo mejor de Centroam\u00e9rica y Rep\u00fablica Dominicana: playas, cultura, aventura y naturaleza en un solo destino. \u00a1Planifica tu viaje hoy!\",\"publisher\":{\"@id\":\"https:\\\/\\\/www.visitcentroamerica.com\\\/en\\\/#organization\"},\"alternateName\":\"CATA\",\"potentialAction\":[{\"@type\":\"SearchAction\",\"target\":{\"@type\":\"EntryPoint\",\"urlTemplate\":\"https:\\\/\\\/www.visitcentroamerica.com\\\/en\\\/?s={search_term_string}\"},\"query-input\":{\"@type\":\"PropertyValueSpecification\",\"valueRequired\":true,\"valueName\":\"search_term_string\"}}],\"inLanguage\":\"en-US\"},{\"@type\":\"Organization\",\"@id\":\"https:\\\/\\\/www.visitcentroamerica.com\\\/en\\\/#organization\",\"name\":\"CATA\",\"alternateName\":\"Central America Tourism Agency\",\"url\":\"https:\\\/\\\/www.visitcentroamerica.com\\\/en\\\/\",\"logo\":{\"@type\":\"ImageObject\",\"inLanguage\":\"en-US\",\"@id\":\"https:\\\/\\\/www.visitcentroamerica.com\\\/en\\\/#\\\/schema\\\/logo\\\/image\\\/\",\"url\":\"https:\\\/\\\/www.visitcentroamerica.com\\\/wp-content\\\/uploads\\\/2025\\\/04\\\/Centroamerica.webp\",\"contentUrl\":\"https:\\\/\\\/www.visitcentroamerica.com\\\/wp-content\\\/uploads\\\/2025\\\/04\\\/Centroamerica.webp\",\"width\":628,\"height\":150,\"caption\":\"CATA\"},\"image\":{\"@id\":\"https:\\\/\\\/www.visitcentroamerica.com\\\/en\\\/#\\\/schema\\\/logo\\\/image\\\/\"},\"sameAs\":[\"https:\\\/\\\/www.facebook.com\\\/visitcentroamerica\\\/\",\"https:\\\/\\\/x.com\\\/visitcentroamer\",\"https:\\\/\\\/www.instagram.com\\\/visita_centroamerica\\\/\",\"https:\\\/\\\/www.youtube.com\\\/channel\\\/UCFergHI4sj_fgjqPV5867Lg\"],\"description\":\"En CATA trabajamos de la mano con el sector p\u00fablico y privado de la industria tur\u00edstica de Centroam\u00e9rica para posicionar al istmo como un multidestino en los mercados europeos, as\u00ed como la oferta tur\u00edstica de la Rep\u00fablica Dominicana y as\u00ed fortalecer las capacidades, destrezas y habilidades del tejido empresarial e institucional.\",\"email\":\"info@catacentroamerica.com\",\"telephone\":\"+503 2248-6924\",\"legalName\":\"Agencia de Promoci\u00f3n Tur\u00edstica de Centroam\u00e9rica - CATA\",\"foundingDate\":\"2003-04-23\",\"numberOfEmployees\":{\"@type\":\"QuantitativeValue\",\"minValue\":\"11\",\"maxValue\":\"50\"}}]}<\/script>\n<!-- \/ Yoast SEO Premium plugin. -->","yoast_head_json":{"title":"What to See in Central America | Unmissable Places","description":"Discover what to see in Central America and the Dominican Republic: volcanoes, beaches, Mayan ruins, and colonial cities in an unforgettable journey.","robots":{"index":"index","follow":"follow","max-snippet":"max-snippet:-1","max-image-preview":"max-image-preview:large","max-video-preview":"max-video-preview:-1"},"canonical":"https:\/\/www.visitcentroamerica.com\/en\/what-to-see\/","og_locale":"en_US","og_type":"article","og_title":"What to see","og_description":"Discover what to see in Central America and the Dominican Republic: volcanoes, beaches, Mayan ruins, and colonial cities in an unforgettable journey.","og_url":"https:\/\/www.visitcentroamerica.com\/en\/what-to-see\/","og_site_name":"CATA","article_publisher":"https:\/\/www.facebook.com\/visitcentroamerica\/","article_modified_time":"2025-08-07T07:31:14+00:00","og_image":[{"width":1200,"height":675,"url":"https:\/\/www.visitcentroamerica.com\/wp-content\/uploads\/2025\/04\/Centroamerica-Default-Image.webp","type":"image\/webp"}],"twitter_card":"summary_large_image","twitter_site":"@visitcentroamer","twitter_misc":{"Est. reading time":"8 minutes"},"schema":{"@context":"https:\/\/schema.org","@graph":[{"@type":"WebPage","@id":"https:\/\/www.visitcentroamerica.com\/en\/what-to-see\/","url":"https:\/\/www.visitcentroamerica.com\/en\/what-to-see\/","name":"What to See in Central America | Unmissable Places","isPartOf":{"@id":"https:\/\/www.visitcentroamerica.com\/en\/#website"},"datePublished":"2025-04-08T02:05:10+00:00","dateModified":"2025-08-07T07:31:14+00:00","description":"Discover what to see in Central America and the Dominican Republic: volcanoes, beaches, Mayan ruins, and colonial cities in an unforgettable journey.","breadcrumb":{"@id":"https:\/\/www.visitcentroamerica.com\/en\/what-to-see\/#breadcrumb"},"inLanguage":"en-US","potentialAction":[{"@type":"ReadAction","target":["https:\/\/www.visitcentroamerica.com\/en\/what-to-see\/"]}]},{"@type":"BreadcrumbList","@id":"https:\/\/www.visitcentroamerica.com\/en\/what-to-see\/#breadcrumb","itemListElement":[{"@type":"ListItem","position":1,"name":"Home","item":"https:\/\/www.visitcentroamerica.com\/en\/"},{"@type":"ListItem","position":2,"name":"What to see"}]},{"@type":"WebSite","@id":"https:\/\/www.visitcentroamerica.com\/en\/#website","url":"https:\/\/www.visitcentroamerica.com\/en\/","name":"Centroam\u00e9rica","description":"Descubre lo mejor de Centroam\u00e9rica y Rep\u00fablica Dominicana: playas, cultura, aventura y naturaleza en un solo destino. \u00a1Planifica tu viaje hoy!","publisher":{"@id":"https:\/\/www.visitcentroamerica.com\/en\/#organization"},"alternateName":"CATA","potentialAction":[{"@type":"SearchAction","target":{"@type":"EntryPoint","urlTemplate":"https:\/\/www.visitcentroamerica.com\/en\/?s={search_term_string}"},"query-input":{"@type":"PropertyValueSpecification","valueRequired":true,"valueName":"search_term_string"}}],"inLanguage":"en-US"},{"@type":"Organization","@id":"https:\/\/www.visitcentroamerica.com\/en\/#organization","name":"CATA","alternateName":"Central America Tourism Agency","url":"https:\/\/www.visitcentroamerica.com\/en\/","logo":{"@type":"ImageObject","inLanguage":"en-US","@id":"https:\/\/www.visitcentroamerica.com\/en\/#\/schema\/logo\/image\/","url":"https:\/\/www.visitcentroamerica.com\/wp-content\/uploads\/2025\/04\/Centroamerica.webp","contentUrl":"https:\/\/www.visitcentroamerica.com\/wp-content\/uploads\/2025\/04\/Centroamerica.webp","width":628,"height":150,"caption":"CATA"},"image":{"@id":"https:\/\/www.visitcentroamerica.com\/en\/#\/schema\/logo\/image\/"},"sameAs":["https:\/\/www.facebook.com\/visitcentroamerica\/","https:\/\/x.com\/visitcentroamer","https:\/\/www.instagram.com\/visita_centroamerica\/","https:\/\/www.youtube.com\/channel\/UCFergHI4sj_fgjqPV5867Lg"],"description":"En CATA trabajamos de la mano con el sector p\u00fablico y privado de la industria tur\u00edstica de Centroam\u00e9rica para posicionar al istmo como un multidestino en los mercados europeos, as\u00ed como la oferta tur\u00edstica de la Rep\u00fablica Dominicana y as\u00ed fortalecer las capacidades, destrezas y habilidades del tejido empresarial e institucional.","email":"info@catacentroamerica.com","telephone":"+503 2248-6924","legalName":"Agencia de Promoci\u00f3n Tur\u00edstica de Centroam\u00e9rica - CATA","foundingDate":"2003-04-23","numberOfEmployees":{"@type":"QuantitativeValue","minValue":"11","maxValue":"50"}}]}},"_links":{"self":[{"href":"https:\/\/www.visitcentroamerica.com\/en\/wp-json\/wp\/v2\/pages\/18059","targetHints":{"allow":["GET"]}}],"collection":[{"href":"https:\/\/www.visitcentroamerica.com\/en\/wp-json\/wp\/v2\/pages"}],"about":[{"href":"https:\/\/www.visitcentroamerica.com\/en\/wp-json\/wp\/v2\/types\/page"}],"author":[{"embeddable":true,"href":"https:\/\/www.visitcentroamerica.com\/en\/wp-json\/wp\/v2\/users\/1"}],"replies":[{"embeddable":true,"href":"https:\/\/www.visitcentroamerica.com\/en\/wp-json\/wp\/v2\/comments?post=18059"}],"version-history":[{"count":10,"href":"https:\/\/www.visitcentroamerica.com\/en\/wp-json\/wp\/v2\/pages\/18059\/revisions"}],"predecessor-version":[{"id":19894,"href":"https:\/\/www.visitcentroamerica.com\/en\/wp-json\/wp\/v2\/pages\/18059\/revisions\/19894"}],"wp:attachment":[{"href":"https:\/\/www.visitcentroamerica.com\/en\/wp-json\/wp\/v2\/media?parent=18059"}],"curies":[{"name":"wp","href":"https:\/\/api.w.org\/{rel}","templated":true}]}}